{"id":1347,"date":"2025-09-03T09:11:39","date_gmt":"2025-09-03T09:11:39","guid":{"rendered":"https:\/\/pbnlitigation.ie\/?page_id=1347"},"modified":"2025-09-03T09:11:39","modified_gmt":"2025-09-03T09:11:39","slug":"e-scooter-injury-claim","status":"publish","type":"page","link":"https:\/\/pbnlitigation.ie\/pt\/personal-injury\/road-traffic-accident-claim\/e-scooter-injury-claim\/","title":{"rendered":"Pedido de indemniza\u00e7\u00e3o por acidente com trotinetes el\u00e9tricas*"},"content":{"rendered":"<p><div class=\"fusion-fullwidth fullwidth-box fusion-builder-row-1 fusion-flex-container has-pattern-background has-mask-background nonhundred-percent-fullwidth non-hundred-percent-height-scrolling\" style=\"--awb-border-radius-top-left:0px;--awb-border-radius-top-right:0px;--awb-border-radius-bottom-right:0px;--awb-border-radius-bottom-left:0px;--awb-padding-top:50px;--awb-background-color:#ffffff;--awb-flex-wrap:wrap;\" ><div class=\"fusion-builder-row fusion-row fusion-flex-align-items-flex-start fusion-flex-content-wrap\" style=\"max-width:1216.8px;margin-left: calc(-4% \/ 2 );margin-right: calc(-4% \/ 2 );\"><div class=\"fusion-layout-column fusion_builder_column fusion-builder-column-0 fusion_builder_column_1_1 1_1 fusion-flex-column\" style=\"--awb-bg-size:cover;--awb-width-large:100%;--awb-margin-top-large:0px;--awb-spacing-right-large:1.92%;--awb-margin-bottom-large:0px;--awb-spacing-left-large:1.92%;--awb-width-medium:100%;--awb-order-medium:0;--awb-spacing-right-medium:1.92%;--awb-spacing-left-medium:1.92%;--awb-width-small:100%;--awb-order-small:0;--awb-spacing-right-small:1.92%;--awb-spacing-left-small:1.92%;\"><div class=\"fusion-column-wrapper fusion-column-has-shadow fusion-flex-justify-content-flex-start fusion-content-layout-column\"><div class=\"fusion-text fusion-text-1\"><p>Uma reclama\u00e7\u00e3o por ferimentos causados por trotinete el\u00e9trica* procura compensa\u00e7\u00e3o pelos efeitos do acidente de via\u00e7\u00e3o na sua vida. A indemniza\u00e7\u00e3o destina-se a <a href=\"https:\/\/pbnlitigation.ie\/pt\/personal-injury\/\">danos corporais<\/a> sofreu um acidente que n\u00e3o foi inteiramente da sua culpa enquanto andava numa trotinete el\u00e9trica.<\/p>\n<p>Todos os utentes da estrada t\u00eam um dever de dilig\u00eancia para com os outros utentes. Poder\u00e1 ter direito a uma indemniza\u00e7\u00e3o* se violarem esse dever de dilig\u00eancia ao conduzir de forma perigosa e causarem ferimentos pessoais.<\/p>\n<p>Reclama os efeitos atuais e futuros das les\u00f5es nos tecidos moles, do membro partido ou dos danos nos nervos sofridos no <a href=\"https:\/\/pbnlitigation.ie\/pt\/personal-injury\/road-traffic-accident-claim\/\">acidente de via\u00e7\u00e3o<\/a> envolvendo uma trotinete el\u00e9trica.<\/p>\n<p>Os advogados de indemniza\u00e7\u00f5es por danos pessoais da PBN Litigation em Dublin podem apresentar a sua reclama\u00e7\u00e3o de indemniza\u00e7\u00e3o* se sofrer um acidente de trotinete el\u00e9trica, quer seja como condutor ou como pe\u00e3o.<\/p>\n<\/div><\/div><\/div><\/div><\/div><div class=\"fusion-fullwidth fullwidth-box fusion-builder-row-2 fusion-flex-container has-pattern-background has-mask-background nonhundred-percent-fullwidth non-hundred-percent-height-scrolling\" style=\"--awb-border-radius-top-left:0px;--awb-border-radius-top-right:0px;--awb-border-radius-bottom-right:0px;--awb-border-radius-bottom-left:0px;--awb-flex-wrap:wrap;\" ><div class=\"fusion-builder-row fusion-row fusion-flex-align-items-flex-start fusion-flex-content-wrap\" style=\"max-width:1216.8px;margin-left: calc(-4% \/ 2 );margin-right: calc(-4% \/ 2 );\"><div class=\"fusion-layout-column fusion_builder_column fusion-builder-column-1 fusion_builder_column_1_1 1_1 fusion-flex-column\" style=\"--awb-bg-size:cover;--awb-width-large:100%;--awb-margin-top-large:0px;--awb-spacing-right-large:1.92%;--awb-margin-bottom-large:0px;--awb-spacing-left-large:1.92%;--awb-width-medium:100%;--awb-order-medium:0;--awb-spacing-right-medium:1.92%;--awb-spacing-left-medium:1.92%;--awb-width-small:100%;--awb-order-small:0;--awb-spacing-right-small:1.92%;--awb-spacing-left-small:1.92%;\"><div class=\"fusion-column-wrapper fusion-column-has-shadow fusion-flex-justify-content-flex-start fusion-content-layout-column\"><div class=\"fusion-title title fusion-title-1 fusion-title-text fusion-title-size-three\" style=\"--awb-margin-top-small:0px;--awb-margin-right-small:0px;--awb-margin-bottom-small:20px;--awb-margin-left-small:0px;\"><div class=\"title-sep-container title-sep-container-left fusion-no-large-visibility fusion-no-medium-visibility fusion-no-small-visibility\"><div class=\"title-sep sep- sep-solid\" style=\"border-color:var(--awb-color3);\"><\/div><\/div><span class=\"awb-title-spacer fusion-no-large-visibility fusion-no-medium-visibility fusion-no-small-visibility\"><\/span><h3 class=\"fusion-title-heading title-heading-left\" style=\"margin:0;text-transform:uppercase;\">\u00cdndice<\/h3><span class=\"awb-title-spacer\"><\/span><div class=\"title-sep-container title-sep-container-right\"><div class=\"title-sep sep- sep-solid\" style=\"border-color:var(--awb-color3);\"><\/div><\/div><\/div><div class=\"awb-toc-el awb-toc-el--1\" data-awb-toc-id=\"1\" data-awb-toc-options=\"{&quot;allowed_heading_tags&quot;:{&quot;h2&quot;:0,&quot;h3&quot;:1},&quot;ignore_headings&quot;:&quot;&quot;,&quot;ignore_headings_words&quot;:&quot;Table of Content|Contact Us Today|What if the e-scooter accident is partly my fault?|Common causes of road traffic accidents:|Common injuries in road traffic accidents:|&quot;,&quot;enable_cache&quot;:&quot;yes&quot;,&quot;highlight_current_heading&quot;:&quot;no&quot;,&quot;hide_hidden_titles&quot;:&quot;yes&quot;,&quot;limit_container&quot;:&quot;all&quot;,&quot;select_custom_headings&quot;:&quot;&quot;,&quot;icon&quot;:&quot;fa-angle-right fas&quot;,&quot;counter_type&quot;:&quot;custom_icon&quot;}\" style=\"--awb-counter-color:var(--awb-color7);\"><div class=\"awb-toc-el__content\"><ul class=\"awb-toc-el__list awb-toc-el__list--0\"><li class=\"awb-toc-el__list-item\"><a class=\"awb-toc-el__item-anchor\" href=\"#toc_What_is_an_escooter_injury_claim\"><span class=\"awb-toc-el__item-icon fa-angle-right fas\"><\/span>O que \u00e9 uma reclama\u00e7\u00e3o por acidente com trotinetes el\u00e9tricas*?<\/a><\/li><li class=\"awb-toc-el__list-item\"><a class=\"awb-toc-el__item-anchor\" href=\"#toc_Common_escooter_injury_claims\"><span class=\"awb-toc-el__item-icon fa-angle-right fas\"><\/span>Reclama\u00e7\u00f5es comuns por les\u00f5es em trotinetes el\u00e9tricas*<\/a><ul class=\"awb-toc-el__list awb-toc-el__list--1\"><li class=\"awb-toc-el__list-item\"><a class=\"awb-toc-el__item-anchor\" href=\"#toc_Broken_leg_when_knocked_off_the_escooter\"><span class=\"awb-toc-el__item-icon fa-angle-right fas\"><\/span>Perna partida ao ser derrubado da trotinete el\u00e9trica<\/a><\/li><li class=\"awb-toc-el__list-item\"><a class=\"awb-toc-el__item-anchor\" href=\"#toc_Soft_tissue_injuries_when_hit_by_an_escooter\"><span class=\"awb-toc-el__item-icon fa-angle-right fas\"><\/span>Les\u00f5es de tecidos moles ao ser atingido por uma trotinete el\u00e9trica<\/a><\/li><li class=\"awb-toc-el__list-item\"><a class=\"awb-toc-el__item-anchor\" href=\"#toc_Head_injury_when_hit_by_a_car_door\"><span class=\"awb-toc-el__item-icon fa-angle-right fas\"><\/span>Ferimento na cabe\u00e7a ao ser atingido pela abertura de uma porta de carro numa rua movimentada<\/a><\/li><li class=\"awb-toc-el__list-item\"><a class=\"awb-toc-el__item-anchor\" href=\"#toc_Fatal_injury_if_clipped_by_a_bus_when\"><span class=\"awb-toc-el__item-icon fa-angle-right fas\"><\/span>Ferimento fatal se for abalroado por um autocarro numa trotinete el\u00e9trica<\/a><\/li><li class=\"awb-toc-el__list-item\"><a class=\"awb-toc-el__item-anchor\" href=\"#toc_Head_neck_and_shoulder_injuries_in_an_escooter\"><span class=\"awb-toc-el__item-icon fa-angle-right fas\"><\/span>Ferimentos na cabe\u00e7a, pesco\u00e7o e ombros num acidente de trotinetes el\u00e9tricas<\/a><\/li><\/ul><\/li><li class=\"awb-toc-el__list-item\"><a class=\"awb-toc-el__item-anchor\" href=\"#toc_Compensation_for_an_escooter_injury_in_Ireland\"><span class=\"awb-toc-el__item-icon fa-angle-right fas\"><\/span>Indemniza\u00e7\u00e3o por les\u00e3o com trotinetes el\u00e9ctricas na Irlanda<\/a><\/li><li class=\"awb-toc-el__list-item\"><a class=\"awb-toc-el__item-anchor\" href=\"#toc_Evidence_to_gather_after_an_escooter_accident\"><span class=\"awb-toc-el__item-icon fa-angle-right fas\"><\/span>Provas a recolher ap\u00f3s um acidente de trotinetes el\u00e9tricas<\/a><\/li><li class=\"awb-toc-el__list-item\"><a class=\"awb-toc-el__item-anchor\" href=\"#toc_Road_Traffic_Accident_Claims_in_Ireland\"><span class=\"awb-toc-el__item-icon fa-angle-right fas\"><\/span>Reclama\u00e7\u00f5es por Acidentes de Via\u00e7\u00e3o na Irlanda<\/a><\/li><li class=\"awb-toc-el__list-item\"><a class=\"awb-toc-el__item-anchor\" href=\"#toc_Start_your_personal_injury_claim_today\"><span class=\"awb-toc-el__item-icon fa-angle-right fas\"><\/span>Inicie a sua reclama\u00e7\u00e3o por ferimentos pessoais hoje<\/a><\/li><\/ul><\/div><\/div><\/div><\/div><\/div><\/div><div id=\"what\" class=\"fusion-container-anchor\"><div class=\"fusion-fullwidth fullwidth-box fusion-builder-row-3 fusion-flex-container has-pattern-background has-mask-background nonhundred-percent-fullwidth non-hundred-percent-height-scrolling\" style=\"--awb-border-radius-top-left:0px;--awb-border-radius-top-right:0px;--awb-border-radius-bottom-right:0px;--awb-border-radius-bottom-left:0px;--awb-background-color:#ffffff;--awb-flex-wrap:wrap;\" ><div class=\"fusion-builder-row fusion-row fusion-flex-align-items-flex-start fusion-flex-content-wrap\" style=\"max-width:1216.8px;margin-left: calc(-4% \/ 2 );margin-right: calc(-4% \/ 2 );\"><div class=\"fusion-layout-column fusion_builder_column fusion-builder-column-2 fusion_builder_column_1_1 1_1 fusion-flex-column\" style=\"--awb-bg-size:cover;--awb-width-large:100%;--awb-margin-top-large:0px;--awb-spacing-right-large:1.92%;--awb-margin-bottom-large:0px;--awb-spacing-left-large:1.92%;--awb-width-medium:100%;--awb-order-medium:0;--awb-spacing-right-medium:1.92%;--awb-spacing-left-medium:1.92%;--awb-width-small:100%;--awb-order-small:0;--awb-spacing-right-small:1.92%;--awb-spacing-left-small:1.92%;\"><div class=\"fusion-column-wrapper fusion-column-has-shadow fusion-flex-justify-content-flex-start fusion-content-layout-column\"><div class=\"fusion-title title fusion-title-2 fusion-title-text fusion-title-size-two\" style=\"--awb-margin-top-small:0px;--awb-margin-right-small:0px;--awb-margin-bottom-small:20px;--awb-margin-left-small:0px;\"><div class=\"title-sep-container title-sep-container-left fusion-no-large-visibility fusion-no-medium-visibility fusion-no-small-visibility\"><div class=\"title-sep sep- sep-solid\" style=\"border-color:var(--awb-color3);\"><\/div><\/div><span class=\"awb-title-spacer fusion-no-large-visibility fusion-no-medium-visibility fusion-no-small-visibility\"><\/span><h2 class=\"fusion-title-heading title-heading-left\" style=\"margin:0;text-transform:uppercase;\">O que \u00e9 uma reclama\u00e7\u00e3o por acidente com trotinetes el\u00e9tricas*?<\/h2><span class=\"awb-title-spacer\"><\/span><div class=\"title-sep-container title-sep-container-right\"><div class=\"title-sep sep- sep-solid\" style=\"border-color:var(--awb-color3);\"><\/div><\/div><\/div><div class=\"fusion-text fusion-text-2\"><p><span style=\"font-weight: 400;\">Uma reclama\u00e7\u00e3o de indemniza\u00e7\u00e3o por acidente com trotinetes el\u00e9tricas* \u00e9 o processo legal para obter compensa\u00e7\u00e3o por ferimentos num acidente enquanto conduzia uma trotinete el\u00e9trica ou se for atingido por uma enquanto pe\u00e3o. Reclama a indemniza\u00e7\u00e3o para cobrir os seus custos e perdas, bem como a dor e o sofrimento causados pelo acidente de via\u00e7\u00e3o.<\/span><\/p>\n<p><span style=\"font-weight: 400;\">Na Irlanda, no ano passado, o n\u00famero de colis\u00f5es envolvendo uma trotineta el\u00e9trica aumentou em 41%, passando de 123 para 174 acidentes. Houve um <\/span><a href=\"https:\/\/www.rte.ie\/news\/primetime\/2024\/0802\/1463170-e-scooters-collision-concerns-remain-despite-new-legal-certainty\/\"><span style=\"font-weight: 400;\">117%: aumento dos acidentes graves,<\/span><\/a><span style=\"font-weight: 400;\"> incluindo acidentes mortais, com os n\u00fameros a variarem entre 18 e 39 incidentes rodovi\u00e1rios graves envolvendo trotinetes el\u00e9tricos. As vendas de trotinetes el\u00e9tricos em algumas lojas de Dublin registaram um aumento superior a 100%, o que levou a um maior n\u00famero de trotinetes el\u00e9tricos nas estradas e a mais acidentes envolvendo este tipo de ve\u00edculo.\u00a0<\/span><\/p>\n<p><span style=\"font-weight: 400;\">Se sofrer les\u00f5es corporais ao ser atropelado por uma trotinete el\u00e9trica, poder\u00e1 ter direito a uma indemniza\u00e7\u00e3o*. Quando um carro ou um autocarro o atinge enquanto anda de trotinete el\u00e9trica, tamb\u00e9m poder\u00e1 sofrer ferimentos e apresentar uma reclama\u00e7\u00e3o por danos causados por trotinete el\u00e9trica*.<\/span><\/p>\n<p><span style=\"font-weight: 400;\">Os PBN Litigation Solicitors analisar\u00e3o os detalhes do seu caso para verificar se tem uma reclama\u00e7\u00e3o de indemniza\u00e7\u00e3o* v\u00e1lida por ferimentos causados por trotinetes el\u00e9tricas*.<\/span><\/p>\n<\/div><\/div><\/div><\/div><\/div><\/div><div class=\"fusion-fullwidth fullwidth-box fusion-builder-row-4 fusion-flex-container has-pattern-background has-mask-background nonhundred-percent-fullwidth non-hundred-percent-height-scrolling\" style=\"--awb-border-radius-top-left:0px;--awb-border-radius-top-right:0px;--awb-border-radius-bottom-right:0px;--awb-border-radius-bottom-left:0px;--awb-background-color:var(--awb-color5);--awb-flex-wrap:wrap;\" ><div class=\"fusion-builder-row fusion-row fusion-flex-align-items-flex-start fusion-flex-content-wrap\" style=\"max-width:1216.8px;margin-left: calc(-4% \/ 2 );margin-right: calc(-4% \/ 2 );\"><div class=\"fusion-layout-column fusion_builder_column fusion-builder-column-3 fusion_builder_column_1_1 1_1 fusion-flex-column\" style=\"--awb-bg-size:cover;--awb-width-large:100%;--awb-margin-top-large:0px;--awb-spacing-right-large:1.92%;--awb-margin-bottom-large:0px;--awb-spacing-left-large:1.92%;--awb-width-medium:100%;--awb-order-medium:0;--awb-spacing-right-medium:1.92%;--awb-spacing-left-medium:1.92%;--awb-width-small:100%;--awb-order-small:0;--awb-spacing-right-small:1.92%;--awb-spacing-left-small:1.92%;\"><div class=\"fusion-column-wrapper fusion-column-has-shadow fusion-flex-justify-content-flex-start fusion-content-layout-column\"><div class=\"fusion-title title fusion-title-3 fusion-title-center fusion-title-text fusion-title-size-four\" style=\"--awb-text-color:var(--awb-color1);--awb-margin-top-small:0px;--awb-margin-right-small:0px;--awb-margin-bottom-small:20px;--awb-margin-left-small:0px;\"><div class=\"title-sep-container title-sep-container-left\"><div class=\"title-sep sep- sep-solid\" style=\"border-color:var(--awb-color3);\"><\/div><\/div><span class=\"awb-title-spacer\"><\/span><h4 class=\"fusion-title-heading title-heading-center\" style=\"margin:0;text-transform:uppercase;\"><span style=\"font-weight: 400;\">PBN<\/span> os solicitadores trabalham consigo para obter a indemniza\u00e7\u00e3o que merece.<\/h4><span class=\"awb-title-spacer\"><\/span><div class=\"title-sep-container title-sep-container-right\"><div class=\"title-sep sep- sep-solid\" style=\"border-color:var(--awb-color3);\"><\/div><\/div><\/div><div class=\"fusion-text fusion-text-3\" style=\"--awb-text-color:var(--awb-color1);\"><p style=\"text-align: center;\">Orgulhamo-nos de retirar o stresse do contencioso por danos pessoais, fornecendo um servi\u00e7o dedicado ao cliente.<\/p>\n<\/div><div style=\"text-align:center;\"><a class=\"fusion-button button-flat fusion-button-default-size button-custom fusion-button-default button-1 fusion-button-default-span fusion-button-default-type\" style=\"--button_accent_color:var(--awb-color5);--button_border_color:var(--awb-color5);--button_accent_hover_color:var(--awb-color1);--button_border_hover_color:var(--awb-color1);--button_gradient_top_color:var(--awb-color1);--button_gradient_bottom_color:var(--awb-color1);--button_gradient_top_color_hover:hsla(var(--awb-color5-h),calc(var(--awb-color5-s) - 2%),calc(var(--awb-color5-l) - 7%),var(--awb-color5-a));--button_gradient_bottom_color_hover:hsla(var(--awb-color5-h),calc(var(--awb-color5-s) - 2%),calc(var(--awb-color5-l) - 7%),var(--awb-color5-a));\" target=\"_self\" href=\"https:\/\/pbnlitigation.ie\/pt\/claim-assessment\/\"><span class=\"fusion-button-text awb-button__text awb-button__text--default\">INICIAR AVALIA\u00c7\u00c3O DO PEDIDO DE INDEMNIZA\u00c7\u00c3O*<\/span><\/a><\/div><\/div><\/div><\/div><\/div>\n<div id=\"common\" class=\"fusion-container-anchor\"><div class=\"fusion-fullwidth fullwidth-box fusion-builder-row-5 fusion-flex-container has-pattern-background has-mask-background nonhundred-percent-fullwidth non-hundred-percent-height-scrolling\" style=\"--awb-border-radius-top-left:0px;--awb-border-radius-top-right:0px;--awb-border-radius-bottom-right:0px;--awb-border-radius-bottom-left:0px;--awb-padding-bottom:0px;--awb-flex-wrap:wrap;\" ><div class=\"fusion-builder-row fusion-row fusion-flex-align-items-flex-start fusion-flex-content-wrap\" style=\"max-width:1216.8px;margin-left: calc(-4% \/ 2 );margin-right: calc(-4% \/ 2 );\"><div class=\"fusion-layout-column fusion_builder_column fusion-builder-column-4 fusion_builder_column_1_1 1_1 fusion-flex-column\" style=\"--awb-bg-size:cover;--awb-width-large:100%;--awb-margin-top-large:0px;--awb-spacing-right-large:1.92%;--awb-margin-bottom-large:0px;--awb-spacing-left-large:1.92%;--awb-width-medium:100%;--awb-order-medium:0;--awb-spacing-right-medium:1.92%;--awb-spacing-left-medium:1.92%;--awb-width-small:100%;--awb-order-small:0;--awb-spacing-right-small:1.92%;--awb-spacing-left-small:1.92%;\"><div class=\"fusion-column-wrapper fusion-column-has-shadow fusion-flex-justify-content-flex-start fusion-content-layout-column\"><div class=\"fusion-title title fusion-title-4 fusion-title-text fusion-title-size-two\" style=\"--awb-margin-top-small:0px;--awb-margin-right-small:0px;--awb-margin-bottom-small:20px;--awb-margin-left-small:0px;\"><div class=\"title-sep-container title-sep-container-left fusion-no-large-visibility fusion-no-medium-visibility fusion-no-small-visibility\"><div class=\"title-sep sep- sep-solid\" style=\"border-color:var(--awb-color3);\"><\/div><\/div><span class=\"awb-title-spacer fusion-no-large-visibility fusion-no-medium-visibility fusion-no-small-visibility\"><\/span><h2 class=\"fusion-title-heading title-heading-left\" style=\"margin:0;text-transform:uppercase;\">Reclama\u00e7\u00f5es comuns por les\u00f5es em trotinetes el\u00e9tricas*<\/h2><span class=\"awb-title-spacer\"><\/span><div class=\"title-sep-container title-sep-container-right\"><div class=\"title-sep sep- sep-solid\" style=\"border-color:var(--awb-color3);\"><\/div><\/div><\/div><div class=\"fusion-text fusion-text-4\"><p>As indemniza\u00e7\u00f5es comuns por les\u00f5es* relacionadas com trotinetes el\u00e9tricas variam desde ferimentos na cabe\u00e7a ao ser embatido por um motociclo na rotunda, at\u00e9 ser atropelado enquanto pe\u00e3o por uma trotinete el\u00e9trica no cruzamento perto da escola.<\/p>\n<p>Um acidente de trotinetes el\u00e9tricas pode ter impacto na sua vida atual, podendo reclamar indemniza\u00e7\u00e3o pela perda de rendimentos para o agregado familiar, bem como pelas dores resultantes de ossos partidos e outras les\u00f5es.<\/p>\n<p>As reclama\u00e7\u00f5es de indemniza\u00e7\u00e3o por acidentes com trotinetes el\u00e9tricas comuns* na Irlanda:<\/p>\n<\/div><ul style=\"--awb-margin-bottom:25px;--awb-line-height:27.2px;--awb-icon-width:27.2px;--awb-icon-height:27.2px;--awb-icon-margin:11.2px;--awb-content-margin:38.4px;\" class=\"fusion-checklist fusion-checklist-1 fusion-checklist-default type-icons\"><li class=\"fusion-li-item\" style=\"\"><span class=\"icon-wrapper circle-no\"><i class=\"fusion-li-icon fa-angle-right fas\" aria-hidden=\"true\"><\/i><\/span><div class=\"fusion-li-item-content\">Perna partida ao ser derrubado da trotinete el\u00e9trica<\/div><\/li><li class=\"fusion-li-item\" style=\"\"><span class=\"icon-wrapper circle-no\"><i class=\"fusion-li-icon fa-angle-right fas\" aria-hidden=\"true\"><\/i><\/span><div class=\"fusion-li-item-content\">\n<p>Les\u00f5es de tecidos moles ao ser atingido por uma trotinete el\u00e9trica<\/p>\n<\/div><\/li><li class=\"fusion-li-item\" style=\"\"><span class=\"icon-wrapper circle-no\"><i class=\"fusion-li-icon fa-angle-right fas\" aria-hidden=\"true\"><\/i><\/span><div class=\"fusion-li-item-content\">\n<p>Ferimento na cabe\u00e7a ao ser atingido pela abertura de uma porta de carro numa rua movimentada<\/p>\n<\/div><\/li><li class=\"fusion-li-item\" style=\"\"><span class=\"icon-wrapper circle-no\"><i class=\"fusion-li-icon fa-angle-right fas\" aria-hidden=\"true\"><\/i><\/span><div class=\"fusion-li-item-content\">\n<p>Ferimento fatal ap\u00f3s ser colhido por um autocarro enquanto andava de trotinet el\u00e9trica<\/p>\n<\/div><\/li><li class=\"fusion-li-item\" style=\"\"><span class=\"icon-wrapper circle-no\"><i class=\"fusion-li-icon fa-angle-right fas\" aria-hidden=\"true\"><\/i><\/span><div class=\"fusion-li-item-content\">\n<p>Ferimentos na cabe\u00e7a, pesco\u00e7o e ombros num acidente de trotinetes el\u00e9tricas<\/p>\n<\/div><\/li><\/ul><\/div><\/div><\/div><\/div><\/div><div id=\"car\" class=\"fusion-container-anchor\"><div class=\"fusion-fullwidth fullwidth-box fusion-builder-row-6 fusion-flex-container has-pattern-background has-mask-background nonhundred-percent-fullwidth non-hundred-percent-height-scrolling\" style=\"--awb-border-radius-top-left:0px;--awb-border-radius-top-right:0px;--awb-border-radius-bottom-right:0px;--awb-border-radius-bottom-left:0px;--awb-padding-top:0px;--awb-padding-bottom:20px;--awb-flex-wrap:wrap;\" ><div class=\"fusion-builder-row fusion-row fusion-flex-align-items-flex-start fusion-flex-content-wrap\" style=\"max-width:1216.8px;margin-left: calc(-4% \/ 2 );margin-right: calc(-4% \/ 2 );\"><div class=\"fusion-layout-column fusion_builder_column fusion-builder-column-5 fusion_builder_column_1_1 1_1 fusion-flex-column\" style=\"--awb-padding-top:20px;--awb-padding-right:30px;--awb-padding-left:30px;--awb-bg-color:#ffffff;--awb-bg-color-hover:#ffffff;--awb-bg-size:cover;--awb-width-large:100%;--awb-margin-top-large:0px;--awb-spacing-right-large:1.92%;--awb-margin-bottom-large:0px;--awb-spacing-left-large:1.92%;--awb-width-medium:100%;--awb-order-medium:0;--awb-spacing-right-medium:1.92%;--awb-spacing-left-medium:1.92%;--awb-width-small:100%;--awb-order-small:0;--awb-spacing-right-small:1.92%;--awb-spacing-left-small:1.92%;\" data-scroll-devices=\"small-visibility,medium-visibility,large-visibility\"><div class=\"fusion-column-wrapper fusion-column-has-shadow fusion-flex-justify-content-flex-start fusion-content-layout-column\"><div class=\"fusion-title title fusion-title-5 fusion-title-text fusion-title-size-three\" style=\"--awb-margin-top-small:0px;--awb-margin-right-small:0px;--awb-margin-bottom-small:20px;--awb-margin-left-small:0px;\"><div class=\"title-sep-container title-sep-container-left fusion-no-large-visibility fusion-no-medium-visibility fusion-no-small-visibility\"><div class=\"title-sep sep- sep-solid\" style=\"border-color:var(--awb-color3);\"><\/div><\/div><span class=\"awb-title-spacer fusion-no-large-visibility fusion-no-medium-visibility fusion-no-small-visibility\"><\/span><h3 class=\"fusion-title-heading title-heading-left\" style=\"margin:0;text-transform:uppercase;\">Perna partida ao ser derrubado da trotinete el\u00e9trica<\/h3><span class=\"awb-title-spacer\"><\/span><div class=\"title-sep-container title-sep-container-right\"><div class=\"title-sep sep- sep-solid\" style=\"border-color:var(--awb-color3);\"><\/div><\/div><\/div><div class=\"fusion-text fusion-text-5\"><p>Uma fratura na perna ao cair da trotineta el\u00e9trica pode acontecer a caminho do trabalho de manh\u00e3 ou ao seu filho quando regressa da escola \u00e0 tarde.<\/p>\n<p>Um condutor de trotinet el\u00e9trica tem pouca prote\u00e7\u00e3o quando \u00e9 atingido por um carro, uma bicicleta ou at\u00e9 mesmo um pe\u00e3o. O condutor da trotinet el\u00e9trica pode ser projetado para o ch\u00e3o e partir facilmente uma perna ou outro osso do corpo.<\/p>\n<p>O condutor da trotinete el\u00e9trica pode apresentar uma indemniza\u00e7\u00e3o por danos pessoais* pela perna partida num acidente com outro utilizador da estrada.<\/p>\n<\/div><\/div><\/div><\/div><\/div><\/div><div id=\"minor\" class=\"fusion-container-anchor\"><div class=\"fusion-fullwidth fullwidth-box fusion-builder-row-7 fusion-flex-container has-pattern-background has-mask-background nonhundred-percent-fullwidth non-hundred-percent-height-scrolling\" style=\"--awb-border-radius-top-left:0px;--awb-border-radius-top-right:0px;--awb-border-radius-bottom-right:0px;--awb-border-radius-bottom-left:0px;--awb-padding-top:0px;--awb-padding-bottom:20px;--awb-flex-wrap:wrap;\" ><div class=\"fusion-builder-row fusion-row fusion-flex-align-items-flex-start fusion-flex-content-wrap\" style=\"max-width:1216.8px;margin-left: calc(-4% \/ 2 );margin-right: calc(-4% \/ 2 );\"><div class=\"fusion-layout-column fusion_builder_column fusion-builder-column-6 fusion_builder_column_1_1 1_1 fusion-flex-column\" style=\"--awb-padding-top:20px;--awb-padding-right:30px;--awb-padding-left:30px;--awb-bg-color:#ffffff;--awb-bg-color-hover:#ffffff;--awb-bg-size:cover;--awb-width-large:100%;--awb-margin-top-large:0px;--awb-spacing-right-large:1.92%;--awb-margin-bottom-large:0px;--awb-spacing-left-large:1.92%;--awb-width-medium:100%;--awb-order-medium:0;--awb-spacing-right-medium:1.92%;--awb-spacing-left-medium:1.92%;--awb-width-small:100%;--awb-order-small:0;--awb-spacing-right-small:1.92%;--awb-spacing-left-small:1.92%;\" data-scroll-devices=\"small-visibility,medium-visibility,large-visibility\"><div class=\"fusion-column-wrapper fusion-column-has-shadow fusion-flex-justify-content-flex-start fusion-content-layout-column\"><div class=\"fusion-title title fusion-title-6 fusion-title-text fusion-title-size-three\" style=\"--awb-margin-top-small:0px;--awb-margin-right-small:0px;--awb-margin-bottom-small:20px;--awb-margin-left-small:0px;\"><div class=\"title-sep-container title-sep-container-left fusion-no-large-visibility fusion-no-medium-visibility fusion-no-small-visibility\"><div class=\"title-sep sep- sep-solid\" style=\"border-color:var(--awb-color3);\"><\/div><\/div><span class=\"awb-title-spacer fusion-no-large-visibility fusion-no-medium-visibility fusion-no-small-visibility\"><\/span><h3 class=\"fusion-title-heading title-heading-left\" style=\"margin:0;text-transform:uppercase;\">Les\u00f5es de tecidos moles ao ser atingido por uma trotinete el\u00e9trica<\/h3><span class=\"awb-title-spacer\"><\/span><div class=\"title-sep-container title-sep-container-right\"><div class=\"title-sep sep- sep-solid\" style=\"border-color:var(--awb-color3);\"><\/div><\/div><\/div><div class=\"fusion-text fusion-text-6\"><p>Os ferimentos em tecidos moles quando atingido por uma trotinete el\u00e9trica s\u00e3o vistos em todos os condados na Irlanda. O pedestre a dar um passeio ou a crian\u00e7a a ir para a escola s\u00e3o todos vulner\u00e1veis a estarem envolvidos em acidentes com trotinetes el\u00e9tricas.<\/p>\n<p>Tipos de acidentes envolvendo uma trotinete el\u00e9trica:<\/p>\n<\/div><ul style=\"--awb-line-height:27.2px;--awb-icon-width:27.2px;--awb-icon-height:27.2px;--awb-icon-margin:11.2px;--awb-content-margin:38.4px;\" class=\"fusion-checklist fusion-checklist-2 fusion-checklist-default type-icons\"><li class=\"fusion-li-item\" style=\"\"><span class=\"icon-wrapper circle-no\"><i class=\"fusion-li-icon fa-angle-right fas\" aria-hidden=\"true\"><\/i><\/span><div class=\"fusion-li-item-content\">Pe\u00e3o atropelado por trotinete el\u00e9trica em excesso de velocidade num passeio movimentado<\/div><\/li><li class=\"fusion-li-item\" style=\"\"><span class=\"icon-wrapper circle-no\"><i class=\"fusion-li-icon fa-angle-right fas\" aria-hidden=\"true\"><\/i><\/span><div class=\"fusion-li-item-content\">\n<p>Crian\u00e7a atingida por trotinete el\u00e9trica que n\u00e3o parou no sinal vermelho<\/p>\n<\/div><\/li><li class=\"fusion-li-item\" style=\"\"><span class=\"icon-wrapper circle-no\"><i class=\"fusion-li-icon fa-angle-right fas\" aria-hidden=\"true\"><\/i><\/span><div class=\"fusion-li-item-content\">\n<p>Idoso atropelado por trotinete el\u00e9trica ao atravessar a estrada<\/p>\n<\/div><\/li><\/ul><div class=\"fusion-text fusion-text-7\" style=\"--awb-margin-top:10px;\"><p>Uma trotinete el\u00e9trica deve abrandar nos cruzamentos rodovi\u00e1rios e n\u00e3o deve circular num passeio movimentado. Na Irlanda, \u00e9 agora ilegal conduzir uma trotinete el\u00e9trica no passeio.<\/p>\n<p>Pode ter direito a uma indemniza\u00e7\u00e3o por qualquer les\u00e3o dos tecidos moles quando atingido por uma trotineta el\u00e9trica.<\/p>\n<\/div><\/div><\/div><\/div><\/div><\/div><div id=\"parking\" class=\"fusion-container-anchor\"><div class=\"fusion-fullwidth fullwidth-box fusion-builder-row-8 fusion-flex-container has-pattern-background has-mask-background nonhundred-percent-fullwidth non-hundred-percent-height-scrolling\" style=\"--awb-border-radius-top-left:0px;--awb-border-radius-top-right:0px;--awb-border-radius-bottom-right:0px;--awb-border-radius-bottom-left:0px;--awb-padding-top:0px;--awb-padding-bottom:20px;--awb-flex-wrap:wrap;\" ><div class=\"fusion-builder-row fusion-row fusion-flex-align-items-flex-start fusion-flex-content-wrap\" style=\"max-width:1216.8px;margin-left: calc(-4% \/ 2 );margin-right: calc(-4% \/ 2 );\"><div class=\"fusion-layout-column fusion_builder_column fusion-builder-column-7 fusion_builder_column_1_1 1_1 fusion-flex-column\" style=\"--awb-padding-top:20px;--awb-padding-right:30px;--awb-padding-left:30px;--awb-bg-color:#ffffff;--awb-bg-color-hover:#ffffff;--awb-bg-size:cover;--awb-width-large:100%;--awb-margin-top-large:0px;--awb-spacing-right-large:1.92%;--awb-margin-bottom-large:0px;--awb-spacing-left-large:1.92%;--awb-width-medium:100%;--awb-order-medium:0;--awb-spacing-right-medium:1.92%;--awb-spacing-left-medium:1.92%;--awb-width-small:100%;--awb-order-small:0;--awb-spacing-right-small:1.92%;--awb-spacing-left-small:1.92%;\" data-scroll-devices=\"small-visibility,medium-visibility,large-visibility\"><div class=\"fusion-column-wrapper fusion-column-has-shadow fusion-flex-justify-content-flex-start fusion-content-layout-column\"><div class=\"fusion-title title fusion-title-7 fusion-title-text fusion-title-size-three\" style=\"--awb-margin-top-small:0px;--awb-margin-right-small:0px;--awb-margin-bottom-small:20px;--awb-margin-left-small:0px;\"><div class=\"title-sep-container title-sep-container-left fusion-no-large-visibility fusion-no-medium-visibility fusion-no-small-visibility\"><div class=\"title-sep sep- sep-solid\" style=\"border-color:var(--awb-color3);\"><\/div><\/div><span class=\"awb-title-spacer fusion-no-large-visibility fusion-no-medium-visibility fusion-no-small-visibility\"><\/span><h3 class=\"fusion-title-heading title-heading-left\" style=\"margin:0;text-transform:uppercase;\">Ferimento na cabe\u00e7a ao ser atingido pela abertura de uma porta de carro numa rua movimentada<\/h3><span class=\"awb-title-spacer\"><\/span><div class=\"title-sep-container title-sep-container-right\"><div class=\"title-sep sep- sep-solid\" style=\"border-color:var(--awb-color3);\"><\/div><\/div><\/div><div class=\"fusion-text fusion-text-8\"><p>A les\u00e3o na cabe\u00e7a ao ser atingido pela abertura da porta de um carro numa rua movimentada \u00e9 outra les\u00e3o comum observada nos servi\u00e7os de urg\u00eancia na Irlanda. O condutor ou passageiro n\u00e3o olha e abre a porta, abrindo a porta contra o condutor da trotinetes el\u00e9trica, atirando-o para a estrada.<\/p>\n<p>O condutor da trotinete el\u00e9trica pode ser projetado para o ch\u00e3o e sofrer uma les\u00e3o na cabe\u00e7a grave e outras les\u00f5es corporais que poder\u00e3o deixar o condutor da trotinete el\u00e9trica no hospital.<\/p>\n<p>Um capacete s\u00f3 oferece ao condutor da trotinete el\u00e9trica um determinado n\u00edvel de prote\u00e7\u00e3o, mas podem ocorrer les\u00f5es na cabe\u00e7a ao embater numa porta de carro.<\/p>\n<p>O condutor da trotinete el\u00e9trica pode apresentar um pedido de indemniza\u00e7\u00e3o* pelos danos pessoais.<\/p>\n<\/div><\/div><\/div><\/div><\/div><\/div><div id=\"fatal\" class=\"fusion-container-anchor\"><div class=\"fusion-fullwidth fullwidth-box fusion-builder-row-9 fusion-flex-container has-pattern-background has-mask-background nonhundred-percent-fullwidth non-hundred-percent-height-scrolling\" style=\"--awb-border-radius-top-left:0px;--awb-border-radius-top-right:0px;--awb-border-radius-bottom-right:0px;--awb-border-radius-bottom-left:0px;--awb-padding-top:0px;--awb-padding-bottom:20px;--awb-flex-wrap:wrap;\" ><div class=\"fusion-builder-row fusion-row fusion-flex-align-items-flex-start fusion-flex-content-wrap\" style=\"max-width:1216.8px;margin-left: calc(-4% \/ 2 );margin-right: calc(-4% \/ 2 );\"><div class=\"fusion-layout-column fusion_builder_column fusion-builder-column-8 fusion_builder_column_1_1 1_1 fusion-flex-column\" style=\"--awb-padding-top:20px;--awb-padding-right:30px;--awb-padding-left:30px;--awb-bg-color:#ffffff;--awb-bg-color-hover:#ffffff;--awb-bg-size:cover;--awb-width-large:100%;--awb-margin-top-large:0px;--awb-spacing-right-large:1.92%;--awb-margin-bottom-large:0px;--awb-spacing-left-large:1.92%;--awb-width-medium:100%;--awb-order-medium:0;--awb-spacing-right-medium:1.92%;--awb-spacing-left-medium:1.92%;--awb-width-small:100%;--awb-order-small:0;--awb-spacing-right-small:1.92%;--awb-spacing-left-small:1.92%;\" data-scroll-devices=\"small-visibility,medium-visibility,large-visibility\"><div class=\"fusion-column-wrapper fusion-column-has-shadow fusion-flex-justify-content-flex-start fusion-content-layout-column\"><div class=\"fusion-title title fusion-title-8 fusion-title-text fusion-title-size-three\" style=\"--awb-margin-top-small:0px;--awb-margin-right-small:0px;--awb-margin-bottom-small:20px;--awb-margin-left-small:0px;\"><div class=\"title-sep-container title-sep-container-left fusion-no-large-visibility fusion-no-medium-visibility fusion-no-small-visibility\"><div class=\"title-sep sep- sep-solid\" style=\"border-color:var(--awb-color3);\"><\/div><\/div><span class=\"awb-title-spacer fusion-no-large-visibility fusion-no-medium-visibility fusion-no-small-visibility\"><\/span><h3 class=\"fusion-title-heading title-heading-left\" style=\"margin:0;text-transform:uppercase;\">Ferimento fatal se for abalroado por um autocarro numa trotinete el\u00e9trica<\/h3><span class=\"awb-title-spacer\"><\/span><div class=\"title-sep-container title-sep-container-right\"><div class=\"title-sep sep- sep-solid\" style=\"border-color:var(--awb-color3);\"><\/div><\/div><\/div><div class=\"fusion-text fusion-text-9\"><p>Uma les\u00e3o fatal ao ser atingido por um autocarro numa trotinete el\u00e9trica pode acontecer muito facilmente numa rua movimentada. O condutor do autocarro pode afastar-se do passeio e embater na trotinete el\u00e9trica que passa ao lado, causando ferimentos fatais.<\/p>\n<p>A trotinete el\u00e9trica, atingida por um autocarro ou outro utente da estrada, tamb\u00e9m pode ser projetada para a frente de um carro ou cami\u00e3o, e o condutor poder\u00e1 perder a vida no acidente.<\/p>\n<p>Um autocarro podia tamb\u00e9m embater na trotinete el\u00e9trica e fazer com que o condutor da trotinete embatesse contra um muro ou no pavimento, causando um acidente fatal.<\/p>\n<p>O condutor vulner\u00e1vel de trotinetes el\u00e9tricas pode sofrer ferimentos fatais num acidente de via\u00e7\u00e3o e os dependentes podem apresentar uma indemniza\u00e7\u00e3o por danos pessoais*.<\/p>\n<\/div><\/div><\/div><\/div><\/div><\/div><div id=\"hit\" class=\"fusion-container-anchor\"><div class=\"fusion-fullwidth fullwidth-box fusion-builder-row-10 fusion-flex-container has-pattern-background has-mask-background nonhundred-percent-fullwidth non-hundred-percent-height-scrolling\" style=\"--awb-border-radius-top-left:0px;--awb-border-radius-top-right:0px;--awb-border-radius-bottom-right:0px;--awb-border-radius-bottom-left:0px;--awb-padding-top:0px;--awb-padding-bottom:20px;--awb-flex-wrap:wrap;\" ><div class=\"fusion-builder-row fusion-row fusion-flex-align-items-flex-start fusion-flex-content-wrap\" style=\"max-width:1216.8px;margin-left: calc(-4% \/ 2 );margin-right: calc(-4% \/ 2 );\"><div class=\"fusion-layout-column fusion_builder_column fusion-builder-column-9 fusion_builder_column_1_1 1_1 fusion-flex-column\" style=\"--awb-padding-top:20px;--awb-padding-right:30px;--awb-padding-left:30px;--awb-bg-color:#ffffff;--awb-bg-color-hover:#ffffff;--awb-bg-size:cover;--awb-width-large:100%;--awb-margin-top-large:0px;--awb-spacing-right-large:1.92%;--awb-margin-bottom-large:0px;--awb-spacing-left-large:1.92%;--awb-width-medium:100%;--awb-order-medium:0;--awb-spacing-right-medium:1.92%;--awb-spacing-left-medium:1.92%;--awb-width-small:100%;--awb-order-small:0;--awb-spacing-right-small:1.92%;--awb-spacing-left-small:1.92%;\" data-scroll-devices=\"small-visibility,medium-visibility,large-visibility\"><div class=\"fusion-column-wrapper fusion-column-has-shadow fusion-flex-justify-content-flex-start fusion-content-layout-column\"><div class=\"fusion-title title fusion-title-9 fusion-title-text fusion-title-size-three\" style=\"--awb-margin-top-small:0px;--awb-margin-right-small:0px;--awb-margin-bottom-small:20px;--awb-margin-left-small:0px;\"><div class=\"title-sep-container title-sep-container-left fusion-no-large-visibility fusion-no-medium-visibility fusion-no-small-visibility\"><div class=\"title-sep sep- sep-solid\" style=\"border-color:var(--awb-color3);\"><\/div><\/div><span class=\"awb-title-spacer fusion-no-large-visibility fusion-no-medium-visibility fusion-no-small-visibility\"><\/span><h3 class=\"fusion-title-heading title-heading-left\" style=\"margin:0;text-transform:uppercase;\">Ferimentos na cabe\u00e7a, pesco\u00e7o e ombros num acidente de trotinetes el\u00e9tricas<\/h3><span class=\"awb-title-spacer\"><\/span><div class=\"title-sep-container title-sep-container-right\"><div class=\"title-sep sep- sep-solid\" style=\"border-color:var(--awb-color3);\"><\/div><\/div><\/div><div class=\"fusion-text fusion-text-10\"><p>As les\u00f5es na cabe\u00e7a, pesco\u00e7o e ombros num acidente de trotinetes el\u00e9tricas podem ocorrer ao condutor da trotinete ou a um pedestre quando atingido na estrada ou no passeio.<\/p>\n<p>Tipos de acidentes que resultam em les\u00f5es na cabe\u00e7a, pesco\u00e7o e ombros:<\/p>\n<\/div><ul style=\"--awb-line-height:27.2px;--awb-icon-width:27.2px;--awb-icon-height:27.2px;--awb-icon-margin:11.2px;--awb-content-margin:38.4px;\" class=\"fusion-checklist fusion-checklist-3 fusion-checklist-default type-icons\"><li class=\"fusion-li-item\" style=\"\"><span class=\"icon-wrapper circle-no\"><i class=\"fusion-li-icon fa-angle-right fas\" aria-hidden=\"true\"><\/i><\/span><div class=\"fusion-li-item-content\">Pe\u00e3o atropelado por trotinete el\u00e9trica ao atravessar a estrada<\/div><\/li><li class=\"fusion-li-item\" style=\"\"><span class=\"icon-wrapper circle-no\"><i class=\"fusion-li-icon fa-angle-right fas\" aria-hidden=\"true\"><\/i><\/span><div class=\"fusion-li-item-content\">\n<p>Condutor de trotinetes el\u00e9tricas atingido por um motociclo vindo por tr\u00e1s num cruzamento<\/p>\n<\/div><\/li><li class=\"fusion-li-item\" style=\"\"><span class=\"icon-wrapper circle-no\"><i class=\"fusion-li-icon fa-angle-right fas\" aria-hidden=\"true\"><\/i><\/span><div class=\"fusion-li-item-content\">\n<p>Crian\u00e7a empurrada de uma trotinete el\u00e9trica por um pedestre num passeio<\/p>\n<\/div><\/li><\/ul><div class=\"fusion-text fusion-text-11\" style=\"--awb-margin-top:10px;\"><p>Pode apresentar uma reclama\u00e7\u00e3o por danos corporais num acidente com uma trotinetes el\u00e9trica.<\/p>\n<p>Os advogados de contencioso da PBN Litigation t\u00eam experi\u00eancia em lidar com pedidos de indemniza\u00e7\u00e3o por acidentes de trotinetes el\u00e9tricas* e podem ajud\u00e1-lo a obter uma indemniza\u00e7\u00e3o por qualquer dano pessoal sofrido.<\/p>\n<\/div><\/div><\/div><\/div><\/div><\/div><div id=\"do\" class=\"fusion-container-anchor\"><div class=\"fusion-fullwidth fullwidth-box fusion-builder-row-11 fusion-flex-container has-pattern-background has-mask-background nonhundred-percent-fullwidth non-hundred-percent-height-scrolling\" style=\"--awb-border-radius-top-left:0px;--awb-border-radius-top-right:0px;--awb-border-radius-bottom-right:0px;--awb-border-radius-bottom-left:0px;--awb-background-color:#ffffff;--awb-flex-wrap:wrap;\" ><div class=\"fusion-builder-row fusion-row fusion-flex-align-items-flex-start fusion-flex-content-wrap\" style=\"max-width:1216.8px;margin-left: calc(-4% \/ 2 );margin-right: calc(-4% \/ 2 );\"><div class=\"fusion-layout-column fusion_builder_column fusion-builder-column-10 fusion_builder_column_1_1 1_1 fusion-flex-column\" style=\"--awb-bg-size:cover;--awb-width-large:100%;--awb-margin-top-large:0px;--awb-spacing-right-large:1.92%;--awb-margin-bottom-large:0px;--awb-spacing-left-large:1.92%;--awb-width-medium:100%;--awb-order-medium:0;--awb-spacing-right-medium:1.92%;--awb-spacing-left-medium:1.92%;--awb-width-small:100%;--awb-order-small:0;--awb-spacing-right-small:1.92%;--awb-spacing-left-small:1.92%;\"><div class=\"fusion-column-wrapper fusion-column-has-shadow fusion-flex-justify-content-flex-start fusion-content-layout-column\"><div class=\"fusion-title title fusion-title-10 fusion-title-text fusion-title-size-two\" style=\"--awb-margin-top-small:0px;--awb-margin-right-small:0px;--awb-margin-bottom-small:20px;--awb-margin-left-small:0px;\"><div class=\"title-sep-container title-sep-container-left fusion-no-large-visibility fusion-no-medium-visibility fusion-no-small-visibility\"><div class=\"title-sep sep- sep-solid\" style=\"border-color:var(--awb-color3);\"><\/div><\/div><span class=\"awb-title-spacer fusion-no-large-visibility fusion-no-medium-visibility fusion-no-small-visibility\"><\/span><h2 class=\"fusion-title-heading title-heading-left\" style=\"margin:0;text-transform:uppercase;\">Indemniza\u00e7\u00e3o por les\u00e3o com trotinetes el\u00e9ctricas na Irlanda<\/h2><span class=\"awb-title-spacer\"><\/span><div class=\"title-sep-container title-sep-container-right\"><div class=\"title-sep sep- sep-solid\" style=\"border-color:var(--awb-color3);\"><\/div><\/div><\/div><div class=\"fusion-text fusion-text-12\"><p>A indemniza\u00e7\u00e3o por ferimentos causados por uma trotinete el\u00e9trica na Irlanda pode abranger les\u00f5es nos tecidos moles, caso seja atingido por uma trotinete el\u00e9trica enquanto caminha, ou danos nos nervos, se for derrubado da trotinete num cruzamento rodovi\u00e1rio.<\/p>\n<p>Reclama-se pelos efeitos da les\u00e3o hoje e no futuro, tais como a necessidade de cuidados pessoais a tempo inteiro para o resto da vida ou uma perda de rendimentos para o agregado familiar e, em alguns casos, pela perda de um ente querido.<\/p>\n<p>A indemniza\u00e7\u00e3o atribu\u00edda na Irlanda por danos corporais varia consoante a les\u00e3o ou les\u00f5es sofridas, bem como as consequ\u00eancias da les\u00e3o ao andar de trotinete el\u00e9trica na sua capacidade para trabalhar e trazer rendimentos para casa.<\/p>\n<p>Uma les\u00e3o num caso de ferimentos pessoais pode causar dor, desconforto e stress emocional desnecess\u00e1rios. Poder\u00e1 passar tempo no hospital e ficar incapaz de trabalhar ou de cuidar de familiares a seu cargo.<\/p>\n<p>N\u00e3o existe uma indemniza\u00e7\u00e3o fixa \u00fanica para nenhuma reclama\u00e7\u00e3o por danos corporais*. Um advogado especializado em danos corporais s\u00f3 lhe pode dar uma ideia do que \u00e9 poss\u00edvel quando sofre les\u00f5es num acidente envolvendo uma trotinete el\u00e9trica.<\/p>\n<p>Com uma indemniza\u00e7\u00e3o por acidente devia\u00e7\u00e3o*, procura obter compensa\u00e7\u00e3o pelos efeitos da les\u00e3o ou les\u00f5es, tais como danos nos nervos do pesco\u00e7o ou ossos partidos na perna, na sua vida atual e futura.<\/p>\n<p>Os advogados de contencioso da PBN podem explicar como o processo funciona e como apresentar uma reclama\u00e7\u00e3o de indemniza\u00e7\u00e3o por danos pessoais.<\/p>\n<\/div><\/div><\/div><\/div><\/div><\/div><div id=\"compensation\" class=\"fusion-container-anchor\"><div class=\"fusion-fullwidth fullwidth-box fusion-builder-row-12 fusion-flex-container has-pattern-background has-mask-background nonhundred-percent-fullwidth non-hundred-percent-height-scrolling\" style=\"--awb-border-radius-top-left:0px;--awb-border-radius-top-right:0px;--awb-border-radius-bottom-right:0px;--awb-border-radius-bottom-left:0px;--awb-flex-wrap:wrap;\" ><div class=\"fusion-builder-row fusion-row fusion-flex-align-items-flex-start fusion-flex-content-wrap\" style=\"max-width:1216.8px;margin-left: calc(-4% \/ 2 );margin-right: calc(-4% \/ 2 );\"><div class=\"fusion-layout-column fusion_builder_column fusion-builder-column-11 fusion_builder_column_1_1 1_1 fusion-flex-column\" style=\"--awb-bg-size:cover;--awb-width-large:100%;--awb-margin-top-large:0px;--awb-spacing-right-large:1.92%;--awb-margin-bottom-large:0px;--awb-spacing-left-large:1.92%;--awb-width-medium:100%;--awb-order-medium:0;--awb-spacing-right-medium:1.92%;--awb-spacing-left-medium:1.92%;--awb-width-small:100%;--awb-order-small:0;--awb-spacing-right-small:1.92%;--awb-spacing-left-small:1.92%;\"><div class=\"fusion-column-wrapper fusion-column-has-shadow fusion-flex-justify-content-flex-start fusion-content-layout-column\"><div class=\"fusion-title title fusion-title-11 fusion-title-text fusion-title-size-three\" style=\"--awb-margin-top-small:0px;--awb-margin-right-small:0px;--awb-margin-bottom-small:20px;--awb-margin-left-small:0px;\"><div class=\"title-sep-container title-sep-container-left fusion-no-large-visibility fusion-no-medium-visibility fusion-no-small-visibility\"><div class=\"title-sep sep- sep-solid\" style=\"border-color:var(--awb-color3);\"><\/div><\/div><span class=\"awb-title-spacer fusion-no-large-visibility fusion-no-medium-visibility fusion-no-small-visibility\"><\/span><h3 class=\"fusion-title-heading title-heading-left\" style=\"margin:0;text-transform:uppercase;\">E se o acidente de trotinete el\u00e9trica for parcialmente culpa minha?<\/h3><span class=\"awb-title-spacer\"><\/span><div class=\"title-sep-container title-sep-container-right\"><div class=\"title-sep sep- sep-solid\" style=\"border-color:var(--awb-color3);\"><\/div><\/div><\/div><div class=\"fusion-text fusion-text-13\"><p>Se o acidente de trotinetes el\u00e9tricas for parcialmente culpa sua, ainda pode apresentar um pedido de indemniza\u00e7\u00e3o*. Qualquer pedido de indemniza\u00e7\u00e3o* por danos corporais analisa ambas as partes para verificar se partilham alguma da responsabilidade pelas les\u00f5es.<\/p>\n<p>Na Irlanda, existe o termo jur\u00eddico \u00abneglig\u00eancia contributiva\u00bb, que se refere ao grau de responsabilidade que cada um partilha pelo dano causado num acidente. Pode ser respons\u00e1vel em 35% pelo seu dano pessoal, mas o outro utente da estrada continuar\u00e1 a ser respons\u00e1vel em 65% pelo mesmo.<\/p>\n<p>Tipos de neglig\u00eancia contributiva em pedidos de indemniza\u00e7\u00e3o por ferimentos causados por trotinetes el\u00e9tricas*:<\/p>\n<\/div><ul style=\"--awb-line-height:27.2px;--awb-icon-width:27.2px;--awb-icon-height:27.2px;--awb-icon-margin:11.2px;--awb-content-margin:38.4px;\" class=\"fusion-checklist fusion-checklist-4 fusion-checklist-default type-icons\"><li class=\"fusion-li-item\" style=\"\"><span class=\"icon-wrapper circle-no\"><i class=\"fusion-li-icon fa-angle-right fas\" aria-hidden=\"true\"><\/i><\/span><div class=\"fusion-li-item-content\">Ser derrubado da trotinete el\u00e9trica por um pe\u00e3o enquanto circulava no passeio<\/div><\/li><li class=\"fusion-li-item\" style=\"\"><span class=\"icon-wrapper circle-no\"><i class=\"fusion-li-icon fa-angle-right fas\" aria-hidden=\"true\"><\/i><\/span><div class=\"fusion-li-item-content\">\n<p>O pe\u00e3o atropelado por uma trotinete el\u00e9trica ao entrar na estrada sem olhar<\/p>\n<\/div><\/li><li class=\"fusion-li-item\" style=\"\"><span class=\"icon-wrapper circle-no\"><i class=\"fusion-li-icon fa-angle-right fas\" aria-hidden=\"true\"><\/i><\/span><div class=\"fusion-li-item-content\">\n<p>Circular em excesso de velocidade numa trotinete el\u00e9trica quando \u00e9 aberto a porta de um carro estacionado<\/p>\n<\/div><\/li><\/ul><div class=\"fusion-text fusion-text-14\" style=\"--awb-margin-top:10px;\"><p>Poder\u00e1 ser parcialmente respons\u00e1vel pelo acidente, mas o condutor do outro autom\u00f3vel, o pe\u00e3o ou o ciclista podem partilhar de alguma culpa por n\u00e3o terem olhado ao pisar a rua ou por n\u00e3o terem olhado pelo espelho retrovisor antes de abrir a porta de um carro estacionado.<\/p>\n<p>Num caso de neglig\u00eancia concorrente, as duas partes podem acordar um n\u00edvel aceit\u00e1vel de culpa, e o montante da indemniza\u00e7\u00e3o ser\u00e1 reduzido pela percentagem acordada.<\/p>\n<p>Se o condutor da trotineta el\u00e9trica for considerado 40% culpado, a indemniza\u00e7\u00e3o que lhe \u00e9 devida ser\u00e1 reduzida em 40% no acordo final.<\/p>\n<p>Os advogados da PBN Litigation Solicitors podem ajudar a explicar e a tratar do seu caso de neglig\u00eancia contributiva num pedido de indemniza\u00e7\u00e3o por ferimentos causados por trotinetes el\u00e9tricas*.<\/p>\n<\/div><\/div><\/div><\/div><\/div><\/div><div class=\"fusion-fullwidth fullwidth-box fusion-builder-row-13 fusion-flex-container has-pattern-background has-mask-background nonhundred-percent-fullwidth non-hundred-percent-height-scrolling\" style=\"--awb-border-radius-top-left:0px;--awb-border-radius-top-right:0px;--awb-border-radius-bottom-right:0px;--awb-border-radius-bottom-left:0px;--awb-background-color:var(--awb-color5);--awb-flex-wrap:wrap;\" ><div class=\"fusion-builder-row fusion-row fusion-flex-align-items-flex-start fusion-flex-content-wrap\" style=\"max-width:1216.8px;margin-left: calc(-4% \/ 2 );margin-right: calc(-4% \/ 2 );\"><div class=\"fusion-layout-column fusion_builder_column fusion-builder-column-12 fusion_builder_column_1_1 1_1 fusion-flex-column\" style=\"--awb-bg-size:cover;--awb-width-large:100%;--awb-margin-top-large:0px;--awb-spacing-right-large:1.92%;--awb-margin-bottom-large:0px;--awb-spacing-left-large:1.92%;--awb-width-medium:100%;--awb-order-medium:0;--awb-spacing-right-medium:1.92%;--awb-spacing-left-medium:1.92%;--awb-width-small:100%;--awb-order-small:0;--awb-spacing-right-small:1.92%;--awb-spacing-left-small:1.92%;\"><div class=\"fusion-column-wrapper fusion-column-has-shadow fusion-flex-justify-content-flex-start fusion-content-layout-column\"><div class=\"fusion-title title fusion-title-12 fusion-title-center fusion-title-text fusion-title-size-four\" style=\"--awb-text-color:var(--awb-color1);--awb-margin-top-small:0px;--awb-margin-right-small:0px;--awb-margin-bottom-small:20px;--awb-margin-left-small:0px;\"><div class=\"title-sep-container title-sep-container-left\"><div class=\"title-sep sep- sep-solid\" style=\"border-color:var(--awb-color3);\"><\/div><\/div><span class=\"awb-title-spacer\"><\/span><h4 class=\"fusion-title-heading title-heading-center\" style=\"margin:0;text-transform:uppercase;\">Contacto <span style=\"font-weight: 400;\">PBN<\/span> solicitors hoje para todas as suas necessidades de indemniza\u00e7\u00e3o por danos pessoais.<\/h4><span class=\"awb-title-spacer\"><\/span><div class=\"title-sep-container title-sep-container-right\"><div class=\"title-sep sep- sep-solid\" style=\"border-color:var(--awb-color3);\"><\/div><\/div><\/div><div style=\"text-align:center;\"><a class=\"fusion-button button-flat fusion-button-default-size button-custom fusion-button-default button-2 fusion-button-default-span fusion-button-default-type\" style=\"--button_accent_color:var(--awb-color5);--button_border_color:var(--awb-color5);--button_accent_hover_color:var(--awb-color1);--button_border_hover_color:var(--awb-color1);--button_gradient_top_color:var(--awb-color1);--button_gradient_bottom_color:var(--awb-color1);--button_gradient_top_color_hover:hsla(var(--awb-color5-h),calc(var(--awb-color5-s) - 2%),calc(var(--awb-color5-l) - 7%),var(--awb-color5-a));--button_gradient_bottom_color_hover:hsla(var(--awb-color5-h),calc(var(--awb-color5-s) - 2%),calc(var(--awb-color5-l) - 7%),var(--awb-color5-a));\" target=\"_self\" href=\"https:\/\/pbnlitigation.ie\/pt\/claim-assessment\/\"><span class=\"fusion-button-text awb-button__text awb-button__text--default\">INICIAR AVALIA\u00c7\u00c3O DO PEDIDO DE INDEMNIZA\u00c7\u00c3O*<\/span><\/a><\/div><\/div><\/div><\/div><\/div>\n<div id=\"how-to\" class=\"fusion-container-anchor\"><div class=\"fusion-fullwidth fullwidth-box fusion-builder-row-14 fusion-flex-container has-pattern-background has-mask-background nonhundred-percent-fullwidth non-hundred-percent-height-scrolling\" style=\"--awb-border-radius-top-left:0px;--awb-border-radius-top-right:0px;--awb-border-radius-bottom-right:0px;--awb-border-radius-bottom-left:0px;--awb-background-color:#ffffff;--awb-flex-wrap:wrap;\" ><div class=\"fusion-builder-row fusion-row fusion-flex-align-items-flex-start fusion-flex-content-wrap\" style=\"max-width:1216.8px;margin-left: calc(-4% \/ 2 );margin-right: calc(-4% \/ 2 );\"><div class=\"fusion-layout-column fusion_builder_column fusion-builder-column-13 fusion_builder_column_1_1 1_1 fusion-flex-column\" style=\"--awb-bg-size:cover;--awb-width-large:100%;--awb-margin-top-large:0px;--awb-spacing-right-large:1.92%;--awb-margin-bottom-large:0px;--awb-spacing-left-large:1.92%;--awb-width-medium:100%;--awb-order-medium:0;--awb-spacing-right-medium:1.92%;--awb-spacing-left-medium:1.92%;--awb-width-small:100%;--awb-order-small:0;--awb-spacing-right-small:1.92%;--awb-spacing-left-small:1.92%;\"><div class=\"fusion-column-wrapper fusion-column-has-shadow fusion-flex-justify-content-flex-start fusion-content-layout-column\"><div class=\"fusion-title title fusion-title-13 fusion-title-text fusion-title-size-two\" style=\"--awb-margin-top-small:0px;--awb-margin-right-small:0px;--awb-margin-bottom-small:20px;--awb-margin-left-small:0px;\"><div class=\"title-sep-container title-sep-container-left fusion-no-large-visibility fusion-no-medium-visibility fusion-no-small-visibility\"><div class=\"title-sep sep- sep-solid\" style=\"border-color:var(--awb-color3);\"><\/div><\/div><span class=\"awb-title-spacer fusion-no-large-visibility fusion-no-medium-visibility fusion-no-small-visibility\"><\/span><h2 class=\"fusion-title-heading title-heading-left\" style=\"margin:0;text-transform:uppercase;\">Provas a recolher ap\u00f3s um acidente de trotinetes el\u00e9tricas<\/h2><span class=\"awb-title-spacer\"><\/span><div class=\"title-sep-container title-sep-container-right\"><div class=\"title-sep sep- sep-solid\" style=\"border-color:var(--awb-color3);\"><\/div><\/div><\/div><div class=\"fusion-text fusion-text-15\"><p>Se ficar ferido num acidente de trotinetadora el\u00e9trica, quer seja atropelado por uma ou como condutor de uma trotinetadora el\u00e9trica, deve recolher provas para ajudar em qualquer eventual reclama\u00e7\u00e3o. As provas podem ser muito importantes, especialmente num caso de Culpa Contributiva<\/p>\n<p>Provas a recolher se ficar ferido num acidente de trotinete el\u00e9trica:<\/p>\n<\/div><ul style=\"--awb-line-height:27.2px;--awb-icon-width:27.2px;--awb-icon-height:27.2px;--awb-icon-margin:11.2px;--awb-content-margin:38.4px;\" class=\"fusion-checklist fusion-checklist-5 fusion-checklist-default type-icons\"><li class=\"fusion-li-item\" style=\"\"><span class=\"icon-wrapper circle-no\"><i class=\"fusion-li-icon fa-angle-right fas\" aria-hidden=\"true\"><\/i><\/span><div class=\"fusion-li-item-content\">Obtenha os detalhes dos outros utentes da estrada envolvidos no acidente<\/div><\/li><li class=\"fusion-li-item\" style=\"\"><span class=\"icon-wrapper circle-no\"><i class=\"fusion-li-icon fa-angle-right fas\" aria-hidden=\"true\"><\/i><\/span><div class=\"fusion-li-item-content\">\n<p>Obtenha os dados da pessoa que lhe bateu na estrada ou no passeio<\/p>\n<\/div><\/li><li class=\"fusion-li-item\" style=\"\"><span class=\"icon-wrapper circle-no\"><i class=\"fusion-li-icon fa-angle-right fas\" aria-hidden=\"true\"><\/i><\/span><div class=\"fusion-li-item-content\">\n<p>Obter os detalhes de quaisquer testemunhas<\/p>\n<\/div><\/li><li class=\"fusion-li-item\" style=\"\"><span class=\"icon-wrapper circle-no\"><i class=\"fusion-li-icon fa-angle-right fas\" aria-hidden=\"true\"><\/i><\/span><div class=\"fusion-li-item-content\">\n<p>Tire fotografias da cena<\/p>\n<\/div><\/li><li class=\"fusion-li-item\" style=\"\"><span class=\"icon-wrapper circle-no\"><i class=\"fusion-li-icon fa-angle-right fas\" aria-hidden=\"true\"><\/i><\/span><div class=\"fusion-li-item-content\">\n<p>Tire fotografias de quaisquer ferimentos no local<\/p>\n<\/div><\/li><li class=\"fusion-li-item\" style=\"\"><span class=\"icon-wrapper circle-no\"><i class=\"fusion-li-icon fa-angle-right fas\" aria-hidden=\"true\"><\/i><\/span><div class=\"fusion-li-item-content\">\n<p>Tire fotografias de todos os outros ve\u00edculos e trotinetes el\u00e9tricas no local<\/p>\n<\/div><\/li><li class=\"fusion-li-item\" style=\"\"><span class=\"icon-wrapper circle-no\"><i class=\"fusion-li-icon fa-angle-right fas\" aria-hidden=\"true\"><\/i><\/span><div class=\"fusion-li-item-content\">\n<p>Obter imagens de CCTV, se dispon\u00edveis<\/p>\n<\/div><\/li><li class=\"fusion-li-item\" style=\"\"><span class=\"icon-wrapper circle-no\"><i class=\"fusion-li-icon fa-angle-right fas\" aria-hidden=\"true\"><\/i><\/span><div class=\"fusion-li-item-content\">\n<p>Chame uma ambul\u00e2ncia e obtenha o relat\u00f3rio m\u00e9dico<\/p>\n<\/div><\/li><li class=\"fusion-li-item\" style=\"\"><span class=\"icon-wrapper circle-no\"><i class=\"fusion-li-icon fa-angle-right fas\" aria-hidden=\"true\"><\/i><\/span><div class=\"fusion-li-item-content\">\n<p>Se necess\u00e1rio, chame a Guarda e obtenha uma c\u00f3pia do respetivo relat\u00f3rio do acidente<\/p>\n<\/div><\/li><\/ul><div class=\"fusion-text fusion-text-16\" style=\"--awb-margin-top:10px;\"><p><span style=\"font-weight: 400;\">As provas v\u00e3o ser cruciais, por isso guarde-as bem e fa\u00e7a c\u00f3pias, se poss\u00edvel.<\/span><\/p>\n<\/div><\/div><\/div><\/div><\/div><\/div><div id=\"long\" class=\"fusion-container-anchor\"><div class=\"fusion-fullwidth fullwidth-box fusion-builder-row-15 fusion-flex-container has-pattern-background has-mask-background nonhundred-percent-fullwidth non-hundred-percent-height-scrolling\" style=\"--awb-border-radius-top-left:0px;--awb-border-radius-top-right:0px;--awb-border-radius-bottom-right:0px;--awb-border-radius-bottom-left:0px;--awb-flex-wrap:wrap;\" ><div class=\"fusion-builder-row fusion-row fusion-flex-align-items-flex-start fusion-flex-content-wrap\" style=\"max-width:1216.8px;margin-left: calc(-4% \/ 2 );margin-right: calc(-4% \/ 2 );\"><div class=\"fusion-layout-column fusion_builder_column fusion-builder-column-14 fusion_builder_column_1_1 1_1 fusion-flex-column\" style=\"--awb-bg-size:cover;--awb-width-large:100%;--awb-margin-top-large:0px;--awb-spacing-right-large:1.92%;--awb-margin-bottom-large:0px;--awb-spacing-left-large:1.92%;--awb-width-medium:100%;--awb-order-medium:0;--awb-spacing-right-medium:1.92%;--awb-spacing-left-medium:1.92%;--awb-width-small:100%;--awb-order-small:0;--awb-spacing-right-small:1.92%;--awb-spacing-left-small:1.92%;\"><div class=\"fusion-column-wrapper fusion-column-has-shadow fusion-flex-justify-content-flex-start fusion-content-layout-column\"><div class=\"fusion-title title fusion-title-14 fusion-title-text fusion-title-size-two\" style=\"--awb-margin-top-small:0px;--awb-margin-right-small:0px;--awb-margin-bottom-small:20px;--awb-margin-left-small:0px;\"><div class=\"title-sep-container title-sep-container-left fusion-no-large-visibility fusion-no-medium-visibility fusion-no-small-visibility\"><div class=\"title-sep sep- sep-solid\" style=\"border-color:var(--awb-color3);\"><\/div><\/div><span class=\"awb-title-spacer fusion-no-large-visibility fusion-no-medium-visibility fusion-no-small-visibility\"><\/span><h2 class=\"fusion-title-heading title-heading-left\" style=\"margin:0;text-transform:uppercase;\">Reclama\u00e7\u00f5es por Acidentes de Via\u00e7\u00e3o na Irlanda<\/h2><span class=\"awb-title-spacer\"><\/span><div class=\"title-sep-container title-sep-container-right\"><div class=\"title-sep sep- sep-solid\" style=\"border-color:var(--awb-color3);\"><\/div><\/div><\/div><div class=\"fusion-text fusion-text-17\"><p>As indemniza\u00e7\u00f5es por acidentes de via\u00e7\u00e3o na Irlanda destinam-se a situa\u00e7\u00f5es em que sofreu ferimentos num acidente que n\u00e3o foi da sua culpa ou foi apenas parcialmente da sua culpa. Poder\u00e1 sofrer ferimentos como passageiro, condutor, ao utilizar uma trotinete el\u00e9trica, como ciclista ou pe\u00e3o, mas se ficar ferido ao utilizar a via p\u00fablica, poder\u00e1 ter direito a uma reclama\u00e7\u00e3o de indemniza\u00e7\u00e3o.<\/p>\n<p>Todos os utentes da estrada t\u00eam o dever de cuidado para com os outros utentes da estrada. Poder\u00e1 ter direito a uma indemniza\u00e7\u00e3o* se violarem esse dever de cuidado e lhe causarem ferimentos.<\/p>\n<\/div><div class=\"accordian fusion-accordian\" style=\"--awb-border-size:1px;--awb-icon-size:13px;--awb-content-font-size:var(--awb-typography3-font-size);--awb-icon-alignment:left;--awb-hover-color:hsla(var(--awb-color6-h),var(--awb-color6-s),calc( var(--awb-color6-l) + 58% ),var(--awb-color6-a));--awb-border-color:hsla(var(--awb-color6-h),var(--awb-color6-s),calc( var(--awb-color6-l) + 40% ),var(--awb-color6-a));--awb-background-color:var(--awb-color1);--awb-divider-color:var(--awb-color3);--awb-divider-hover-color:var(--awb-color3);--awb-icon-color:var(--awb-color1);--awb-title-color:var(--awb-color5);--awb-content-color:var(--awb-color6);--awb-icon-box-color:var(--awb-color7);--awb-toggle-hover-accent-color:var(--awb-color5);--awb-title-font-family:var(--awb-typography3-font-family);--awb-title-font-weight:var(--awb-typography3-font-weight);--awb-title-font-style:var(--awb-typography3-font-style);--awb-title-font-size:var(--awb-typography3-font-size);--awb-content-font-family:var(--awb-typography3-font-family);--awb-content-font-weight:var(--awb-typography3-font-weight);--awb-content-font-style:var(--awb-typography3-font-style);\"><div class=\"panel-group fusion-toggle-icon-boxed\" id=\"accordion-1347-1\"><div class=\"fusion-panel panel-default panel-7d42ef0842a6c30dd fusion-toggle-no-divider fusion-toggle-boxed-mode\" style=\"--awb-title-color:var(--awb-color5);--awb-content-color:var(--awb-color6);\"><div class=\"panel-heading\"><h3 class=\"panel-title toggle\" id=\"toggle_7d42ef0842a6c30dd\"><a aria-expanded=\"false\" aria-controls=\"7d42ef0842a6c30dd\" role=\"button\" data-toggle=\"collapse\" data-parent=\"#accordion-1347-1\" data-target=\"#7d42ef0842a6c30dd\" href=\"#7d42ef0842a6c30dd\"><span class=\"fusion-toggle-icon-wrapper\" aria-hidden=\"true\"><i class=\"fa-fusion-box active-icon awb-icon-minus\" aria-hidden=\"true\"><\/i><i class=\"fa-fusion-box inactive-icon awb-icon-plus\" aria-hidden=\"true\"><\/i><\/span><span class=\"fusion-toggle-heading\">Causas comuns de acidentes rodovi\u00e1rios:<\/span><\/a><\/h3><\/div><div id=\"7d42ef0842a6c30dd\" class=\"panel-collapse collapse\" aria-labelledby=\"toggle_7d42ef0842a6c30dd\"><div class=\"panel-body toggle-content fusion-clearfix\">\n<ul>\n<li style=\"font-weight: 400;\" aria-level=\"1\"><span style=\"font-weight: 400;\">Erro do condutor causa acidente rodovi\u00e1rio<\/span><\/li>\n<li style=\"font-weight: 400;\" aria-level=\"1\"><span style=\"font-weight: 400;\">Um carro avariado provoca um acidente na estrada<\/span><\/li>\n<li style=\"font-weight: 400;\" aria-level=\"1\"><span style=\"font-weight: 400;\">Um condutor imprudente causa o acidente<\/span><\/li>\n<li style=\"font-weight: 400;\" aria-level=\"1\"><span style=\"font-weight: 400;\">Um condutor embriagado causa o acidente de via\u00e7\u00e3o<\/span><\/li>\n<li style=\"font-weight: 400;\" aria-level=\"1\"><span style=\"font-weight: 400;\">Um pe\u00e3o na estrada ou algu\u00e9m que se p\u00f5e na estrada sem olhar<\/span><\/li>\n<li style=\"font-weight: 400;\" aria-level=\"1\"><span style=\"font-weight: 400;\">Uma trotinete el\u00e9trica no passeio<\/span><\/li>\n<li style=\"font-weight: 400;\" aria-level=\"1\"><span style=\"font-weight: 400;\">Passageiros abrem uma porta sem olhar<\/span><\/li>\n<\/ul>\n<\/div><\/div><\/div><div class=\"fusion-panel panel-default panel-ea1d4105115278ec8 fusion-toggle-no-divider fusion-toggle-boxed-mode\" style=\"--awb-title-color:var(--awb-color5);--awb-content-color:var(--awb-color6);\"><div class=\"panel-heading\"><h3 class=\"panel-title toggle\" id=\"toggle_ea1d4105115278ec8\"><a aria-expanded=\"false\" aria-controls=\"ea1d4105115278ec8\" role=\"button\" data-toggle=\"collapse\" data-parent=\"#accordion-1347-1\" data-target=\"#ea1d4105115278ec8\" href=\"#ea1d4105115278ec8\"><span class=\"fusion-toggle-icon-wrapper\" aria-hidden=\"true\"><i class=\"fa-fusion-box active-icon awb-icon-minus\" aria-hidden=\"true\"><\/i><i class=\"fa-fusion-box inactive-icon awb-icon-plus\" aria-hidden=\"true\"><\/i><\/span><span class=\"fusion-toggle-heading\">Les\u00f5es comuns em acidentes de via\u00e7\u00e3o:<\/span><\/a><\/h3><\/div><div id=\"ea1d4105115278ec8\" class=\"panel-collapse collapse\" aria-labelledby=\"toggle_ea1d4105115278ec8\"><div class=\"panel-body toggle-content fusion-clearfix\">\n<ul>\n<li style=\"font-weight: 400;\" aria-level=\"1\"><span style=\"font-weight: 400;\">Les\u00f5es por esmagamento\u00a0<\/span><\/li>\n<li style=\"font-weight: 400;\" aria-level=\"1\"><span style=\"font-weight: 400;\">Les\u00f5es dos tecidos moles\u00a0<\/span><\/li>\n<li style=\"font-weight: 400;\" aria-level=\"1\"><span style=\"font-weight: 400;\">Les\u00e3o medular\u00a0<\/span><\/li>\n<li style=\"font-weight: 400;\" aria-level=\"1\"><span style=\"font-weight: 400;\">Perna e bra\u00e7os partidos<\/span><\/li>\n<li style=\"font-weight: 400;\" aria-level=\"1\"><span style=\"font-weight: 400;\">Lacera\u00e7\u00f5es causadas por vidro partido<\/span><\/li>\n<\/ul>\n<\/div><\/div><\/div><\/div><\/div><div class=\"fusion-text fusion-text-18\" style=\"--awb-margin-top:10px;\"><p>O seu advogado pode apresentar o pedido de indemniza\u00e7\u00e3o por acidente de via\u00e7\u00e3o em seu nome. Foi o senhor que sofreu ferimentos num acidente que n\u00e3o foi da sua culpa, e poder\u00e1 ter direito a uma indemniza\u00e7\u00e3o decorrente de um acidente de via\u00e7\u00e3o*.<\/p>\n<p>Os advogados da PBN Litigation Solicitors em Dublin podem tratar do seu caso e aconselhar se tem uma reclama\u00e7\u00e3o de indemniza\u00e7\u00e3o por acidente de via\u00e7\u00e3o v\u00e1lida*.<\/p>\n<\/div><\/div><\/div><\/div><\/div><\/div><div id=\"contact\" class=\"fusion-container-anchor\"><div class=\"fusion-fullwidth fullwidth-box fusion-builder-row-16 fusion-flex-container has-pattern-background has-mask-background nonhundred-percent-fullwidth non-hundred-percent-height-scrolling\" style=\"--awb-border-radius-top-left:0px;--awb-border-radius-top-right:0px;--awb-border-radius-bottom-right:0px;--awb-border-radius-bottom-left:0px;--awb-background-color:#ffffff;--awb-flex-wrap:wrap;\" ><div class=\"fusion-builder-row fusion-row fusion-flex-align-items-flex-start fusion-flex-content-wrap\" style=\"max-width:1216.8px;margin-left: calc(-4% \/ 2 );margin-right: calc(-4% \/ 2 );\"><div class=\"fusion-layout-column fusion_builder_column fusion-builder-column-15 fusion_builder_column_1_1 1_1 fusion-flex-column\" style=\"--awb-bg-size:cover;--awb-width-large:100%;--awb-margin-top-large:0px;--awb-spacing-right-large:1.92%;--awb-margin-bottom-large:0px;--awb-spacing-left-large:1.92%;--awb-width-medium:100%;--awb-order-medium:0;--awb-spacing-right-medium:1.92%;--awb-spacing-left-medium:1.92%;--awb-width-small:100%;--awb-order-small:0;--awb-spacing-right-small:1.92%;--awb-spacing-left-small:1.92%;\"><div class=\"fusion-column-wrapper fusion-column-has-shadow fusion-flex-justify-content-flex-start fusion-content-layout-column\"><div class=\"fusion-title title fusion-title-15 fusion-title-text fusion-title-size-two\" style=\"--awb-margin-top-small:0px;--awb-margin-right-small:0px;--awb-margin-bottom-small:20px;--awb-margin-left-small:0px;\"><div class=\"title-sep-container title-sep-container-left fusion-no-large-visibility fusion-no-medium-visibility fusion-no-small-visibility\"><div class=\"title-sep sep- sep-solid\" style=\"border-color:var(--awb-color3);\"><\/div><\/div><span class=\"awb-title-spacer fusion-no-large-visibility fusion-no-medium-visibility fusion-no-small-visibility\"><\/span><h2 class=\"fusion-title-heading title-heading-left\" style=\"margin:0;text-transform:uppercase;\">Inicie a sua reclama\u00e7\u00e3o por ferimentos pessoais hoje<\/h2><span class=\"awb-title-spacer\"><\/span><div class=\"title-sep-container title-sep-container-right\"><div class=\"title-sep sep- sep-solid\" style=\"border-color:var(--awb-color3);\"><\/div><\/div><\/div><div class=\"fusion-text fusion-text-19\"><p>Start your personal injury claim* today by contacting PBN Litigation Solicitors.<\/p>\n<p>If you have suffered a broken bone in the arm when knocked off the e-scooter or severe cuts and bruises when hit by an e-scooter in town, then PBN Litigation Solicitors have the experience and expertise to manage your compensation claim*.<\/p>\n<p>Tu, o cliente, \u00e9s quem est\u00e1 ferido e em recupera\u00e7\u00e3o. A \u00faltima coisa com que deves ter de te preocupar \u00e9 em lidar com o Injuries Board ou com os tribunais quando est\u00e1s a recuperar de um dano pessoal.<\/p>\n<p>PBN Litigation Solicitors in Dublin can take on your case and work with you to get the compensation you deserve.<\/p>\n<p>We pride ourselves on taking the stress out of personal injury litigation by providing a service dedicated to the client.<\/p>\n<p>Contact PBN Litigation Solicitors today to start making an e-scooter accident compensation claim*.<\/p>\n<\/div><\/div><\/div><\/div><\/div><\/div><\/p>","protected":false},"excerpt":{"rendered":"","protected":false},"author":5,"featured_media":0,"parent":580,"menu_order":0,"comment_status":"closed","ping_status":"closed","template":"100-width.php","meta":{"footnotes":""},"class_list":["post-1347","page","type-page","status-publish","hentry"],"yoast_head":"<!-- This site is optimized with the Yoast SEO plugin v28.2 - https:\/\/yoast.com\/product\/yoast-seo-wordpress\/ -->\n<title>E-scooter injury claim* - PBN Litigation<\/title>\n<meta name=\"description\" content=\"PBN Litigation Solicitors, based in Dublin, can help you through the complicated process of pursuing a car accident claim which can get you back on your feet and achieve the compensation to which you are entitled.\" \/>\n<meta name=\"robots\" content=\"index, follow, max-snippet:-1, max-image-preview:large, max-video-preview:-1\" \/>\n<link rel=\"canonical\" href=\"https:\/\/pbnlitigation.ie\/pt\/personal-injury\/road-traffic-accident-claim\/e-scooter-injury-claim\/\" \/>\n<meta property=\"og:locale\" content=\"pt_PT\" \/>\n<meta property=\"og:type\" content=\"article\" \/>\n<meta property=\"og:title\" content=\"E-scooter injury claim* - PBN Litigation\" \/>\n<meta property=\"og:description\" content=\"PBN Litigation Solicitors, based in Dublin, can help you through the complicated process of pursuing a car accident claim which can get you back on your feet and achieve the compensation to which you are entitled.\" \/>\n<meta property=\"og:url\" content=\"https:\/\/pbnlitigation.ie\/pt\/personal-injury\/road-traffic-accident-claim\/e-scooter-injury-claim\/\" \/>\n<meta property=\"og:site_name\" content=\"PBN Litigation\" \/>\n<meta name=\"twitter:card\" content=\"summary_large_image\" \/>\n<meta name=\"twitter:label1\" content=\"Tempo estimado de leitura\" \/>\n\t<meta name=\"twitter:data1\" content=\"10 minutos\" \/>\n<script type=\"application\/ld+json\" class=\"yoast-schema-graph\">{\"@context\":\"https:\\\/\\\/schema.org\",\"@graph\":[{\"@type\":\"WebPage\",\"@id\":\"https:\\\/\\\/pbnlitigation.ie\\\/personal-injury\\\/road-traffic-accident-claim\\\/e-scooter-injury-claim\\\/\",\"url\":\"https:\\\/\\\/pbnlitigation.ie\\\/personal-injury\\\/road-traffic-accident-claim\\\/e-scooter-injury-claim\\\/\",\"name\":\"E-scooter injury claim* - PBN Litigation\",\"isPartOf\":{\"@id\":\"https:\\\/\\\/pbnlitigation.ie\\\/ru\\\/#website\"},\"datePublished\":\"2025-09-03T09:11:39+00:00\",\"description\":\"PBN Litigation Solicitors, based in Dublin, can help you through the complicated process of pursuing a car accident claim which can get you back on your feet and achieve the compensation to which you are entitled.\",\"breadcrumb\":{\"@id\":\"https:\\\/\\\/pbnlitigation.ie\\\/personal-injury\\\/road-traffic-accident-claim\\\/e-scooter-injury-claim\\\/#breadcrumb\"},\"inLanguage\":\"pt-PT\",\"potentialAction\":[{\"@type\":\"ReadAction\",\"target\":[\"https:\\\/\\\/pbnlitigation.ie\\\/personal-injury\\\/road-traffic-accident-claim\\\/e-scooter-injury-claim\\\/\"]}]},{\"@type\":\"BreadcrumbList\",\"@id\":\"https:\\\/\\\/pbnlitigation.ie\\\/personal-injury\\\/road-traffic-accident-claim\\\/e-scooter-injury-claim\\\/#breadcrumb\",\"itemListElement\":[{\"@type\":\"ListItem\",\"position\":1,\"name\":\"Home\",\"item\":\"https:\\\/\\\/pbnlitigation.ie\\\/ru\\\/\"},{\"@type\":\"ListItem\",\"position\":2,\"name\":\"Personal Injury\",\"item\":\"https:\\\/\\\/pbnlitigation.ie\\\/personal-injury\\\/\"},{\"@type\":\"ListItem\",\"position\":3,\"name\":\"Road Traffic Accident Claim*\",\"item\":\"https:\\\/\\\/pbnlitigation.ie\\\/personal-injury\\\/road-traffic-accident-claim\\\/\"},{\"@type\":\"ListItem\",\"position\":4,\"name\":\"E-scooter injury claim*\"}]},{\"@type\":\"WebSite\",\"@id\":\"https:\\\/\\\/pbnlitigation.ie\\\/ru\\\/#website\",\"url\":\"https:\\\/\\\/pbnlitigation.ie\\\/ru\\\/\",\"name\":\"PBN Litigation\",\"description\":\"Your Legal Solution\",\"publisher\":{\"@id\":\"https:\\\/\\\/pbnlitigation.ie\\\/ru\\\/#organization\"},\"potentialAction\":[{\"@type\":\"SearchAction\",\"target\":{\"@type\":\"EntryPoint\",\"urlTemplate\":\"https:\\\/\\\/pbnlitigation.ie\\\/ru\\\/?s={search_term_string}\"},\"query-input\":{\"@type\":\"PropertyValueSpecification\",\"valueRequired\":true,\"valueName\":\"search_term_string\"}}],\"inLanguage\":\"pt-PT\"},{\"@type\":\"Organization\",\"@id\":\"https:\\\/\\\/pbnlitigation.ie\\\/ru\\\/#organization\",\"name\":\"PBN Litigation\",\"url\":\"https:\\\/\\\/pbnlitigation.ie\\\/ru\\\/\",\"logo\":{\"@type\":\"ImageObject\",\"inLanguage\":\"pt-PT\",\"@id\":\"https:\\\/\\\/pbnlitigation.ie\\\/ru\\\/#\\\/schema\\\/logo\\\/image\\\/\",\"url\":\"https:\\\/\\\/pbnlitigation.ie\\\/wp-content\\\/uploads\\\/2023\\\/11\\\/PBN-litigation-logox2.png\",\"contentUrl\":\"https:\\\/\\\/pbnlitigation.ie\\\/wp-content\\\/uploads\\\/2023\\\/11\\\/PBN-litigation-logox2.png\",\"width\":200,\"height\":200,\"caption\":\"PBN Litigation\"},\"image\":{\"@id\":\"https:\\\/\\\/pbnlitigation.ie\\\/ru\\\/#\\\/schema\\\/logo\\\/image\\\/\"}}]}<\/script>\n<!-- \/ Yoast SEO plugin. -->","yoast_head_json":{"title":"E-scooter injury claim* - PBN Litigation","description":"Os advogados de contencioso da PBN Litigation Solicitors, com sede em Dublin, podem ajud\u00e1-lo atrav\u00e9s do processo complicado de apresentar uma indemniza\u00e7\u00e3o por acidente de via\u00e7\u00e3o, o que o pode ajudar a recuperar e a obter a compensa\u00e7\u00e3o a que tem direito.","robots":{"index":"index","follow":"follow","max-snippet":"max-snippet:-1","max-image-preview":"max-image-preview:large","max-video-preview":"max-video-preview:-1"},"canonical":"https:\/\/pbnlitigation.ie\/pt\/personal-injury\/road-traffic-accident-claim\/e-scooter-injury-claim\/","og_locale":"pt_PT","og_type":"article","og_title":"E-scooter injury claim* - PBN Litigation","og_description":"PBN Litigation Solicitors, based in Dublin, can help you through the complicated process of pursuing a car accident claim which can get you back on your feet and achieve the compensation to which you are entitled.","og_url":"https:\/\/pbnlitigation.ie\/pt\/personal-injury\/road-traffic-accident-claim\/e-scooter-injury-claim\/","og_site_name":"PBN Litigation","twitter_card":"summary_large_image","twitter_misc":{"Tempo estimado de leitura":"10 minutos"},"schema":{"@context":"https:\/\/schema.org","@graph":[{"@type":"WebPage","@id":"https:\/\/pbnlitigation.ie\/personal-injury\/road-traffic-accident-claim\/e-scooter-injury-claim\/","url":"https:\/\/pbnlitigation.ie\/personal-injury\/road-traffic-accident-claim\/e-scooter-injury-claim\/","name":"E-scooter injury claim* - PBN Litigation","isPartOf":{"@id":"https:\/\/pbnlitigation.ie\/ru\/#website"},"datePublished":"2025-09-03T09:11:39+00:00","description":"Os advogados de contencioso da PBN Litigation Solicitors, com sede em Dublin, podem ajud\u00e1-lo atrav\u00e9s do processo complicado de apresentar uma indemniza\u00e7\u00e3o por acidente de via\u00e7\u00e3o, o que o pode ajudar a recuperar e a obter a compensa\u00e7\u00e3o a que tem direito.","breadcrumb":{"@id":"https:\/\/pbnlitigation.ie\/personal-injury\/road-traffic-accident-claim\/e-scooter-injury-claim\/#breadcrumb"},"inLanguage":"pt-PT","potentialAction":[{"@type":"ReadAction","target":["https:\/\/pbnlitigation.ie\/personal-injury\/road-traffic-accident-claim\/e-scooter-injury-claim\/"]}]},{"@type":"BreadcrumbList","@id":"https:\/\/pbnlitigation.ie\/personal-injury\/road-traffic-accident-claim\/e-scooter-injury-claim\/#breadcrumb","itemListElement":[{"@type":"ListItem","position":1,"name":"Home","item":"https:\/\/pbnlitigation.ie\/ru\/"},{"@type":"ListItem","position":2,"name":"Personal Injury","item":"https:\/\/pbnlitigation.ie\/personal-injury\/"},{"@type":"ListItem","position":3,"name":"Road Traffic Accident Claim*","item":"https:\/\/pbnlitigation.ie\/personal-injury\/road-traffic-accident-claim\/"},{"@type":"ListItem","position":4,"name":"E-scooter injury claim*"}]},{"@type":"WebSite","@id":"https:\/\/pbnlitigation.ie\/ru\/#website","url":"https:\/\/pbnlitigation.ie\/ru\/","name":"PBN Litigation","description":"Your Legal Solution","publisher":{"@id":"https:\/\/pbnlitigation.ie\/ru\/#organization"},"potentialAction":[{"@type":"SearchAction","target":{"@type":"EntryPoint","urlTemplate":"https:\/\/pbnlitigation.ie\/ru\/?s={search_term_string}"},"query-input":{"@type":"PropertyValueSpecification","valueRequired":true,"valueName":"search_term_string"}}],"inLanguage":"pt-PT"},{"@type":"Organization","@id":"https:\/\/pbnlitigation.ie\/ru\/#organization","name":"PBN Litigation","url":"https:\/\/pbnlitigation.ie\/ru\/","logo":{"@type":"ImageObject","inLanguage":"pt-PT","@id":"https:\/\/pbnlitigation.ie\/ru\/#\/schema\/logo\/image\/","url":"https:\/\/pbnlitigation.ie\/wp-content\/uploads\/2023\/11\/PBN-litigation-logox2.png","contentUrl":"https:\/\/pbnlitigation.ie\/wp-content\/uploads\/2023\/11\/PBN-litigation-logox2.png","width":200,"height":200,"caption":"PBN Litigation"},"image":{"@id":"https:\/\/pbnlitigation.ie\/ru\/#\/schema\/logo\/image\/"}}]}},"_links":{"self":[{"href":"https:\/\/pbnlitigation.ie\/pt\/wp-json\/wp\/v2\/pages\/1347","targetHints":{"allow":["GET"]}}],"collection":[{"href":"https:\/\/pbnlitigation.ie\/pt\/wp-json\/wp\/v2\/pages"}],"about":[{"href":"https:\/\/pbnlitigation.ie\/pt\/wp-json\/wp\/v2\/types\/page"}],"author":[{"embeddable":true,"href":"https:\/\/pbnlitigation.ie\/pt\/wp-json\/wp\/v2\/users\/5"}],"replies":[{"embeddable":true,"href":"https:\/\/pbnlitigation.ie\/pt\/wp-json\/wp\/v2\/comments?post=1347"}],"version-history":[{"count":6,"href":"https:\/\/pbnlitigation.ie\/pt\/wp-json\/wp\/v2\/pages\/1347\/revisions"}],"predecessor-version":[{"id":1361,"href":"https:\/\/pbnlitigation.ie\/pt\/wp-json\/wp\/v2\/pages\/1347\/revisions\/1361"}],"up":[{"embeddable":true,"href":"https:\/\/pbnlitigation.ie\/pt\/wp-json\/wp\/v2\/pages\/580"}],"wp:attachment":[{"href":"https:\/\/pbnlitigation.ie\/pt\/wp-json\/wp\/v2\/media?parent=1347"}],"curies":[{"name":"wp","href":"https:\/\/api.w.org\/{rel}","templated":true}]}}