{"id":1120,"date":"2025-04-01T11:11:34","date_gmt":"2025-04-01T11:11:34","guid":{"rendered":"https:\/\/pbnlitigation.ie\/?page_id=1120"},"modified":"2025-04-01T11:13:05","modified_gmt":"2025-04-01T11:13:05","slug":"case-study-pedestrian-injured-in-collision-with-electric-bike","status":"publish","type":"page","link":"https:\/\/pbnlitigation.ie\/pt\/personal-injury\/case-studies\/case-study-pedestrian-injured-in-collision-with-electric-bike\/","title":{"rendered":"Estudo de Caso: Pe\u00e3o Ferido em Colis\u00e3o com Bicicleta El\u00e9trica"},"content":{"rendered":"<div class=\"fusion-fullwidth fullwidth-box fusion-builder-row-1 fusion-flex-container has-pattern-background has-mask-background nonhundred-percent-fullwidth non-hundred-percent-height-scrolling\" style=\"--awb-border-radius-top-left:0px;--awb-border-radius-top-right:0px;--awb-border-radius-bottom-right:0px;--awb-border-radius-bottom-left:0px;--awb-background-color:#ffffff;--awb-flex-wrap:wrap;\" ><div class=\"fusion-builder-row fusion-row fusion-flex-align-items-flex-start fusion-flex-content-wrap\" style=\"max-width:1216.8px;margin-left: calc(-4% \/ 2 );margin-right: calc(-4% \/ 2 );\"><div class=\"fusion-layout-column fusion_builder_column fusion-builder-column-0 fusion_builder_column_1_1 1_1 fusion-flex-column\" style=\"--awb-bg-size:cover;--awb-width-large:100%;--awb-margin-top-large:0px;--awb-spacing-right-large:1.92%;--awb-margin-bottom-large:0px;--awb-spacing-left-large:1.92%;--awb-width-medium:100%;--awb-order-medium:0;--awb-spacing-right-medium:1.92%;--awb-spacing-left-medium:1.92%;--awb-width-small:100%;--awb-order-small:0;--awb-spacing-right-small:1.92%;--awb-spacing-left-small:1.92%;\"><div class=\"fusion-column-wrapper fusion-column-has-shadow fusion-flex-justify-content-flex-start fusion-content-layout-column\"><div class=\"fusion-title title fusion-title-1 fusion-title-text fusion-title-size-four\" style=\"--awb-margin-top-small:0px;--awb-margin-right-small:0px;--awb-margin-bottom-small:20px;--awb-margin-left-small:0px;\"><div class=\"title-sep-container title-sep-container-left fusion-no-large-visibility fusion-no-medium-visibility fusion-no-small-visibility\"><div class=\"title-sep sep- sep-solid\" style=\"border-color:var(--awb-color3);\"><\/div><\/div><span class=\"awb-title-spacer fusion-no-large-visibility fusion-no-medium-visibility fusion-no-small-visibility\"><\/span><h4 class=\"fusion-title-heading title-heading-left\" style=\"margin:0;text-transform:uppercase;\">Contexto<\/h4><span class=\"awb-title-spacer\"><\/span><div class=\"title-sep-container title-sep-container-right\"><div class=\"title-sep sep- sep-solid\" style=\"border-color:var(--awb-color3);\"><\/div><\/div><\/div><div class=\"fusion-text fusion-text-1\"><p><span style=\"font-weight: 400;\">Na noite de 4 de agosto de 2024, o Sr. Leonard estava a fazer *jogging* em Swords, Dublin, entre a paragem de autocarro do Swords Express (Holywell Close) e a rotunda no topo do acesso \u00e0 M1. <\/span><b>Ele estava a usar um colete de alta visibilidade<\/b><span style=\"font-weight: 400;\"> e um<\/span><b> luz no chap\u00e9u para seguran\u00e7a<\/b><span style=\"font-weight: 400;\">. Durante a sua corrida, ele estava <\/span><b>atropelado por uma bicicleta el\u00e9trica<\/b><span style=\"font-weight: 400;\"> alegadamente a ser montado a <\/span><b>alta velocidade no passeio pedonal<\/b><span style=\"font-weight: 400;\"> por o Sr. Stephen Dunne de Russell\u2019s Terrace, Kettles Lanes, Drynam Hall, Swords.<\/span><\/p>\n<\/div><div class=\"fusion-title title fusion-title-2 fusion-title-text fusion-title-size-four\" style=\"--awb-margin-top-small:0px;--awb-margin-right-small:0px;--awb-margin-bottom-small:20px;--awb-margin-left-small:0px;\"><div class=\"title-sep-container title-sep-container-left fusion-no-large-visibility fusion-no-medium-visibility fusion-no-small-visibility\"><div class=\"title-sep sep- sep-solid\" style=\"border-color:var(--awb-color3);\"><\/div><\/div><span class=\"awb-title-spacer fusion-no-large-visibility fusion-no-medium-visibility fusion-no-small-visibility\"><\/span><h4 class=\"fusion-title-heading title-heading-left\" style=\"margin:0;text-transform:uppercase;\">Detalhes do Incidente<\/h4><span class=\"awb-title-spacer\"><\/span><div class=\"title-sep-container title-sep-container-right\"><div class=\"title-sep sep- sep-solid\" style=\"border-color:var(--awb-color3);\"><\/div><\/div><\/div><div class=\"fusion-text fusion-text-2\"><p><span style=\"font-weight: 400;\">A colis\u00e3o resultou em ferimentos graves no Sr. Leonard, incluindo m\u00faltiplos<\/span><b> fraturas na perna esquerda<\/b><span style=\"font-weight: 400;\">. Uma das fraturas causou a<\/span><b> osso sobressair atrav\u00e9s da pele,<\/b><span style=\"font-weight: 400;\"> o que resultou no deslocamento do seu p\u00e9 esquerdo em 180 graus. Foi transportado de ambul\u00e2ncia para o Hospital Beaumont, onde foi submetido a uma cirurgia extensiva para reparar a perna e preservar o p\u00e9.<\/span><\/p>\n<\/div><div class=\"fusion-title title fusion-title-3 fusion-title-text fusion-title-size-four\" style=\"--awb-margin-top-small:0px;--awb-margin-right-small:0px;--awb-margin-bottom-small:20px;--awb-margin-left-small:0px;\"><div class=\"title-sep-container title-sep-container-left fusion-no-large-visibility fusion-no-medium-visibility fusion-no-small-visibility\"><div class=\"title-sep sep- sep-solid\" style=\"border-color:var(--awb-color3);\"><\/div><\/div><span class=\"awb-title-spacer fusion-no-large-visibility fusion-no-medium-visibility fusion-no-small-visibility\"><\/span><h4 class=\"fusion-title-heading title-heading-left\" style=\"margin:0;text-transform:uppercase;\">Quest\u00f5es Legais Suscitadas<\/h4><span class=\"awb-title-spacer\"><\/span><div class=\"title-sep-container title-sep-container-right\"><div class=\"title-sep sep- sep-solid\" style=\"border-color:var(--awb-color3);\"><\/div><\/div><\/div><div class=\"fusion-text fusion-text-3\"><p><span style=\"font-weight: 400;\">O Sr. Leonard afirma que as especifica\u00e7\u00f5es da bicicleta el\u00e9trica, incluindo <\/span><b>motor sem escovas de 0,75 quilowatts<\/b><span style=\"font-weight: 400;\"> e uma velocidade m\u00e1xima de<\/span><b> 20-25 km\/h<\/b><span style=\"font-weight: 400;\">, classific\u00e1-lo como um ve\u00edculo com propuls\u00e3o mec\u00e2nica (MPV) ao abrigo da lei irlandesa. A Sec\u00e7\u00e3o 3.1 da Lei de Tr\u00e2nsito Rodovi\u00e1rio de 1961 define um MPV como qualquer ve\u00edculo destinado ou adaptado para propuls\u00e3o por meios mec\u00e2nicos, incluindo bicicletas equipadas com um motor el\u00e9trico auxiliar superior a 0,25 kW.<\/span><\/p>\n<\/div><div class=\"fusion-title title fusion-title-4 fusion-title-text fusion-title-size-four\" style=\"--awb-margin-top-small:0px;--awb-margin-right-small:0px;--awb-margin-bottom-small:20px;--awb-margin-left-small:0px;\"><div class=\"title-sep-container title-sep-container-left fusion-no-large-visibility fusion-no-medium-visibility fusion-no-small-visibility\"><div class=\"title-sep sep- sep-solid\" style=\"border-color:var(--awb-color3);\"><\/div><\/div><span class=\"awb-title-spacer fusion-no-large-visibility fusion-no-medium-visibility fusion-no-small-visibility\"><\/span><h4 class=\"fusion-title-heading title-heading-left\" style=\"margin:0;text-transform:uppercase;\">Investiga\u00e7\u00e3o e Processos Judiciais<\/h4><span class=\"awb-title-spacer\"><\/span><div class=\"title-sep-container title-sep-container-right\"><div class=\"title-sep sep- sep-solid\" style=\"border-color:var(--awb-color3);\"><\/div><\/div><\/div><div class=\"fusion-text fusion-text-4\"><p><span style=\"font-weight: 400;\">O incidente foi <\/span><b>testemunhado por pelo menos tr\u00eas <\/b><span style=\"font-weight: 400;\">particulares que auxiliaram o Sr. Leonard e tiraram uma fotografia da bicicleta el\u00e9trica. O Sr. Dunne permaneceu no local, e um agente da Garda compareceu para recolher os detalhes do incidente. No entanto, o Sr. Leonard alega que houve um atraso significativo no seguimento do assunto dentro do sistema Pulse da Garda, o que ele acredita ter resultado num<\/span><b> investiga\u00e7\u00e3o inadequada.<\/b><\/p>\n<p><span style=\"font-weight: 400;\">Na sequ\u00eancia do descontentamento com a forma como o caso foi tratado, o Sr. Leonard apresentou uma queixa \u00e0 Comiss\u00e3o do Provedor de Justi\u00e7a da Garda S\u00edoch\u00e1na (Garda S\u00edoch\u00e1na Ombudsman Commission). Mais tarde, soube que a Garda\u00ed n\u00e3o iria avan\u00e7ar com um processo penal. Quando solicitou uma revis\u00e3o ao Diretor do Minist\u00e9rio P\u00fablico (Director of Public Prosecutions), foi informado de que n\u00e3o tinha sido submetido nenhum processo relacionado com o incidente.<\/span><\/p>\n<\/div><div class=\"fusion-title title fusion-title-5 fusion-title-text fusion-title-size-four\" style=\"--awb-margin-top-small:0px;--awb-margin-right-small:0px;--awb-margin-bottom-small:20px;--awb-margin-left-small:0px;\"><div class=\"title-sep-container title-sep-container-left fusion-no-large-visibility fusion-no-medium-visibility fusion-no-small-visibility\"><div class=\"title-sep sep- sep-solid\" style=\"border-color:var(--awb-color3);\"><\/div><\/div><span class=\"awb-title-spacer fusion-no-large-visibility fusion-no-medium-visibility fusion-no-small-visibility\"><\/span><h4 class=\"fusion-title-heading title-heading-left\" style=\"margin:0;text-transform:uppercase;\">A\u00e7\u00e3o Penal Particular<\/h4><span class=\"awb-title-spacer\"><\/span><div class=\"title-sep-container title-sep-container-right\"><div class=\"title-sep sep- sep-solid\" style=\"border-color:var(--awb-color3);\"><\/div><\/div><\/div><div class=\"fusion-text fusion-text-5\"><p><span style=\"font-weight: 400;\">Perante o termo do prazo para a apresenta\u00e7\u00e3o de uma queixa at\u00e9 3 de fevereiro de 2025, o Sr. Leonard intentou uma a\u00e7\u00e3o judicial aut\u00f3noma. Requereu pessoalmente ao Tribunal de Comarca a emiss\u00e3o de uma cita\u00e7\u00e3o por conduta criminosa ao abrigo do artigo 53.\u00ba da Lei do C\u00f3digo da Estrada de 1961 (Road Traffic Act 1961). Este artigo pune como crime a condu\u00e7\u00e3o de um ve\u00edculo de uma forma que seja, ou que se possa razoavelmente esperar que seja, perigosa para o p\u00fablico.<\/span><\/p>\n<p><span style=\"font-weight: 400;\">O caso foi inicialmente ouvido no Tribunal Distrital de Dublin, onde o juiz Anthony Halpin adiou o processo para permitir que o r\u00e9u, o Sr. Dunne, obtivesse representa\u00e7\u00e3o jur\u00eddica. Os procedimentos est\u00e3o em curso.<\/span><\/p>\n<\/div><div class=\"fusion-title title fusion-title-6 fusion-title-text fusion-title-size-four\" style=\"--awb-margin-top-small:0px;--awb-margin-right-small:0px;--awb-margin-bottom-small:20px;--awb-margin-left-small:0px;\"><div class=\"title-sep-container title-sep-container-left fusion-no-large-visibility fusion-no-medium-visibility fusion-no-small-visibility\"><div class=\"title-sep sep- sep-solid\" style=\"border-color:var(--awb-color3);\"><\/div><\/div><span class=\"awb-title-spacer fusion-no-large-visibility fusion-no-medium-visibility fusion-no-small-visibility\"><\/span><h4 class=\"fusion-title-heading title-heading-left\" style=\"margin:0;text-transform:uppercase;\">Implica\u00e7\u00f5es Legais<\/h4><span class=\"awb-title-spacer\"><\/span><div class=\"title-sep-container title-sep-container-right\"><div class=\"title-sep sep- sep-solid\" style=\"border-color:var(--awb-color3);\"><\/div><\/div><\/div><div class=\"fusion-text fusion-text-6\"><p><span style=\"font-weight: 400;\">Este caso levanta importantes quest\u00f5es jur\u00eddicas relativas \u00e0 classifica\u00e7\u00e3o das bicicletas el\u00e9ctricas ao abrigo da legisla\u00e7\u00e3o rodovi\u00e1ria irlandesa e \u00e0s responsabilidades das autoridades policiais na investiga\u00e7\u00e3o de tais incidentes. Destaca as vias legais dispon\u00edveis para os cidad\u00e3os que consideram que o seu caso n\u00e3o foi adequadamente prosseguido pelas autoridades.<\/span><\/p>\n<p><span style=\"font-weight: 400;\">Para mais informa\u00e7\u00f5es jur\u00eddicas sobre direito rodovi\u00e1rio e indemniza\u00e7\u00f5es por danos corporais, contacte a nossa equipa jur\u00eddica especializada.<\/span><\/p>\n<\/div><div ><a class=\"fusion-button button-flat fusion-button-default-size button-default fusion-button-default button-1 fusion-button-default-span fusion-button-default-type\" target=\"_blank\" rel=\"noopener noreferrer\" href=\"https:\/\/www.irishtimes.com\/crime-law\/courts\/2025\/03\/10\/jogger-whose-leg-was-broken-in-alleged-collision-with-e-bike-on-footpath-takes-prosecution\/\"><span class=\"fusion-button-text awb-button__text awb-button__text--default\">Ler mais<\/span><\/a><\/div><\/div><\/div><\/div><\/div>","protected":false},"excerpt":{"rendered":"","protected":false},"author":2,"featured_media":0,"parent":1116,"menu_order":0,"comment_status":"closed","ping_status":"closed","template":"100-width.php","meta":{"footnotes":""},"class_list":["post-1120","page","type-page","status-publish","hentry"],"yoast_head":"<!-- This site is optimized with the Yoast SEO plugin v28.2 - https:\/\/yoast.com\/product\/yoast-seo-wordpress\/ -->\n<title>Case Study: Pedestrian Injured in Collision with Electric Bike - PBN Litigation<\/title>\n<meta name=\"description\" content=\"The case was initially heard before the Dublin District Court, where Judge Anthony Halpin adjourned the matter to allow the defendant, Mr. Dunne, to seek legal representation. The proceedings are ongoing.\" \/>\n<meta name=\"robots\" content=\"index, follow, max-snippet:-1, max-image-preview:large, max-video-preview:-1\" \/>\n<link rel=\"canonical\" href=\"https:\/\/pbnlitigation.ie\/pt\/personal-injury\/case-studies\/case-study-pedestrian-injured-in-collision-with-electric-bike\/\" \/>\n<meta property=\"og:locale\" content=\"pt_PT\" \/>\n<meta property=\"og:type\" content=\"article\" \/>\n<meta property=\"og:title\" content=\"Case Study: Pedestrian Injured in Collision with Electric Bike - PBN Litigation\" \/>\n<meta property=\"og:description\" content=\"The case was initially heard before the Dublin District Court, where Judge Anthony Halpin adjourned the matter to allow the defendant, Mr. Dunne, to seek legal representation. The proceedings are ongoing.\" \/>\n<meta property=\"og:url\" content=\"https:\/\/pbnlitigation.ie\/pt\/personal-injury\/case-studies\/case-study-pedestrian-injured-in-collision-with-electric-bike\/\" \/>\n<meta property=\"og:site_name\" content=\"PBN Litigation\" \/>\n<meta property=\"article:modified_time\" content=\"2025-04-01T11:13:05+00:00\" \/>\n<meta name=\"twitter:card\" content=\"summary_large_image\" \/>\n<meta name=\"twitter:label1\" content=\"Tempo estimado de leitura\" \/>\n\t<meta name=\"twitter:data1\" content=\"3 minutos\" \/>\n<script type=\"application\/ld+json\" class=\"yoast-schema-graph\">{\"@context\":\"https:\\\/\\\/schema.org\",\"@graph\":[{\"@type\":\"WebPage\",\"@id\":\"https:\\\/\\\/pbnlitigation.ie\\\/personal-injury\\\/case-studies\\\/case-study-pedestrian-injured-in-collision-with-electric-bike\\\/\",\"url\":\"https:\\\/\\\/pbnlitigation.ie\\\/personal-injury\\\/case-studies\\\/case-study-pedestrian-injured-in-collision-with-electric-bike\\\/\",\"name\":\"Case Study: Pedestrian Injured in Collision with Electric Bike - PBN Litigation\",\"isPartOf\":{\"@id\":\"https:\\\/\\\/pbnlitigation.ie\\\/ru\\\/#website\"},\"datePublished\":\"2025-04-01T11:11:34+00:00\",\"dateModified\":\"2025-04-01T11:13:05+00:00\",\"description\":\"The case was initially heard before the Dublin District Court, where Judge Anthony Halpin adjourned the matter to allow the defendant, Mr. Dunne, to seek legal representation. The proceedings are ongoing.\",\"breadcrumb\":{\"@id\":\"https:\\\/\\\/pbnlitigation.ie\\\/personal-injury\\\/case-studies\\\/case-study-pedestrian-injured-in-collision-with-electric-bike\\\/#breadcrumb\"},\"inLanguage\":\"pt-PT\",\"potentialAction\":[{\"@type\":\"ReadAction\",\"target\":[\"https:\\\/\\\/pbnlitigation.ie\\\/personal-injury\\\/case-studies\\\/case-study-pedestrian-injured-in-collision-with-electric-bike\\\/\"]}]},{\"@type\":\"BreadcrumbList\",\"@id\":\"https:\\\/\\\/pbnlitigation.ie\\\/personal-injury\\\/case-studies\\\/case-study-pedestrian-injured-in-collision-with-electric-bike\\\/#breadcrumb\",\"itemListElement\":[{\"@type\":\"ListItem\",\"position\":1,\"name\":\"Home\",\"item\":\"https:\\\/\\\/pbnlitigation.ie\\\/ru\\\/\"},{\"@type\":\"ListItem\",\"position\":2,\"name\":\"Personal Injury\",\"item\":\"https:\\\/\\\/pbnlitigation.ie\\\/personal-injury\\\/\"},{\"@type\":\"ListItem\",\"position\":3,\"name\":\"Case Studies\",\"item\":\"https:\\\/\\\/pbnlitigation.ie\\\/personal-injury\\\/case-studies\\\/\"},{\"@type\":\"ListItem\",\"position\":4,\"name\":\"Case Study: Pedestrian Injured in Collision with Electric Bike\"}]},{\"@type\":\"WebSite\",\"@id\":\"https:\\\/\\\/pbnlitigation.ie\\\/ru\\\/#website\",\"url\":\"https:\\\/\\\/pbnlitigation.ie\\\/ru\\\/\",\"name\":\"PBN Litigation\",\"description\":\"Your Legal Solution\",\"publisher\":{\"@id\":\"https:\\\/\\\/pbnlitigation.ie\\\/ru\\\/#organization\"},\"potentialAction\":[{\"@type\":\"SearchAction\",\"target\":{\"@type\":\"EntryPoint\",\"urlTemplate\":\"https:\\\/\\\/pbnlitigation.ie\\\/ru\\\/?s={search_term_string}\"},\"query-input\":{\"@type\":\"PropertyValueSpecification\",\"valueRequired\":true,\"valueName\":\"search_term_string\"}}],\"inLanguage\":\"pt-PT\"},{\"@type\":\"Organization\",\"@id\":\"https:\\\/\\\/pbnlitigation.ie\\\/ru\\\/#organization\",\"name\":\"PBN Litigation\",\"url\":\"https:\\\/\\\/pbnlitigation.ie\\\/ru\\\/\",\"logo\":{\"@type\":\"ImageObject\",\"inLanguage\":\"pt-PT\",\"@id\":\"https:\\\/\\\/pbnlitigation.ie\\\/ru\\\/#\\\/schema\\\/logo\\\/image\\\/\",\"url\":\"https:\\\/\\\/pbnlitigation.ie\\\/wp-content\\\/uploads\\\/2023\\\/11\\\/PBN-litigation-logox2.png\",\"contentUrl\":\"https:\\\/\\\/pbnlitigation.ie\\\/wp-content\\\/uploads\\\/2023\\\/11\\\/PBN-litigation-logox2.png\",\"width\":200,\"height\":200,\"caption\":\"PBN Litigation\"},\"image\":{\"@id\":\"https:\\\/\\\/pbnlitigation.ie\\\/ru\\\/#\\\/schema\\\/logo\\\/image\\\/\"}}]}<\/script>\n<!-- \/ Yoast SEO plugin. -->","yoast_head_json":{"title":"Case Study: Pedestrian Injured in Collision with Electric Bike - PBN Litigation","description":"O caso foi inicialmente ouvido no Tribunal Distrital de Dublin, onde o juiz Anthony Halpin adiou o processo para permitir que o r\u00e9u, o Sr. Dunne, obtivesse representa\u00e7\u00e3o jur\u00eddica. Os procedimentos est\u00e3o em curso.","robots":{"index":"index","follow":"follow","max-snippet":"max-snippet:-1","max-image-preview":"max-image-preview:large","max-video-preview":"max-video-preview:-1"},"canonical":"https:\/\/pbnlitigation.ie\/pt\/personal-injury\/case-studies\/case-study-pedestrian-injured-in-collision-with-electric-bike\/","og_locale":"pt_PT","og_type":"article","og_title":"Case Study: Pedestrian Injured in Collision with Electric Bike - PBN Litigation","og_description":"The case was initially heard before the Dublin District Court, where Judge Anthony Halpin adjourned the matter to allow the defendant, Mr. Dunne, to seek legal representation. The proceedings are ongoing.","og_url":"https:\/\/pbnlitigation.ie\/pt\/personal-injury\/case-studies\/case-study-pedestrian-injured-in-collision-with-electric-bike\/","og_site_name":"PBN Litigation","article_modified_time":"2025-04-01T11:13:05+00:00","twitter_card":"summary_large_image","twitter_misc":{"Tempo estimado de leitura":"3 minutos"},"schema":{"@context":"https:\/\/schema.org","@graph":[{"@type":"WebPage","@id":"https:\/\/pbnlitigation.ie\/personal-injury\/case-studies\/case-study-pedestrian-injured-in-collision-with-electric-bike\/","url":"https:\/\/pbnlitigation.ie\/personal-injury\/case-studies\/case-study-pedestrian-injured-in-collision-with-electric-bike\/","name":"Case Study: Pedestrian Injured in Collision with Electric Bike - PBN Litigation","isPartOf":{"@id":"https:\/\/pbnlitigation.ie\/ru\/#website"},"datePublished":"2025-04-01T11:11:34+00:00","dateModified":"2025-04-01T11:13:05+00:00","description":"O caso foi inicialmente ouvido no Tribunal Distrital de Dublin, onde o juiz Anthony Halpin adiou o processo para permitir que o r\u00e9u, o Sr. Dunne, obtivesse representa\u00e7\u00e3o jur\u00eddica. Os procedimentos est\u00e3o em curso.","breadcrumb":{"@id":"https:\/\/pbnlitigation.ie\/personal-injury\/case-studies\/case-study-pedestrian-injured-in-collision-with-electric-bike\/#breadcrumb"},"inLanguage":"pt-PT","potentialAction":[{"@type":"ReadAction","target":["https:\/\/pbnlitigation.ie\/personal-injury\/case-studies\/case-study-pedestrian-injured-in-collision-with-electric-bike\/"]}]},{"@type":"BreadcrumbList","@id":"https:\/\/pbnlitigation.ie\/personal-injury\/case-studies\/case-study-pedestrian-injured-in-collision-with-electric-bike\/#breadcrumb","itemListElement":[{"@type":"ListItem","position":1,"name":"Home","item":"https:\/\/pbnlitigation.ie\/ru\/"},{"@type":"ListItem","position":2,"name":"Personal Injury","item":"https:\/\/pbnlitigation.ie\/personal-injury\/"},{"@type":"ListItem","position":3,"name":"Case Studies","item":"https:\/\/pbnlitigation.ie\/personal-injury\/case-studies\/"},{"@type":"ListItem","position":4,"name":"Case Study: Pedestrian Injured in Collision with Electric Bike"}]},{"@type":"WebSite","@id":"https:\/\/pbnlitigation.ie\/ru\/#website","url":"https:\/\/pbnlitigation.ie\/ru\/","name":"PBN Litigation","description":"Your Legal Solution","publisher":{"@id":"https:\/\/pbnlitigation.ie\/ru\/#organization"},"potentialAction":[{"@type":"SearchAction","target":{"@type":"EntryPoint","urlTemplate":"https:\/\/pbnlitigation.ie\/ru\/?s={search_term_string}"},"query-input":{"@type":"PropertyValueSpecification","valueRequired":true,"valueName":"search_term_string"}}],"inLanguage":"pt-PT"},{"@type":"Organization","@id":"https:\/\/pbnlitigation.ie\/ru\/#organization","name":"PBN Litigation","url":"https:\/\/pbnlitigation.ie\/ru\/","logo":{"@type":"ImageObject","inLanguage":"pt-PT","@id":"https:\/\/pbnlitigation.ie\/ru\/#\/schema\/logo\/image\/","url":"https:\/\/pbnlitigation.ie\/wp-content\/uploads\/2023\/11\/PBN-litigation-logox2.png","contentUrl":"https:\/\/pbnlitigation.ie\/wp-content\/uploads\/2023\/11\/PBN-litigation-logox2.png","width":200,"height":200,"caption":"PBN Litigation"},"image":{"@id":"https:\/\/pbnlitigation.ie\/ru\/#\/schema\/logo\/image\/"}}]}},"_links":{"self":[{"href":"https:\/\/pbnlitigation.ie\/pt\/wp-json\/wp\/v2\/pages\/1120","targetHints":{"allow":["GET"]}}],"collection":[{"href":"https:\/\/pbnlitigation.ie\/pt\/wp-json\/wp\/v2\/pages"}],"about":[{"href":"https:\/\/pbnlitigation.ie\/pt\/wp-json\/wp\/v2\/types\/page"}],"author":[{"embeddable":true,"href":"https:\/\/pbnlitigation.ie\/pt\/wp-json\/wp\/v2\/users\/2"}],"replies":[{"embeddable":true,"href":"https:\/\/pbnlitigation.ie\/pt\/wp-json\/wp\/v2\/comments?post=1120"}],"version-history":[{"count":3,"href":"https:\/\/pbnlitigation.ie\/pt\/wp-json\/wp\/v2\/pages\/1120\/revisions"}],"predecessor-version":[{"id":1123,"href":"https:\/\/pbnlitigation.ie\/pt\/wp-json\/wp\/v2\/pages\/1120\/revisions\/1123"}],"up":[{"embeddable":true,"href":"https:\/\/pbnlitigation.ie\/pt\/wp-json\/wp\/v2\/pages\/1116"}],"wp:attachment":[{"href":"https:\/\/pbnlitigation.ie\/pt\/wp-json\/wp\/v2\/media?parent=1120"}],"curies":[{"name":"wp","href":"https:\/\/api.w.org\/{rel}","templated":true}]}}