{"id":1090,"date":"2025-02-11T13:50:11","date_gmt":"2025-02-11T13:50:11","guid":{"rendered":"https:\/\/pbnlitigation.ie\/?page_id=1090"},"modified":"2025-02-14T13:52:22","modified_gmt":"2025-02-14T13:52:22","slug":"sepsis-negligence","status":"publish","type":"page","link":"https:\/\/pbnlitigation.ie\/pt\/medical-negligence\/hospital-negligence-claim\/sepsis-negligence\/","title":{"rendered":"Neglig\u00eancia m\u00e9dica por s\u00e9psis"},"content":{"rendered":"<p><div class=\"fusion-fullwidth fullwidth-box fusion-builder-row-1 fusion-flex-container has-pattern-background has-mask-background nonhundred-percent-fullwidth non-hundred-percent-height-scrolling\" style=\"--awb-border-radius-top-left:0px;--awb-border-radius-top-right:0px;--awb-border-radius-bottom-right:0px;--awb-border-radius-bottom-left:0px;--awb-padding-top:50px;--awb-background-color:#ffffff;--awb-flex-wrap:wrap;\" ><div class=\"fusion-builder-row fusion-row fusion-flex-align-items-flex-start fusion-flex-content-wrap\" style=\"max-width:1216.8px;margin-left: calc(-4% \/ 2 );margin-right: calc(-4% \/ 2 );\"><div class=\"fusion-layout-column fusion_builder_column fusion-builder-column-0 fusion_builder_column_1_1 1_1 fusion-flex-column\" style=\"--awb-bg-size:cover;--awb-width-large:100%;--awb-margin-top-large:0px;--awb-spacing-right-large:1.92%;--awb-margin-bottom-large:0px;--awb-spacing-left-large:1.92%;--awb-width-medium:100%;--awb-order-medium:0;--awb-spacing-right-medium:1.92%;--awb-spacing-left-medium:1.92%;--awb-width-small:100%;--awb-order-small:0;--awb-spacing-right-small:1.92%;--awb-spacing-left-small:1.92%;\"><div class=\"fusion-column-wrapper fusion-column-has-shadow fusion-flex-justify-content-flex-start fusion-content-layout-column\"><div class=\"fusion-text fusion-text-1\"><p><span style=\"font-weight: 400;\">Neglig\u00eancia m\u00e9dica por s\u00e9psis ocorre quando sofre de tratamento negligente antes, durante ou ap\u00f3s o desenvolvimento desta condi\u00e7\u00e3o altamente perigosa. A neglig\u00eancia m\u00e9dica associada a erros no tratamento da sua s\u00e9psis pode ter um impacto na sua vida atual e futura.\u00a0<\/span><\/p>\n<p><a href=\"https:\/\/pbnlitigation.ie\/pt\/medical-negligence\/\"><span style=\"font-weight: 400;\">Neglig\u00eancia m\u00e9dica <\/span><\/a><span style=\"font-weight: 400;\">\u00e9 o tratamento abaixo de um n\u00edvel que qualquer outro profissional m\u00e9dico prestaria em circunst\u00e2ncias semelhantes? Todos os profissionais m\u00e9dicos t\u00eam o dever de cuidado para consigo. Se violarem esse dever de cuidado ao trat\u00e1-lo de s\u00e9psis, poder\u00e1 ter direito a uma indemniza\u00e7\u00e3o por neglig\u00eancia m\u00e9dica*.\u00a0<\/span><\/p>\n<p><span style=\"font-weight: 400;\">Pode sofrer de neglig\u00eancia por s\u00e9psis nas urg\u00eancias quando o m\u00e9dico n\u00e3o deteta os sintomas da doen\u00e7a. Pode tratar-se de neglig\u00eancia por s\u00e9psis se o m\u00e9dico respons\u00e1vel pelo tratamento n\u00e3o administrar a dose correta de antibi\u00f3ticos.\u00a0<\/span><\/p>\n<p><span style=\"font-weight: 400;\">Qualquer neglig\u00eancia m\u00e9dica pode atrasar o tratamento e at\u00e9 colocar a sua vida em perigo, e poder\u00e1 ter direito a uma indemniza\u00e7\u00e3o por neglig\u00eancia relacionada com s\u00e9psis*.\u00a0<\/span><\/p>\n<p><span style=\"font-weight: 400;\">Os advogados de contencioso da PBN Litigation em Dublin podem apresentar uma reclama\u00e7\u00e3o de indemniza\u00e7\u00e3o por neglig\u00eancia m\u00e9dica relacionada com s\u00e9psis em seu nome.\u00a0<\/span><\/p>\n<\/div><\/div><\/div><\/div><\/div><div class=\"fusion-fullwidth fullwidth-box fusion-builder-row-2 fusion-flex-container has-pattern-background has-mask-background nonhundred-percent-fullwidth non-hundred-percent-height-scrolling\" style=\"--awb-border-radius-top-left:0px;--awb-border-radius-top-right:0px;--awb-border-radius-bottom-right:0px;--awb-border-radius-bottom-left:0px;--awb-flex-wrap:wrap;\" ><div class=\"fusion-builder-row fusion-row fusion-flex-align-items-flex-start fusion-flex-content-wrap\" style=\"max-width:1216.8px;margin-left: calc(-4% \/ 2 );margin-right: calc(-4% \/ 2 );\"><div class=\"fusion-layout-column fusion_builder_column fusion-builder-column-1 fusion_builder_column_1_1 1_1 fusion-flex-column\" style=\"--awb-bg-size:cover;--awb-width-large:100%;--awb-margin-top-large:0px;--awb-spacing-right-large:1.92%;--awb-margin-bottom-large:0px;--awb-spacing-left-large:1.92%;--awb-width-medium:100%;--awb-order-medium:0;--awb-spacing-right-medium:1.92%;--awb-spacing-left-medium:1.92%;--awb-width-small:100%;--awb-order-small:0;--awb-spacing-right-small:1.92%;--awb-spacing-left-small:1.92%;\"><div class=\"fusion-column-wrapper fusion-column-has-shadow fusion-flex-justify-content-flex-start fusion-content-layout-column\"><div class=\"fusion-title title fusion-title-1 fusion-title-text fusion-title-size-three\" style=\"--awb-margin-top-small:0px;--awb-margin-right-small:0px;--awb-margin-bottom-small:20px;--awb-margin-left-small:0px;\"><div class=\"title-sep-container title-sep-container-left fusion-no-large-visibility fusion-no-medium-visibility fusion-no-small-visibility\"><div class=\"title-sep sep- sep-solid\" style=\"border-color:var(--awb-color3);\"><\/div><\/div><span class=\"awb-title-spacer fusion-no-large-visibility fusion-no-medium-visibility fusion-no-small-visibility\"><\/span><h3 class=\"fusion-title-heading title-heading-left\" style=\"margin:0;text-transform:uppercase;\">\u00cdndice<\/h3><span class=\"awb-title-spacer\"><\/span><div class=\"title-sep-container title-sep-container-right\"><div class=\"title-sep sep- sep-solid\" style=\"border-color:var(--awb-color3);\"><\/div><\/div><\/div><div class=\"awb-toc-el awb-toc-el--1\" data-awb-toc-id=\"1\" data-awb-toc-options=\"{&quot;allowed_heading_tags&quot;:{&quot;h2&quot;:0,&quot;h3&quot;:1},&quot;ignore_headings&quot;:&quot;&quot;,&quot;ignore_headings_words&quot;:&quot;Table of Content|Contact Us Today&quot;,&quot;enable_cache&quot;:&quot;yes&quot;,&quot;highlight_current_heading&quot;:&quot;no&quot;,&quot;hide_hidden_titles&quot;:&quot;yes&quot;,&quot;limit_container&quot;:&quot;all&quot;,&quot;select_custom_headings&quot;:&quot;&quot;,&quot;icon&quot;:&quot;fa-angle-right fas&quot;,&quot;counter_type&quot;:&quot;custom_icon&quot;}\" style=\"--awb-counter-color:var(--awb-color7);\"><div class=\"awb-toc-el__content\"><ul class=\"awb-toc-el__list awb-toc-el__list--0\"><li class=\"awb-toc-el__list-item\"><a class=\"awb-toc-el__item-anchor\" href=\"#toc_What_is_sepsis\"><span class=\"awb-toc-el__item-icon fa-angle-right fas\"><\/span>O que \u00e9 a s\u00e9psis?<\/a><\/li><li class=\"awb-toc-el__list-item\"><a class=\"awb-toc-el__item-anchor\" href=\"#toc_How_can_negligence_lead_to_sepsis\"><span class=\"awb-toc-el__item-icon fa-angle-right fas\"><\/span>Como \u00e9 que a neglig\u00eancia pode levar \u00e0 s\u00e9psis?<\/a><\/li><li class=\"awb-toc-el__list-item\"><a class=\"awb-toc-el__item-anchor\" href=\"#toc_What_is_a_sepsis_negligence_claim\"><span class=\"awb-toc-el__item-icon fa-angle-right fas\"><\/span>O que \u00e9 uma reclama\u00e7\u00e3o por neglig\u00eancia m\u00e9dica relacionada com s\u00e9psis?<\/a><\/li><li class=\"awb-toc-el__list-item\"><a class=\"awb-toc-el__item-anchor\" href=\"#toc_Common_sepsis_negligence_claims\"><span class=\"awb-toc-el__item-icon fa-angle-right fas\"><\/span>Reclama\u00e7\u00f5es comuns por neglig\u00eancia em casos de s\u00e9psis*?<\/a><ul class=\"awb-toc-el__list awb-toc-el__list--1\"><li class=\"awb-toc-el__list-item\"><a class=\"awb-toc-el__item-anchor\" href=\"#toc_Failing_to_diagnose_sepsis_from_the_symptoms_claim\"><span class=\"awb-toc-el__item-icon fa-angle-right fas\"><\/span>Alega\u00e7\u00e3o de falha no diagn\u00f3stico de s\u00e9psis a partir dos sintomas<\/a><\/li><li class=\"awb-toc-el__list-item\"><a class=\"awb-toc-el__item-anchor\" href=\"#toc_Misdiagnosis_of_sepsis_as_another_condition_claim\"><span class=\"awb-toc-el__item-icon fa-angle-right fas\"><\/span>Reclama\u00e7\u00e3o por erro de diagn\u00f3stico de s\u00e9psis como outra condi\u00e7\u00e3o<\/a><\/li><li class=\"awb-toc-el__list-item\"><a class=\"awb-toc-el__item-anchor\" href=\"#toc_Delays_in_treating_a_patient_with_sepsis_claim\"><span class=\"awb-toc-el__item-icon fa-angle-right fas\"><\/span>Atraso no tratamento de um pedido de indemniza\u00e7\u00e3o por s\u00e9psis<\/a><\/li><li class=\"awb-toc-el__list-item\"><a class=\"awb-toc-el__item-anchor\" href=\"#toc_Medical_negligence_in_the_treatment_of_sepsis_claim\"><span class=\"awb-toc-el__item-icon fa-angle-right fas\"><\/span>Pedido de indemniza\u00e7\u00e3o por neglig\u00eancia m\u00e9dica no tratamento da s\u00e9psis<\/a><\/li><\/ul><\/li><li class=\"awb-toc-el__list-item\"><a class=\"awb-toc-el__item-anchor\" href=\"#toc_Who_can_be_at_fault_for_sepsis_negligence\"><span class=\"awb-toc-el__item-icon fa-angle-right fas\"><\/span>Quem pode ser responsabilizado porneglig\u00eancia em casos de s\u00e9psis?<\/a><\/li><li class=\"awb-toc-el__list-item\"><a class=\"awb-toc-el__item-anchor\" href=\"#toc_Compensation_in_a_sepsis_negligence_claim\"><span class=\"awb-toc-el__item-icon fa-angle-right fas\"><\/span>Indemniza\u00e7\u00e3o numa reclama\u00e7\u00e3o por neglig\u00eancia por s\u00e9psis<\/a><ul class=\"awb-toc-el__list awb-toc-el__list--1\"><li class=\"awb-toc-el__list-item\"><a class=\"awb-toc-el__item-anchor\" href=\"#toc_Damages_in_a_Sepsis_negligence_claim\"><span class=\"awb-toc-el__item-icon fa-angle-right fas\"><\/span>Indemniza\u00e7\u00f5es numa a\u00e7\u00e3o por neglig\u00eancia m\u00e9dica relacionada com s\u00e9psis<\/a><\/li><\/ul><\/li><li class=\"awb-toc-el__list-item\"><a class=\"awb-toc-el__item-anchor\" href=\"#toc_Make_a_Sepsis_negligence_claim_today\"><span class=\"awb-toc-el__item-icon fa-angle-right fas\"><\/span>Apresente uma reclama\u00e7\u00e3o por neglig\u00eancia m\u00e9dica relacionada com s\u00e9psis hoje<\/a><\/li><\/ul><\/div><\/div><\/div><\/div><\/div><\/div><div id=\"what\" class=\"fusion-container-anchor\"><div class=\"fusion-fullwidth fullwidth-box fusion-builder-row-3 fusion-flex-container has-pattern-background has-mask-background nonhundred-percent-fullwidth non-hundred-percent-height-scrolling\" style=\"--awb-border-radius-top-left:0px;--awb-border-radius-top-right:0px;--awb-border-radius-bottom-right:0px;--awb-border-radius-bottom-left:0px;--awb-background-color:#ffffff;--awb-flex-wrap:wrap;\" ><div class=\"fusion-builder-row fusion-row fusion-flex-align-items-flex-start fusion-flex-content-wrap\" style=\"max-width:1216.8px;margin-left: calc(-4% \/ 2 );margin-right: calc(-4% \/ 2 );\"><div class=\"fusion-layout-column fusion_builder_column fusion-builder-column-2 fusion_builder_column_1_1 1_1 fusion-flex-column\" style=\"--awb-bg-size:cover;--awb-width-large:100%;--awb-margin-top-large:0px;--awb-spacing-right-large:1.92%;--awb-margin-bottom-large:0px;--awb-spacing-left-large:1.92%;--awb-width-medium:100%;--awb-order-medium:0;--awb-spacing-right-medium:1.92%;--awb-spacing-left-medium:1.92%;--awb-width-small:100%;--awb-order-small:0;--awb-spacing-right-small:1.92%;--awb-spacing-left-small:1.92%;\"><div class=\"fusion-column-wrapper fusion-column-has-shadow fusion-flex-justify-content-flex-start fusion-content-layout-column\"><div class=\"fusion-title title fusion-title-2 fusion-title-text fusion-title-size-two\" style=\"--awb-margin-top-small:0px;--awb-margin-right-small:0px;--awb-margin-bottom-small:20px;--awb-margin-left-small:0px;\"><div class=\"title-sep-container title-sep-container-left fusion-no-large-visibility fusion-no-medium-visibility fusion-no-small-visibility\"><div class=\"title-sep sep- sep-solid\" style=\"border-color:var(--awb-color3);\"><\/div><\/div><span class=\"awb-title-spacer fusion-no-large-visibility fusion-no-medium-visibility fusion-no-small-visibility\"><\/span><h2 class=\"fusion-title-heading title-heading-left\" style=\"margin:0;text-transform:uppercase;\">O que \u00e9 a s\u00e9psis?<\/h2><span class=\"awb-title-spacer\"><\/span><div class=\"title-sep-container title-sep-container-right\"><div class=\"title-sep sep- sep-solid\" style=\"border-color:var(--awb-color3);\"><\/div><\/div><\/div><div class=\"fusion-text fusion-text-2\"><p><span style=\"font-weight: 400;\">A s\u00e9psis \u00e9 uma condi\u00e7\u00e3o potencialmente fatal decorrente de uma rea\u00e7\u00e3o grave do organismo a uma infe\u00e7\u00e3o. Em vez de o sistema imunit\u00e1rio combater a infe\u00e7\u00e3o, volta-se contra o pr\u00f3prio corpo, fazendo com que os \u00f3rg\u00e3os internos n\u00e3o funcionem corretamente e o doente fique muito grave.\u00a0<\/span><\/p>\n<p><span style=\"font-weight: 400;\">Nos casos em que a s\u00e9psis n\u00e3o \u00e9 tratada adequadamente, o corpo pode entrar em choque. Os \u00f3rg\u00e3os do corpo podem falhar e o doente pode cair em febre e coma, uma condi\u00e7\u00e3o conhecida como choque s\u00e9tico.\u00a0<\/span><\/p>\n<p><span style=\"font-weight: 400;\">Na Irlanda, quase<\/span><a href=\"https:\/\/www.rte.ie\/news\/health\/2023\/0912\/1404864-health-sepsis\/\"><span style=\"font-weight: 400;\"> 3.000 pessoas morrem no hospital devido a sepsis grave <\/span><\/a><span style=\"font-weight: 400;\">todos os anos. Os estudos revelam que cada hora em que a s\u00e9psis fica sem tratamento aumenta em 8% o risco de morte. Com mais de 13 000 casos de s\u00e9psis registados nos hospitais irlandeses e com a falta de pessoal e a fadiga a causar atrasos, ningu\u00e9m pode dar-se ao luxo de sofrer neglig\u00eancia no tratamento da s\u00e9psis.\u00a0<\/span><\/p>\n<p><span style=\"font-weight: 400;\">\u00c9 vital combater os sintomas da s\u00e9psis o mais rapidamente poss\u00edvel, e o tratamento m\u00e9dico negligente em casos de s\u00e9psis pode ser fatal.\u00a0<\/span><\/p>\n<p><span style=\"font-weight: 400;\">Os sintomas de s\u00e9psis podem ser: <\/span><\/p>\n<\/div><ul style=\"--awb-margin-bottom:25px;--awb-line-height:27.2px;--awb-icon-width:27.2px;--awb-icon-height:27.2px;--awb-icon-margin:11.2px;--awb-content-margin:38.4px;\" class=\"fusion-checklist fusion-checklist-1 fusion-checklist-default type-icons\"><li class=\"fusion-li-item\" style=\"\"><span class=\"icon-wrapper circle-no\"><i class=\"fusion-li-icon fa-angle-right fas\" aria-hidden=\"true\"><\/i><\/span><div class=\"fusion-li-item-content\">Uma ferida ou infe\u00e7\u00e3o que n\u00e3o desaparece<\/div><\/li><li class=\"fusion-li-item\" style=\"\"><span class=\"icon-wrapper circle-no\"><i class=\"fusion-li-icon fa-angle-right fas\" aria-hidden=\"true\"><\/i><\/span><div class=\"fusion-li-item-content\">Dificuldade em respirar<\/div><\/li><li class=\"fusion-li-item\" style=\"\"><span class=\"icon-wrapper circle-no\"><i class=\"fusion-li-icon fa-angle-right fas\" aria-hidden=\"true\"><\/i><\/span><div class=\"fusion-li-item-content\">Pele h\u00famida e fria<\/div><\/li><li class=\"fusion-li-item\" style=\"\"><span class=\"icon-wrapper circle-no\"><i class=\"fusion-li-icon fa-angle-right fas\" aria-hidden=\"true\"><\/i><\/span><div class=\"fusion-li-item-content\">Suar sem febre<\/div><\/li><li class=\"fusion-li-item\" style=\"\"><span class=\"icon-wrapper circle-no\"><i class=\"fusion-li-icon fa-angle-right fas\" aria-hidden=\"true\"><\/i><\/span><div class=\"fusion-li-item-content\">Tontura leve<\/div><\/li><li class=\"fusion-li-item\" style=\"\"><span class=\"icon-wrapper circle-no\"><i class=\"fusion-li-icon fa-angle-right fas\" aria-hidden=\"true\"><\/i><\/span><div class=\"fusion-li-item-content\">Tremores constantes<\/div><\/li><li class=\"fusion-li-item\" style=\"\"><span class=\"icon-wrapper circle-no\"><i class=\"fusion-li-icon fa-angle-right fas\" aria-hidden=\"true\"><\/i><\/span><div class=\"fusion-li-item-content\">Alucina\u00e7\u00f5es<\/div><\/li><li class=\"fusion-li-item\" style=\"\"><span class=\"icon-wrapper circle-no\"><i class=\"fusion-li-icon fa-angle-right fas\" aria-hidden=\"true\"><\/i><\/span><div class=\"fusion-li-item-content\">Sintomas graves de uma infe\u00e7\u00e3o original<\/div><\/li><li class=\"fusion-li-item\" style=\"\"><span class=\"icon-wrapper circle-no\"><i class=\"fusion-li-icon fa-angle-right fas\" aria-hidden=\"true\"><\/i><\/span><div class=\"fusion-li-item-content\">Estar perturbado mental e emocionalmente<\/div><\/li><\/ul><div class=\"fusion-text fusion-text-3\"><p><span style=\"font-weight: 400;\">H\u00e1 muitos sintomas de sepse, mas todos os profissionais de sa\u00fade devem estar cientes da condi\u00e7\u00e3o, e falhar na identifica\u00e7\u00e3o dos sinais de sepse pode constituir neglig\u00eancia m\u00e9dica por sepse.\u00a0<\/span><\/p>\n<p><span style=\"font-weight: 400;\">Beb\u00e9s, crian\u00e7as pequenas com menos de cinco anos, doentes idosos e pessoas que j\u00e1 tiveram s\u00e9psis no passado s\u00e3o particularmente vulner\u00e1veis \u00e0 s\u00e9psis. O m\u00e9dico, o enfermeiro e o param\u00e9dico devem tratar estes doentes com especial cuidado e verificar os registos m\u00e9dicos em busca de sinais de s\u00e9psis.\u00a0<\/span><\/p>\n<p><span style=\"font-weight: 400;\">Se voc\u00ea ou um ente querido sofreu neglig\u00eancia quando teve s\u00e9psis, poder\u00e1 ter direito a uma indemniza\u00e7\u00e3o por neglig\u00eancia m\u00e9dica*. <\/span><\/p>\n<\/div><\/div><\/div><\/div><\/div><\/div><div id=\"what\" class=\"fusion-container-anchor\"><div class=\"fusion-fullwidth fullwidth-box fusion-builder-row-4 fusion-flex-container has-pattern-background has-mask-background nonhundred-percent-fullwidth non-hundred-percent-height-scrolling\" style=\"--awb-border-radius-top-left:0px;--awb-border-radius-top-right:0px;--awb-border-radius-bottom-right:0px;--awb-border-radius-bottom-left:0px;--awb-flex-wrap:wrap;\" ><div class=\"fusion-builder-row fusion-row fusion-flex-align-items-flex-start fusion-flex-content-wrap\" style=\"max-width:1216.8px;margin-left: calc(-4% \/ 2 );margin-right: calc(-4% \/ 2 );\"><div class=\"fusion-layout-column fusion_builder_column fusion-builder-column-3 fusion_builder_column_1_1 1_1 fusion-flex-column\" style=\"--awb-bg-size:cover;--awb-width-large:100%;--awb-margin-top-large:0px;--awb-spacing-right-large:1.92%;--awb-margin-bottom-large:0px;--awb-spacing-left-large:1.92%;--awb-width-medium:100%;--awb-order-medium:0;--awb-spacing-right-medium:1.92%;--awb-spacing-left-medium:1.92%;--awb-width-small:100%;--awb-order-small:0;--awb-spacing-right-small:1.92%;--awb-spacing-left-small:1.92%;\"><div class=\"fusion-column-wrapper fusion-column-has-shadow fusion-flex-justify-content-flex-start fusion-content-layout-column\"><div class=\"fusion-title title fusion-title-3 fusion-title-text fusion-title-size-two\" style=\"--awb-margin-top-small:0px;--awb-margin-right-small:0px;--awb-margin-bottom-small:20px;--awb-margin-left-small:0px;\"><div class=\"title-sep-container title-sep-container-left fusion-no-large-visibility fusion-no-medium-visibility fusion-no-small-visibility\"><div class=\"title-sep sep- sep-solid\" style=\"border-color:var(--awb-color3);\"><\/div><\/div><span class=\"awb-title-spacer fusion-no-large-visibility fusion-no-medium-visibility fusion-no-small-visibility\"><\/span><h2 class=\"fusion-title-heading title-heading-left\" style=\"margin:0;text-transform:uppercase;\">Como \u00e9 que a neglig\u00eancia pode levar \u00e0 s\u00e9psis?<\/h2><span class=\"awb-title-spacer\"><\/span><div class=\"title-sep-container title-sep-container-right\"><div class=\"title-sep sep- sep-solid\" style=\"border-color:var(--awb-color3);\"><\/div><\/div><\/div><div class=\"fusion-text fusion-text-4\"><p><span style=\"font-weight: 400;\">A neglig\u00eancia pode levar \u00e0 s\u00e9psis quando o profissional m\u00e9dico comete erros durante o tratamento de um doente com uma infe\u00e7\u00e3o. Quando n\u00e3o \u00e9 tratada adequadamente, uma infe\u00e7\u00e3o pode n\u00e3o desaparecer e pode evoluir para s\u00e9psis.\u00a0<\/span><\/p>\n<p><span style=\"font-weight: 400;\">A s\u00e9psis ocorre quando o sistema imunit\u00e1rio do corpo se volta contra si pr\u00f3prio. O organismo come\u00e7a a falhar e pode entrar rapidamente em choque s\u00e9tico. A s\u00e9psis pode ser evitada se o m\u00e9dico administrar o antibi\u00f3tico correto na dose adequada aos primeiros sinais de infe\u00e7\u00e3o.\u00a0<\/span><\/p>\n<p><span style=\"font-weight: 400;\">A neglig\u00eancia m\u00e9dica de uma infec\u00e7\u00e3o que conduz a s\u00e9psis pode afetar o doente imediatamente e poder\u00e1 afet\u00e1-lo para o resto da vida. O profissional de sa\u00fade deve seguir as orienta\u00e7\u00f5es relativas \u00e0 s\u00e9psis para evitar a neglig\u00eancia que conduz a esta condi\u00e7\u00e3o.\u00a0<\/span><\/p>\n<p><span style=\"font-weight: 400;\">Os solicitadores especializados em neglig\u00eancia m\u00e9dica da PBN em Dublin podem analisar os detalhes do seu caso e verificar se tem uma reclama\u00e7\u00e3o v\u00e1lida por neglig\u00eancia em casos de s\u00e9psis*.<\/span><\/p>\n<\/div><\/div><\/div><\/div><\/div><\/div><div id=\"what\" class=\"fusion-container-anchor\"><div class=\"fusion-fullwidth fullwidth-box fusion-builder-row-5 fusion-flex-container has-pattern-background has-mask-background nonhundred-percent-fullwidth non-hundred-percent-height-scrolling\" style=\"--awb-border-radius-top-left:0px;--awb-border-radius-top-right:0px;--awb-border-radius-bottom-right:0px;--awb-border-radius-bottom-left:0px;--awb-background-color:#ffffff;--awb-flex-wrap:wrap;\" ><div class=\"fusion-builder-row fusion-row fusion-flex-align-items-flex-start fusion-flex-content-wrap\" style=\"max-width:1216.8px;margin-left: calc(-4% \/ 2 );margin-right: calc(-4% \/ 2 );\"><div class=\"fusion-layout-column fusion_builder_column fusion-builder-column-4 fusion_builder_column_1_1 1_1 fusion-flex-column\" style=\"--awb-bg-size:cover;--awb-width-large:100%;--awb-margin-top-large:0px;--awb-spacing-right-large:1.92%;--awb-margin-bottom-large:0px;--awb-spacing-left-large:1.92%;--awb-width-medium:100%;--awb-order-medium:0;--awb-spacing-right-medium:1.92%;--awb-spacing-left-medium:1.92%;--awb-width-small:100%;--awb-order-small:0;--awb-spacing-right-small:1.92%;--awb-spacing-left-small:1.92%;\"><div class=\"fusion-column-wrapper fusion-column-has-shadow fusion-flex-justify-content-flex-start fusion-content-layout-column\"><div class=\"fusion-title title fusion-title-4 fusion-title-text fusion-title-size-two\" style=\"--awb-margin-top-small:0px;--awb-margin-right-small:0px;--awb-margin-bottom-small:20px;--awb-margin-left-small:0px;\"><div class=\"title-sep-container title-sep-container-left fusion-no-large-visibility fusion-no-medium-visibility fusion-no-small-visibility\"><div class=\"title-sep sep- sep-solid\" style=\"border-color:var(--awb-color3);\"><\/div><\/div><span class=\"awb-title-spacer fusion-no-large-visibility fusion-no-medium-visibility fusion-no-small-visibility\"><\/span><h2 class=\"fusion-title-heading title-heading-left\" style=\"margin:0;text-transform:uppercase;\">O que \u00e9 uma reclama\u00e7\u00e3o por neglig\u00eancia m\u00e9dica relacionada com s\u00e9psis?<\/h2><span class=\"awb-title-spacer\"><\/span><div class=\"title-sep-container title-sep-container-right\"><div class=\"title-sep sep- sep-solid\" style=\"border-color:var(--awb-color3);\"><\/div><\/div><\/div><div class=\"fusion-text fusion-text-5\"><p><span style=\"font-weight: 400;\">Uma reclama\u00e7\u00e3o por neglig\u00eancia m\u00e9dica relacionada com a s\u00e9psis* ocorre quando procura compensa\u00e7\u00e3o pelos efeitos da neglig\u00eancia m\u00e9dica no seu tratamento da s\u00e9psis. Poder\u00e1 ter sofrido a neglig\u00eancia m\u00e9dica antes, durante ou depois de desenvolver s\u00e9psis.\u00a0<\/span><\/p>\n<p><span style=\"font-weight: 400;\">Na Irlanda, pode experienciar atrasos nos cuidados de urg\u00eancia e na consulta de um m\u00e9dico de fam\u00edlia (GP). Se tiver uma infe\u00e7\u00e3o, esta poder\u00e1 necessitar de tratamento imediato e quaisquer atrasos podem conduzir a s\u00e9psis. As crian\u00e7as s\u00e3o particularmente vulner\u00e1veis \u00e0 s\u00e9psis, e esta pode desenvolver-se rapidamente em menores de cinco anos de idade.\u00a0<\/span><\/p>\n<p><span style=\"font-weight: 400;\">A neglig\u00eancia m\u00e9dica pode levar ao desenvolvimento de s\u00e9psis devido a cuidados deficientes ou falta de dever de cuidado por parte do profissional m\u00e9dico. A s\u00e9psis requer uma resposta r\u00e1pida e precisa por parte da equipa que o\/a trata, e o atraso pode causar danos e dar origem a uma reclama\u00e7\u00e3o por neglig\u00eancia m\u00e9dica relacionada com s\u00e9psis*. <\/span><\/p>\n<\/div><\/div><\/div><\/div><\/div><\/div><div class=\"fusion-fullwidth fullwidth-box fusion-builder-row-6 fusion-flex-container has-pattern-background has-mask-background nonhundred-percent-fullwidth non-hundred-percent-height-scrolling\" style=\"--awb-border-radius-top-left:0px;--awb-border-radius-top-right:0px;--awb-border-radius-bottom-right:0px;--awb-border-radius-bottom-left:0px;--awb-background-color:var(--awb-color5);--awb-flex-wrap:wrap;\" ><div class=\"fusion-builder-row fusion-row fusion-flex-align-items-flex-start fusion-flex-content-wrap\" style=\"max-width:1216.8px;margin-left: calc(-4% \/ 2 );margin-right: calc(-4% \/ 2 );\"><div class=\"fusion-layout-column fusion_builder_column fusion-builder-column-5 fusion_builder_column_1_1 1_1 fusion-flex-column\" style=\"--awb-bg-size:cover;--awb-width-large:100%;--awb-margin-top-large:0px;--awb-spacing-right-large:1.92%;--awb-margin-bottom-large:0px;--awb-spacing-left-large:1.92%;--awb-width-medium:100%;--awb-order-medium:0;--awb-spacing-right-medium:1.92%;--awb-spacing-left-medium:1.92%;--awb-width-small:100%;--awb-order-small:0;--awb-spacing-right-small:1.92%;--awb-spacing-left-small:1.92%;\"><div class=\"fusion-column-wrapper fusion-column-has-shadow fusion-flex-justify-content-flex-start fusion-content-layout-column\"><div class=\"fusion-title title fusion-title-5 fusion-title-center fusion-title-text fusion-title-size-four\" style=\"--awb-text-color:var(--awb-color1);--awb-margin-top-small:0px;--awb-margin-right-small:0px;--awb-margin-bottom-small:20px;--awb-margin-left-small:0px;\"><div class=\"title-sep-container title-sep-container-left\"><div class=\"title-sep sep- sep-solid\" style=\"border-color:var(--awb-color3);\"><\/div><\/div><span class=\"awb-title-spacer\"><\/span><h4 class=\"fusion-title-heading title-heading-center\" style=\"margin:0;text-transform:uppercase;\">D\u00ea in\u00edcio ao seu processo por neglig\u00eancia m\u00e9dica ainda hoje, contactando <span style=\"font-weight: 400;\">PBN<\/span> advogados.<\/h4><span class=\"awb-title-spacer\"><\/span><div class=\"title-sep-container title-sep-container-right\"><div class=\"title-sep sep- sep-solid\" style=\"border-color:var(--awb-color3);\"><\/div><\/div><\/div><div class=\"fusion-text fusion-text-6\" style=\"--awb-text-color:var(--awb-color1);\"><p style=\"text-align: center;\">Os advogados da PBN t\u00eam essa experi\u00eancia e compreens\u00e3o para o acompanhar em cada passo de uma reclama\u00e7\u00e3o de indemniza\u00e7\u00e3o por neglig\u00eancia m\u00e9dica*.<\/p>\n<\/div><div style=\"text-align:center;\"><a class=\"fusion-button button-flat fusion-button-default-size button-custom fusion-button-default button-1 fusion-button-default-span fusion-button-default-type\" style=\"--button_accent_color:var(--awb-color5);--button_border_color:var(--awb-color5);--button_accent_hover_color:var(--awb-color1);--button_border_hover_color:var(--awb-color1);--button_gradient_top_color:var(--awb-color1);--button_gradient_bottom_color:var(--awb-color1);--button_gradient_top_color_hover:hsla(var(--awb-color5-h),calc(var(--awb-color5-s) - 2%),calc(var(--awb-color5-l) - 7%),var(--awb-color5-a));--button_gradient_bottom_color_hover:hsla(var(--awb-color5-h),calc(var(--awb-color5-s) - 2%),calc(var(--awb-color5-l) - 7%),var(--awb-color5-a));\" target=\"_self\" href=\"https:\/\/pbnlitigation.ie\/pt\/claim-assessment\/\"><span class=\"fusion-button-text awb-button__text awb-button__text--default\">INICIAR AVALIA\u00c7\u00c3O DO PEDIDO DE INDEMNIZA\u00c7\u00c3O*<\/span><\/a><\/div><\/div><\/div><\/div><\/div>\n<div id=\"common\" class=\"fusion-container-anchor\"><div class=\"fusion-fullwidth fullwidth-box fusion-builder-row-7 fusion-flex-container has-pattern-background has-mask-background nonhundred-percent-fullwidth non-hundred-percent-height-scrolling\" style=\"--awb-border-radius-top-left:0px;--awb-border-radius-top-right:0px;--awb-border-radius-bottom-right:0px;--awb-border-radius-bottom-left:0px;--awb-padding-bottom:0px;--awb-flex-wrap:wrap;\" ><div class=\"fusion-builder-row fusion-row fusion-flex-align-items-flex-start fusion-flex-content-wrap\" style=\"max-width:1216.8px;margin-left: calc(-4% \/ 2 );margin-right: calc(-4% \/ 2 );\"><div class=\"fusion-layout-column fusion_builder_column fusion-builder-column-6 fusion_builder_column_1_1 1_1 fusion-flex-column\" style=\"--awb-bg-size:cover;--awb-width-large:100%;--awb-margin-top-large:0px;--awb-spacing-right-large:1.92%;--awb-margin-bottom-large:0px;--awb-spacing-left-large:1.92%;--awb-width-medium:100%;--awb-order-medium:0;--awb-spacing-right-medium:1.92%;--awb-spacing-left-medium:1.92%;--awb-width-small:100%;--awb-order-small:0;--awb-spacing-right-small:1.92%;--awb-spacing-left-small:1.92%;\"><div class=\"fusion-column-wrapper fusion-column-has-shadow fusion-flex-justify-content-flex-start fusion-content-layout-column\"><div class=\"fusion-title title fusion-title-6 fusion-title-text fusion-title-size-two\" style=\"--awb-margin-top-small:0px;--awb-margin-right-small:0px;--awb-margin-bottom-small:20px;--awb-margin-left-small:0px;\"><div class=\"title-sep-container title-sep-container-left fusion-no-large-visibility fusion-no-medium-visibility fusion-no-small-visibility\"><div class=\"title-sep sep- sep-solid\" style=\"border-color:var(--awb-color3);\"><\/div><\/div><span class=\"awb-title-spacer fusion-no-large-visibility fusion-no-medium-visibility fusion-no-small-visibility\"><\/span><h2 class=\"fusion-title-heading title-heading-left\" style=\"margin:0;text-transform:uppercase;\">Reclama\u00e7\u00f5es comuns por neglig\u00eancia em casos de s\u00e9psis*?<\/h2><span class=\"awb-title-spacer\"><\/span><div class=\"title-sep-container title-sep-container-right\"><div class=\"title-sep sep- sep-solid\" style=\"border-color:var(--awb-color3);\"><\/div><\/div><\/div><div class=\"fusion-text fusion-text-7\"><p><span style=\"font-weight: 400;\">As reclama\u00e7\u00f5es comuns por neglig\u00eancia m\u00e9dica relacionada com a s\u00e9psis variam desde atrasos no tratamento dos sintomas da s\u00e9psis at\u00e9 erros no tratamento da mesma. O profissional de sa\u00fade que o acompanha deve estar ciente da s\u00e9psis e dos perigos de ignorar os respetivos sintomas.\u00a0<\/span><\/p>\n<p><span style=\"font-weight: 400;\">Os atrasos no tratamento da s\u00e9psis podem dar origem a uma emerg\u00eancia m\u00e9dica e podem ser fatais em alguns casos.\u00a0<\/span><\/p>\n<p><span style=\"font-weight: 400;\">Reclama\u00e7\u00f5es comuns porneglig\u00eancia m\u00e9dica por s\u00e9psis na Irlanda: <\/span><\/p>\n<\/div><ul style=\"--awb-margin-bottom:25px;--awb-line-height:27.2px;--awb-icon-width:27.2px;--awb-icon-height:27.2px;--awb-icon-margin:11.2px;--awb-content-margin:38.4px;\" class=\"fusion-checklist fusion-checklist-2 fusion-checklist-default type-icons\"><li class=\"fusion-li-item\" style=\"\"><span class=\"icon-wrapper circle-no\"><i class=\"fusion-li-icon fa-angle-right fas\" aria-hidden=\"true\"><\/i><\/span><div class=\"fusion-li-item-content\">\n<p><a href=\"https:\/\/pbnlitigation.ie\/pt\/medical-negligence\/misdiagnosis-or-late-diagnosis-claim\/\"><span style=\"font-weight: 400;\">Alega\u00e7\u00e3o de falha no diagn\u00f3stico de s\u00e9psis a partir dos sintomas <\/span><\/a><\/p>\n<\/div><\/li><li class=\"fusion-li-item\" style=\"\"><span class=\"icon-wrapper circle-no\"><i class=\"fusion-li-icon fa-angle-right fas\" aria-hidden=\"true\"><\/i><\/span><div class=\"fusion-li-item-content\">\n<p><a href=\"https:\/\/pbnlitigation.ie\/pt\/medical-negligence\/misdiagnosis-or-late-diagnosis-claim\/\"><span style=\"font-weight: 400;\">Reclama\u00e7\u00e3o por erro de diagn\u00f3stico de s\u00e9psis como outra condi\u00e7\u00e3o <\/span><\/a><\/p>\n<\/div><\/li><li class=\"fusion-li-item\" style=\"\"><span class=\"icon-wrapper circle-no\"><i class=\"fusion-li-icon fa-angle-right fas\" aria-hidden=\"true\"><\/i><\/span><div class=\"fusion-li-item-content\">Atraso no tratamento de um pedido de indemniza\u00e7\u00e3o por s\u00e9psis<\/div><\/li><li class=\"fusion-li-item\" style=\"\"><span class=\"icon-wrapper circle-no\"><i class=\"fusion-li-icon fa-angle-right fas\" aria-hidden=\"true\"><\/i><\/span><div class=\"fusion-li-item-content\">Pedido de indemniza\u00e7\u00e3o por neglig\u00eancia m\u00e9dica no tratamento da s\u00e9psis<\/div><\/li><li class=\"fusion-li-item\" style=\"\"><span class=\"icon-wrapper circle-no\"><i class=\"fusion-li-icon fa-angle-right fas\" aria-hidden=\"true\"><\/i><\/span><div class=\"fusion-li-item-content\">\n<p><a href=\"https:\/\/pbnlitigation.ie\/pt\/medical-negligence\/surgical-negligence\/\"><span style=\"font-weight: 400;\">Reclama\u00e7\u00e3o por s\u00e9psis devida a cuidados deficientes ap\u00f3s a cirurgia<\/span><\/a><\/p>\n<\/div><\/li><\/ul><\/div><\/div><\/div><\/div><\/div><div id=\"pinhole\" class=\"fusion-container-anchor\"><div class=\"fusion-fullwidth fullwidth-box fusion-builder-row-8 fusion-flex-container has-pattern-background has-mask-background nonhundred-percent-fullwidth non-hundred-percent-height-scrolling\" style=\"--awb-border-radius-top-left:0px;--awb-border-radius-top-right:0px;--awb-border-radius-bottom-right:0px;--awb-border-radius-bottom-left:0px;--awb-padding-top:0px;--awb-padding-bottom:20px;--awb-flex-wrap:wrap;\" ><div class=\"fusion-builder-row fusion-row fusion-flex-align-items-flex-start fusion-flex-content-wrap\" style=\"max-width:1216.8px;margin-left: calc(-4% \/ 2 );margin-right: calc(-4% \/ 2 );\"><div class=\"fusion-layout-column fusion_builder_column fusion-builder-column-7 fusion_builder_column_1_1 1_1 fusion-flex-column\" style=\"--awb-padding-top:20px;--awb-padding-right:30px;--awb-padding-left:30px;--awb-bg-color:#ffffff;--awb-bg-color-hover:#ffffff;--awb-bg-size:cover;--awb-width-large:100%;--awb-margin-top-large:0px;--awb-spacing-right-large:1.92%;--awb-margin-bottom-large:0px;--awb-spacing-left-large:1.92%;--awb-width-medium:100%;--awb-order-medium:0;--awb-spacing-right-medium:1.92%;--awb-spacing-left-medium:1.92%;--awb-width-small:100%;--awb-order-small:0;--awb-spacing-right-small:1.92%;--awb-spacing-left-small:1.92%;\" data-scroll-devices=\"small-visibility,medium-visibility,large-visibility\"><div class=\"fusion-column-wrapper fusion-column-has-shadow fusion-flex-justify-content-flex-start fusion-content-layout-column\"><div class=\"fusion-title title fusion-title-7 fusion-title-text fusion-title-size-three\" style=\"--awb-margin-top-small:0px;--awb-margin-right-small:0px;--awb-margin-bottom-small:20px;--awb-margin-left-small:0px;\"><div class=\"title-sep-container title-sep-container-left fusion-no-large-visibility fusion-no-medium-visibility fusion-no-small-visibility\"><div class=\"title-sep sep- sep-solid\" style=\"border-color:var(--awb-color3);\"><\/div><\/div><span class=\"awb-title-spacer fusion-no-large-visibility fusion-no-medium-visibility fusion-no-small-visibility\"><\/span><h3 class=\"fusion-title-heading title-heading-left\" style=\"margin:0;text-transform:uppercase;\">Alega\u00e7\u00e3o de falha no diagn\u00f3stico de s\u00e9psis a partir dos sintomas<\/h3><span class=\"awb-title-spacer\"><\/span><div class=\"title-sep-container title-sep-container-right\"><div class=\"title-sep sep- sep-solid\" style=\"border-color:var(--awb-color3);\"><\/div><\/div><\/div><div class=\"fusion-text fusion-text-8\"><p><span style=\"font-weight: 400;\">O erro no diagn\u00f3stico de s\u00e9psis a partir dos sintomas ocorre frequentemente em pedidos de indemniza\u00e7\u00e3o por neglig\u00eancia m\u00e9dica na Irlanda. Todos os profissionais de sa\u00fade devem conhecer os sintomas da s\u00e9psis e estar preparados para agir perante a condi\u00e7\u00e3o.\u00a0<\/span><\/p>\n<p><span style=\"font-weight: 400;\">Tipos de neglig\u00eancia por falha no diagn\u00f3stico de sepsis: <\/span><\/p>\n<\/div><ul style=\"--awb-margin-bottom:25px;--awb-line-height:27.2px;--awb-icon-width:27.2px;--awb-icon-height:27.2px;--awb-icon-margin:11.2px;--awb-content-margin:38.4px;\" class=\"fusion-checklist fusion-checklist-3 fusion-checklist-default type-icons\"><li class=\"fusion-li-item\" style=\"\"><span class=\"icon-wrapper circle-no\"><i class=\"fusion-li-icon fa-angle-right fas\" aria-hidden=\"true\"><\/i><\/span><div class=\"fusion-li-item-content\">N\u00e3o detetar os sinais de s\u00e9psis num rec\u00e9m-nascido<\/div><\/li><li class=\"fusion-li-item\" style=\"\"><span class=\"icon-wrapper circle-no\"><i class=\"fusion-li-icon fa-angle-right fas\" aria-hidden=\"true\"><\/i><\/span><div class=\"fusion-li-item-content\">Perda dos sinais de s\u00e9psis na m\u00e3e ap\u00f3s o parto<\/div><\/li><li class=\"fusion-li-item\" style=\"\"><span class=\"icon-wrapper circle-no\"><i class=\"fusion-li-icon fa-angle-right fas\" aria-hidden=\"true\"><\/i><\/span><div class=\"fusion-li-item-content\">N\u00e3o identificar os sinais de s\u00e9psis num adulto com uma infe\u00e7\u00e3o<\/div><\/li><\/ul><div class=\"fusion-text fusion-text-9\"><p><span style=\"font-weight: 400;\">Poder\u00e1 ter uma reclama\u00e7\u00e3o por neglig\u00eancia m\u00e9dica relacionada com sepse devido \u00e0 falha de um profissional de sa\u00fade em diagnosticar a sepse. <\/span><\/p>\n<\/div><\/div><\/div><\/div><\/div><\/div><div id=\"medication\" class=\"fusion-container-anchor\"><div class=\"fusion-fullwidth fullwidth-box fusion-builder-row-9 fusion-flex-container has-pattern-background has-mask-background nonhundred-percent-fullwidth non-hundred-percent-height-scrolling\" style=\"--awb-border-radius-top-left:0px;--awb-border-radius-top-right:0px;--awb-border-radius-bottom-right:0px;--awb-border-radius-bottom-left:0px;--awb-padding-top:0px;--awb-padding-bottom:20px;--awb-flex-wrap:wrap;\" ><div class=\"fusion-builder-row fusion-row fusion-flex-align-items-flex-start fusion-flex-content-wrap\" style=\"max-width:1216.8px;margin-left: calc(-4% \/ 2 );margin-right: calc(-4% \/ 2 );\"><div class=\"fusion-layout-column fusion_builder_column fusion-builder-column-8 fusion_builder_column_1_1 1_1 fusion-flex-column\" style=\"--awb-padding-top:20px;--awb-padding-right:30px;--awb-padding-left:30px;--awb-bg-color:#ffffff;--awb-bg-color-hover:#ffffff;--awb-bg-size:cover;--awb-width-large:100%;--awb-margin-top-large:0px;--awb-spacing-right-large:1.92%;--awb-margin-bottom-large:0px;--awb-spacing-left-large:1.92%;--awb-width-medium:100%;--awb-order-medium:0;--awb-spacing-right-medium:1.92%;--awb-spacing-left-medium:1.92%;--awb-width-small:100%;--awb-order-small:0;--awb-spacing-right-small:1.92%;--awb-spacing-left-small:1.92%;\" data-scroll-devices=\"small-visibility,medium-visibility,large-visibility\"><div class=\"fusion-column-wrapper fusion-column-has-shadow fusion-flex-justify-content-flex-start fusion-content-layout-column\"><div class=\"fusion-title title fusion-title-8 fusion-title-text fusion-title-size-three\" style=\"--awb-margin-top-small:0px;--awb-margin-right-small:0px;--awb-margin-bottom-small:20px;--awb-margin-left-small:0px;\"><div class=\"title-sep-container title-sep-container-left fusion-no-large-visibility fusion-no-medium-visibility fusion-no-small-visibility\"><div class=\"title-sep sep- sep-solid\" style=\"border-color:var(--awb-color3);\"><\/div><\/div><span class=\"awb-title-spacer fusion-no-large-visibility fusion-no-medium-visibility fusion-no-small-visibility\"><\/span><h3 class=\"fusion-title-heading title-heading-left\" style=\"margin:0;text-transform:uppercase;\">Reclama\u00e7\u00e3o por erro de diagn\u00f3stico de s\u00e9psis como outra condi\u00e7\u00e3o<\/h3><span class=\"awb-title-spacer\"><\/span><div class=\"title-sep-container title-sep-container-right\"><div class=\"title-sep sep- sep-solid\" style=\"border-color:var(--awb-color3);\"><\/div><\/div><\/div><div class=\"fusion-text fusion-text-10\"><p><span style=\"font-weight: 400;\">O diagn\u00f3stico errado de sepsis como outra condi\u00e7\u00e3o pode atrasar o tratamento, e os atrasos no tratamento da sepsis podem ser fatais. O profissional de sa\u00fade deve diagnosticar a sepsis com base nos sintomas e n\u00e3o cometer um erro de diagn\u00f3stico quando estiver doente.\u00a0<\/span><\/p>\n<p><span style=\"font-weight: 400;\">Qualquer erro de diagn\u00f3stico de s\u00e9psis como outra condi\u00e7\u00e3o poder\u00e1 perder a oportunidade vital de apanhar a infe\u00e7\u00e3o antes de esta se espalhar pelo corpo.\u00a0<\/span><\/p>\n<p><span style=\"font-weight: 400;\">Tipos de neglig\u00eancia no diagn\u00f3stico err\u00f3neo de s\u00e9psis como outra condi\u00e7\u00e3o:\u00a0<\/span><\/p>\n<\/div><ul style=\"--awb-margin-bottom:25px;--awb-line-height:27.2px;--awb-icon-width:27.2px;--awb-icon-height:27.2px;--awb-icon-margin:11.2px;--awb-content-margin:38.4px;\" class=\"fusion-checklist fusion-checklist-4 fusion-checklist-default type-icons\"><li class=\"fusion-li-item\" style=\"\"><span class=\"icon-wrapper circle-no\"><i class=\"fusion-li-icon fa-angle-right fas\" aria-hidden=\"true\"><\/i><\/span><div class=\"fusion-li-item-content\">Mau diagn\u00f3stico de s\u00e9psis como uma infe\u00e7\u00e3o menor<\/div><\/li><li class=\"fusion-li-item\" style=\"\"><span class=\"icon-wrapper circle-no\"><i class=\"fusion-li-icon fa-angle-right fas\" aria-hidden=\"true\"><\/i><\/span><div class=\"fusion-li-item-content\">Diagn\u00f3stico err\u00f3neo de s\u00e9psis como apenas uma ferida infetada<\/div><\/li><li class=\"fusion-li-item\" style=\"\"><span class=\"icon-wrapper circle-no\"><i class=\"fusion-li-icon fa-angle-right fas\" aria-hidden=\"true\"><\/i><\/span><div class=\"fusion-li-item-content\">Diagn\u00f3stico err\u00f3neo de sepsis como infec\u00e7\u00e3o infantil<\/div><\/li><\/ul><div class=\"fusion-text fusion-text-11\"><p><span style=\"font-weight: 400;\">Poder\u00e1 ter uma reclama\u00e7\u00e3o por neglig\u00eancia m\u00e9dica devido ao erro de diagn\u00f3stico de s\u00e9psis como outra condi\u00e7\u00e3o. <\/span><\/p>\n<\/div><\/div><\/div><\/div><\/div><\/div><div id=\"orthopaedic\" class=\"fusion-container-anchor\"><div class=\"fusion-fullwidth fullwidth-box fusion-builder-row-10 fusion-flex-container has-pattern-background has-mask-background nonhundred-percent-fullwidth non-hundred-percent-height-scrolling\" style=\"--awb-border-radius-top-left:0px;--awb-border-radius-top-right:0px;--awb-border-radius-bottom-right:0px;--awb-border-radius-bottom-left:0px;--awb-padding-top:0px;--awb-padding-bottom:20px;--awb-flex-wrap:wrap;\" ><div class=\"fusion-builder-row fusion-row fusion-flex-align-items-flex-start fusion-flex-content-wrap\" style=\"max-width:1216.8px;margin-left: calc(-4% \/ 2 );margin-right: calc(-4% \/ 2 );\"><div class=\"fusion-layout-column fusion_builder_column fusion-builder-column-9 fusion_builder_column_1_1 1_1 fusion-flex-column\" style=\"--awb-padding-top:20px;--awb-padding-right:30px;--awb-padding-left:30px;--awb-bg-color:#ffffff;--awb-bg-color-hover:#ffffff;--awb-bg-size:cover;--awb-width-large:100%;--awb-margin-top-large:0px;--awb-spacing-right-large:1.92%;--awb-margin-bottom-large:0px;--awb-spacing-left-large:1.92%;--awb-width-medium:100%;--awb-order-medium:0;--awb-spacing-right-medium:1.92%;--awb-spacing-left-medium:1.92%;--awb-width-small:100%;--awb-order-small:0;--awb-spacing-right-small:1.92%;--awb-spacing-left-small:1.92%;\" data-scroll-devices=\"small-visibility,medium-visibility,large-visibility\"><div class=\"fusion-column-wrapper fusion-column-has-shadow fusion-flex-justify-content-flex-start fusion-content-layout-column\"><div class=\"fusion-title title fusion-title-9 fusion-title-text fusion-title-size-three\" style=\"--awb-margin-top-small:0px;--awb-margin-right-small:0px;--awb-margin-bottom-small:20px;--awb-margin-left-small:0px;\"><div class=\"title-sep-container title-sep-container-left fusion-no-large-visibility fusion-no-medium-visibility fusion-no-small-visibility\"><div class=\"title-sep sep- sep-solid\" style=\"border-color:var(--awb-color3);\"><\/div><\/div><span class=\"awb-title-spacer fusion-no-large-visibility fusion-no-medium-visibility fusion-no-small-visibility\"><\/span><h3 class=\"fusion-title-heading title-heading-left\" style=\"margin:0;text-transform:uppercase;\">Atraso no tratamento de um pedido de indemniza\u00e7\u00e3o por s\u00e9psis<\/h3><span class=\"awb-title-spacer\"><\/span><div class=\"title-sep-container title-sep-container-right\"><div class=\"title-sep sep- sep-solid\" style=\"border-color:var(--awb-color3);\"><\/div><\/div><\/div><div class=\"fusion-text fusion-text-12\"><p><span style=\"font-weight: 400;\">Os atrasos no tratamento de um doente com s\u00e9psis s\u00e3o uma das principais raz\u00f5es para a s\u00e9psis evoluir para uma condi\u00e7\u00e3o grave e com risco de vida. A s\u00e9psis, tal como um AVC, necessita de um tratamento r\u00e1pido e preciso, e os atrasos podem afet\u00e1-lo para o resto da vida.\u00a0<\/span><\/p>\n<p><span style=\"font-weight: 400;\">Reclama\u00e7\u00f5es por neglig\u00eancia m\u00e9dica devido a atrasos no tratamento da s\u00e9psis: <\/span><\/p>\n<\/div><ul style=\"--awb-margin-bottom:25px;--awb-line-height:27.2px;--awb-icon-width:27.2px;--awb-icon-height:27.2px;--awb-icon-margin:11.2px;--awb-content-margin:38.4px;\" class=\"fusion-checklist fusion-checklist-5 fusion-checklist-default type-icons\"><li class=\"fusion-li-item\" style=\"\"><span class=\"icon-wrapper circle-no\"><i class=\"fusion-li-icon fa-angle-right fas\" aria-hidden=\"true\"><\/i><\/span><div class=\"fusion-li-item-content\">Atraso no tratamento da s\u00e9psis devido \u00e0 escassez de pessoal no servi\u00e7o de urg\u00eancia<\/div><\/li><li class=\"fusion-li-item\" style=\"\"><span class=\"icon-wrapper circle-no\"><i class=\"fusion-li-icon fa-angle-right fas\" aria-hidden=\"true\"><\/i><\/span><div class=\"fusion-li-item-content\">Atraso no tratamento da s\u00e9psis devido a o m\u00e9dico n\u00e3o ter feito um diagn\u00f3stico correto<\/div><\/li><li class=\"fusion-li-item\" style=\"\"><span class=\"icon-wrapper circle-no\"><i class=\"fusion-li-icon fa-angle-right fas\" aria-hidden=\"true\"><\/i><\/span><div class=\"fusion-li-item-content\">Atraso no tratamento da s\u00e9psis devido a erros administrativos no hospital<\/div><\/li><\/ul><div class=\"fusion-text fusion-text-13\"><p><span style=\"font-weight: 400;\">Qualquer atraso no tratamento da s\u00e9psis desperdi\u00e7a tempo valioso e apenas piora a condi\u00e7\u00e3o. Poder\u00e1 ter direito a uma indemniza\u00e7\u00e3o* pelos atrasos no tratamento da s\u00e9psis. <\/span><\/p>\n<\/div><\/div><\/div><\/div><\/div><\/div><div id=\"misdiagnosis\" class=\"fusion-container-anchor\"><div class=\"fusion-fullwidth fullwidth-box fusion-builder-row-11 fusion-flex-container has-pattern-background has-mask-background nonhundred-percent-fullwidth non-hundred-percent-height-scrolling\" style=\"--awb-border-radius-top-left:0px;--awb-border-radius-top-right:0px;--awb-border-radius-bottom-right:0px;--awb-border-radius-bottom-left:0px;--awb-padding-top:0px;--awb-padding-bottom:20px;--awb-flex-wrap:wrap;\" ><div class=\"fusion-builder-row fusion-row fusion-flex-align-items-flex-start fusion-flex-content-wrap\" style=\"max-width:1216.8px;margin-left: calc(-4% \/ 2 );margin-right: calc(-4% \/ 2 );\"><div class=\"fusion-layout-column fusion_builder_column fusion-builder-column-10 fusion_builder_column_1_1 1_1 fusion-flex-column\" style=\"--awb-padding-top:20px;--awb-padding-right:30px;--awb-padding-left:30px;--awb-bg-color:#ffffff;--awb-bg-color-hover:#ffffff;--awb-bg-size:cover;--awb-width-large:100%;--awb-margin-top-large:0px;--awb-spacing-right-large:1.92%;--awb-margin-bottom-large:0px;--awb-spacing-left-large:1.92%;--awb-width-medium:100%;--awb-order-medium:0;--awb-spacing-right-medium:1.92%;--awb-spacing-left-medium:1.92%;--awb-width-small:100%;--awb-order-small:0;--awb-spacing-right-small:1.92%;--awb-spacing-left-small:1.92%;\" data-scroll-devices=\"small-visibility,medium-visibility,large-visibility\"><div class=\"fusion-column-wrapper fusion-column-has-shadow fusion-flex-justify-content-flex-start fusion-content-layout-column\"><div class=\"fusion-title title fusion-title-10 fusion-title-text fusion-title-size-three\" style=\"--awb-margin-top-small:0px;--awb-margin-right-small:0px;--awb-margin-bottom-small:20px;--awb-margin-left-small:0px;\"><div class=\"title-sep-container title-sep-container-left fusion-no-large-visibility fusion-no-medium-visibility fusion-no-small-visibility\"><div class=\"title-sep sep- sep-solid\" style=\"border-color:var(--awb-color3);\"><\/div><\/div><span class=\"awb-title-spacer fusion-no-large-visibility fusion-no-medium-visibility fusion-no-small-visibility\"><\/span><h3 class=\"fusion-title-heading title-heading-left\" style=\"margin:0;text-transform:uppercase;\">Pedido de indemniza\u00e7\u00e3o por neglig\u00eancia m\u00e9dica no tratamento da s\u00e9psis<\/h3><span class=\"awb-title-spacer\"><\/span><div class=\"title-sep-container title-sep-container-right\"><div class=\"title-sep sep- sep-solid\" style=\"border-color:var(--awb-color3);\"><\/div><\/div><\/div><div class=\"fusion-text fusion-text-14\"><p><span style=\"font-weight: 400;\">A neglig\u00eancia m\u00e9dica no tratamento da s\u00e9psis pode agravar a condi\u00e7\u00e3o e afetar a recupera\u00e7\u00e3o do paciente da s\u00e9psis. O paciente confia no m\u00e9dico para o tratar quando tem s\u00e9psis, e a neglig\u00eancia m\u00e9dica \u00e9 inaceit\u00e1vel.\u00a0<\/span><\/p>\n<p><span style=\"font-weight: 400;\">Tipos deneglig\u00eancia m\u00e9dica no tratamento da s\u00e9psis: <\/span><\/p>\n<\/div><ul style=\"--awb-margin-bottom:25px;--awb-line-height:27.2px;--awb-icon-width:27.2px;--awb-icon-height:27.2px;--awb-icon-margin:11.2px;--awb-content-margin:38.4px;\" class=\"fusion-checklist fusion-checklist-6 fusion-checklist-default type-icons\"><li class=\"fusion-li-item\" style=\"\"><span class=\"icon-wrapper circle-no\"><i class=\"fusion-li-icon fa-angle-right fas\" aria-hidden=\"true\"><\/i><\/span><div class=\"fusion-li-item-content\">Administra\u00e7\u00e3o da medica\u00e7\u00e3o errada para a s\u00e9psis<\/div><\/li><li class=\"fusion-li-item\" style=\"\"><span class=\"icon-wrapper circle-no\"><i class=\"fusion-li-icon fa-angle-right fas\" aria-hidden=\"true\"><\/i><\/span><div class=\"fusion-li-item-content\">Administrar a dose errada de um medicamento para a s\u00e9psis<\/div><\/li><li class=\"fusion-li-item\" style=\"\"><span class=\"icon-wrapper circle-no\"><i class=\"fusion-li-icon fa-angle-right fas\" aria-hidden=\"true\"><\/i><\/span><div class=\"fusion-li-item-content\">Omiss\u00e3o de atua\u00e7\u00e3o quando o paciente apresenta sintomas de s\u00e9psis<\/div><\/li><\/ul><div class=\"fusion-text fusion-text-15\"><p><span style=\"font-weight: 400;\">A s\u00e9psis pode ser tratada com precis\u00e3o e os doentes podem recuperar quando t\u00eam s\u00e9psis. Se sofrer de neglig\u00eancia m\u00e9dica, poder\u00e1 n\u00e3o recuperar, mas poder\u00e1 ter direito a uma indemniza\u00e7\u00e3o por compensa\u00e7\u00e3o*. <\/span><\/p>\n<\/div><\/div><\/div><\/div><\/div><\/div><div id=\"wrong\" class=\"fusion-container-anchor\"><div class=\"fusion-fullwidth fullwidth-box fusion-builder-row-12 fusion-flex-container has-pattern-background has-mask-background nonhundred-percent-fullwidth non-hundred-percent-height-scrolling\" style=\"--awb-border-radius-top-left:0px;--awb-border-radius-top-right:0px;--awb-border-radius-bottom-right:0px;--awb-border-radius-bottom-left:0px;--awb-padding-top:0px;--awb-padding-bottom:20px;--awb-margin-bottom:20px;--awb-flex-wrap:wrap;\" ><div class=\"fusion-builder-row fusion-row fusion-flex-align-items-flex-start fusion-flex-content-wrap\" style=\"max-width:1216.8px;margin-left: calc(-4% \/ 2 );margin-right: calc(-4% \/ 2 );\"><div class=\"fusion-layout-column fusion_builder_column fusion-builder-column-11 fusion_builder_column_1_1 1_1 fusion-flex-column\" style=\"--awb-padding-top:20px;--awb-padding-right:30px;--awb-padding-left:30px;--awb-bg-color:#ffffff;--awb-bg-color-hover:#ffffff;--awb-bg-size:cover;--awb-width-large:100%;--awb-margin-top-large:0px;--awb-spacing-right-large:1.92%;--awb-margin-bottom-large:0px;--awb-spacing-left-large:1.92%;--awb-width-medium:100%;--awb-order-medium:0;--awb-spacing-right-medium:1.92%;--awb-spacing-left-medium:1.92%;--awb-width-small:100%;--awb-order-small:0;--awb-spacing-right-small:1.92%;--awb-spacing-left-small:1.92%;\" data-scroll-devices=\"small-visibility,medium-visibility,large-visibility\"><div class=\"fusion-column-wrapper fusion-column-has-shadow fusion-flex-justify-content-flex-start fusion-content-layout-column\"><div class=\"fusion-title title fusion-title-11 fusion-title-text fusion-title-size-four\" style=\"--awb-margin-top-small:0px;--awb-margin-right-small:0px;--awb-margin-bottom-small:20px;--awb-margin-left-small:0px;\"><div class=\"title-sep-container title-sep-container-left fusion-no-large-visibility fusion-no-medium-visibility fusion-no-small-visibility\"><div class=\"title-sep sep- sep-solid\" style=\"border-color:var(--awb-color3);\"><\/div><\/div><span class=\"awb-title-spacer fusion-no-large-visibility fusion-no-medium-visibility fusion-no-small-visibility\"><\/span><h4 class=\"fusion-title-heading title-heading-left\" style=\"margin:0;text-transform:uppercase;\">Reclama\u00e7\u00e3o por s\u00e9psis devida a cuidados deficientes ap\u00f3s a cirurgia<\/h4><span class=\"awb-title-spacer\"><\/span><div class=\"title-sep-container title-sep-container-right\"><div class=\"title-sep sep- sep-solid\" style=\"border-color:var(--awb-color3);\"><\/div><\/div><\/div><div class=\"fusion-text fusion-text-16\"><p><span style=\"font-weight: 400;\">A s\u00e9psis devido a maus cuidados ap\u00f3s a cirurgia pode constituir neglig\u00eancia m\u00e9dica, uma vez que um profissional de sa\u00fade qualificado deve tomar todas as medidas necess\u00e1rias para evitar a s\u00e9psis. Os doentes cir\u00fargicos podem desenvolver s\u00e9psis rapidamente, e os maus cuidados ap\u00f3s a cirurgia podem constituir neglig\u00eancia m\u00e9dica.\u00a0<\/span><\/p>\n<p><span style=\"font-weight: 400;\">Tipos de neglig\u00eancia m\u00e9dica que conduzem a s\u00e9psis ap\u00f3s cirurgia:<\/span><\/p>\n<\/div><ul style=\"--awb-margin-bottom:25px;--awb-line-height:27.2px;--awb-icon-width:27.2px;--awb-icon-height:27.2px;--awb-icon-margin:11.2px;--awb-content-margin:38.4px;\" class=\"fusion-checklist fusion-checklist-7 fusion-checklist-default type-icons\"><li class=\"fusion-li-item\" style=\"\"><span class=\"icon-wrapper circle-no\"><i class=\"fusion-li-icon fa-angle-right fas\" aria-hidden=\"true\"><\/i><\/span><div class=\"fusion-li-item-content\">Falha na administra\u00e7\u00e3o do antibi\u00f3tico correto ap\u00f3s a cirurgia<\/div><\/li><li class=\"fusion-li-item\" style=\"\"><span class=\"icon-wrapper circle-no\"><i class=\"fusion-li-icon fa-angle-right fas\" aria-hidden=\"true\"><\/i><\/span><div class=\"fusion-li-item-content\">Falhar na monitoriza\u00e7\u00e3o de um doente ap\u00f3s a cirurgia<\/div><\/li><li class=\"fusion-li-item\" style=\"\"><span class=\"icon-wrapper circle-no\"><i class=\"fusion-li-icon fa-angle-right fas\" aria-hidden=\"true\"><\/i><\/span><div class=\"fusion-li-item-content\">Baixos padr\u00f5es de higiene antes, durante e ap\u00f3s a cirurgia<\/div><\/li><\/ul><div class=\"fusion-text fusion-text-17\"><p><span style=\"font-weight: 400;\">O antibi\u00f3tico correto e uma monitoriza\u00e7\u00e3o rigorosa podem evitar o desenvolvimento de s\u00e9psis num doente. Poder\u00e1 tratar-se de neglig\u00eancia m\u00e9dica quando o doente desenvolve s\u00e9psis ap\u00f3s qualquer neglig\u00eancia cir\u00fargica.\u00a0<\/span><\/p>\n<p><span style=\"font-weight: 400;\">Os advogados de contencioso da PBN em Dublin t\u00eam a experi\u00eancia em neglig\u00eancia m\u00e9dica necess\u00e1ria para apresentar uma reclama\u00e7\u00e3o de indemniza\u00e7\u00e3o por neglig\u00eancia associada a s\u00e9psis*. <\/span><\/p>\n<\/div><\/div><\/div><\/div><\/div><\/div><div class=\"fusion-fullwidth fullwidth-box fusion-builder-row-13 fusion-flex-container has-pattern-background has-mask-background nonhundred-percent-fullwidth non-hundred-percent-height-scrolling\" style=\"--awb-border-radius-top-left:0px;--awb-border-radius-top-right:0px;--awb-border-radius-bottom-right:0px;--awb-border-radius-bottom-left:0px;--awb-background-color:var(--awb-color5);--awb-flex-wrap:wrap;\" ><div class=\"fusion-builder-row fusion-row fusion-flex-align-items-flex-start fusion-flex-content-wrap\" style=\"max-width:1216.8px;margin-left: calc(-4% \/ 2 );margin-right: calc(-4% \/ 2 );\"><div class=\"fusion-layout-column fusion_builder_column fusion-builder-column-12 fusion_builder_column_1_1 1_1 fusion-flex-column\" style=\"--awb-bg-size:cover;--awb-width-large:100%;--awb-margin-top-large:0px;--awb-spacing-right-large:1.92%;--awb-margin-bottom-large:0px;--awb-spacing-left-large:1.92%;--awb-width-medium:100%;--awb-order-medium:0;--awb-spacing-right-medium:1.92%;--awb-spacing-left-medium:1.92%;--awb-width-small:100%;--awb-order-small:0;--awb-spacing-right-small:1.92%;--awb-spacing-left-small:1.92%;\"><div class=\"fusion-column-wrapper fusion-column-has-shadow fusion-flex-justify-content-flex-start fusion-content-layout-column\"><div class=\"fusion-title title fusion-title-12 fusion-title-center fusion-title-text fusion-title-size-four\" style=\"--awb-text-color:var(--awb-color1);--awb-margin-top-small:0px;--awb-margin-right-small:0px;--awb-margin-bottom-small:20px;--awb-margin-left-small:0px;\"><div class=\"title-sep-container title-sep-container-left\"><div class=\"title-sep sep- sep-solid\" style=\"border-color:var(--awb-color3);\"><\/div><\/div><span class=\"awb-title-spacer\"><\/span><h4 class=\"fusion-title-heading title-heading-center\" style=\"margin:0;text-transform:uppercase;\">D\u00ea in\u00edcio ao seu processo por neglig\u00eancia m\u00e9dica ainda hoje, contactando <span style=\"font-weight: 400;\">PBN<\/span> advogados.<\/h4><span class=\"awb-title-spacer\"><\/span><div class=\"title-sep-container title-sep-container-right\"><div class=\"title-sep sep- sep-solid\" style=\"border-color:var(--awb-color3);\"><\/div><\/div><\/div><div style=\"text-align:center;\"><a class=\"fusion-button button-flat fusion-button-default-size button-custom fusion-button-default button-2 fusion-button-default-span fusion-button-default-type\" style=\"--button_accent_color:var(--awb-color5);--button_border_color:var(--awb-color5);--button_accent_hover_color:var(--awb-color1);--button_border_hover_color:var(--awb-color1);--button_gradient_top_color:var(--awb-color1);--button_gradient_bottom_color:var(--awb-color1);--button_gradient_top_color_hover:hsla(var(--awb-color5-h),calc(var(--awb-color5-s) - 2%),calc(var(--awb-color5-l) - 7%),var(--awb-color5-a));--button_gradient_bottom_color_hover:hsla(var(--awb-color5-h),calc(var(--awb-color5-s) - 2%),calc(var(--awb-color5-l) - 7%),var(--awb-color5-a));\" target=\"_self\" href=\"https:\/\/pbnlitigation.ie\/pt\/claim-assessment\/\"><span class=\"fusion-button-text awb-button__text awb-button__text--default\">INICIAR AVALIA\u00c7\u00c3O DO PEDIDO DE INDEMNIZA\u00c7\u00c3O*<\/span><\/a><\/div><\/div><\/div><\/div><\/div>\n<div id=\"compensation\" class=\"fusion-container-anchor\"><div class=\"fusion-fullwidth fullwidth-box fusion-builder-row-14 fusion-flex-container has-pattern-background has-mask-background nonhundred-percent-fullwidth non-hundred-percent-height-scrolling\" style=\"--awb-border-radius-top-left:0px;--awb-border-radius-top-right:0px;--awb-border-radius-bottom-right:0px;--awb-border-radius-bottom-left:0px;--awb-background-color:#ffffff;--awb-flex-wrap:wrap;\" ><div class=\"fusion-builder-row fusion-row fusion-flex-align-items-flex-start fusion-flex-content-wrap\" style=\"max-width:1216.8px;margin-left: calc(-4% \/ 2 );margin-right: calc(-4% \/ 2 );\"><div class=\"fusion-layout-column fusion_builder_column fusion-builder-column-13 fusion_builder_column_1_1 1_1 fusion-flex-column\" style=\"--awb-bg-size:cover;--awb-width-large:100%;--awb-margin-top-large:0px;--awb-spacing-right-large:1.92%;--awb-margin-bottom-large:0px;--awb-spacing-left-large:1.92%;--awb-width-medium:100%;--awb-order-medium:0;--awb-spacing-right-medium:1.92%;--awb-spacing-left-medium:1.92%;--awb-width-small:100%;--awb-order-small:0;--awb-spacing-right-small:1.92%;--awb-spacing-left-small:1.92%;\"><div class=\"fusion-column-wrapper fusion-column-has-shadow fusion-flex-justify-content-flex-start fusion-content-layout-column\"><div class=\"fusion-title title fusion-title-13 fusion-title-text fusion-title-size-two\" style=\"--awb-margin-top-small:0px;--awb-margin-right-small:0px;--awb-margin-bottom-small:20px;--awb-margin-left-small:0px;\"><div class=\"title-sep-container title-sep-container-left fusion-no-large-visibility fusion-no-medium-visibility fusion-no-small-visibility\"><div class=\"title-sep sep- sep-solid\" style=\"border-color:var(--awb-color3);\"><\/div><\/div><span class=\"awb-title-spacer fusion-no-large-visibility fusion-no-medium-visibility fusion-no-small-visibility\"><\/span><h2 class=\"fusion-title-heading title-heading-left\" style=\"margin:0;text-transform:uppercase;\">Quem pode ser responsabilizado porneglig\u00eancia em casos de s\u00e9psis?<\/h2><span class=\"awb-title-spacer\"><\/span><div class=\"title-sep-container title-sep-container-right\"><div class=\"title-sep sep- sep-solid\" style=\"border-color:var(--awb-color3);\"><\/div><\/div><\/div><div class=\"fusion-text fusion-text-18\"><p><span style=\"font-weight: 400;\">Um profissional de sa\u00fade pode ser responsabilizado numa reclama\u00e7\u00e3o de indemniza\u00e7\u00e3o* por neglig\u00eancia em caso de s\u00e9psis. O profissional de sa\u00fade tem o dever de cuidado de diagnosticar a s\u00e9psis e iniciar o tratamento adequado. Uma viola\u00e7\u00e3o do dever de cuidado por parte de um profissional de sa\u00fade poder\u00e1 dar origem a s\u00e9psis e a uma reclama\u00e7\u00e3o de indemniza\u00e7\u00e3o* por neglig\u00eancia m\u00e9dica.\u00a0<\/span><\/p>\n<p><span style=\"font-weight: 400;\">Quando um doente tem s\u00e9psis ou corre o risco de desenvolver s\u00e9psis, o profissional de sa\u00fade deve identificar os sintomas e iniciar prontamente o tratamento. Quaisquer atrasos podem constituir neglig\u00eancia por s\u00e9psis.\u00a0<\/span><\/p>\n<p><span style=\"font-weight: 400;\">Profissionais de sa\u00fade que podem ser responsabilizados por neglig\u00eancia em casos de s\u00e9psis: <\/span><\/p>\n<\/div><ul style=\"--awb-margin-bottom:25px;--awb-line-height:27.2px;--awb-icon-width:27.2px;--awb-icon-height:27.2px;--awb-icon-margin:11.2px;--awb-content-margin:38.4px;\" class=\"fusion-checklist fusion-checklist-8 fusion-checklist-default type-icons\"><li class=\"fusion-li-item\" style=\"\"><span class=\"icon-wrapper circle-no\"><i class=\"fusion-li-icon fa-angle-right fas\" aria-hidden=\"true\"><\/i><\/span><div class=\"fusion-li-item-content\">O param\u00e9dico na chamada de emerg\u00eancia<\/div><\/li><li class=\"fusion-li-item\" style=\"\"><span class=\"icon-wrapper circle-no\"><i class=\"fusion-li-icon fa-angle-right fas\" aria-hidden=\"true\"><\/i><\/span><div class=\"fusion-li-item-content\">O m\u00e9dico de fam\u00edlia que n\u00e3o deteta uma infe\u00e7\u00e3o<\/div><\/li><li class=\"fusion-li-item\" style=\"\"><span class=\"icon-wrapper circle-no\"><i class=\"fusion-li-icon fa-angle-right fas\" aria-hidden=\"true\"><\/i><\/span><div class=\"fusion-li-item-content\">O m\u00e9dico do SU que n\u00e3o despista a s\u00e9psis<\/div><\/li><li class=\"fusion-li-item\" style=\"\"><span class=\"icon-wrapper circle-no\"><i class=\"fusion-li-icon fa-angle-right fas\" aria-hidden=\"true\"><\/i><\/span><div class=\"fusion-li-item-content\">Um consultor hospitalar que deixa escapar os sinais de s\u00e9psis<\/div><\/li><li class=\"fusion-li-item\" style=\"\"><span class=\"icon-wrapper circle-no\"><i class=\"fusion-li-icon fa-angle-right fas\" aria-hidden=\"true\"><\/i><\/span><div class=\"fusion-li-item-content\">O cirurgi\u00e3o que n\u00e3o prescreve o antibi\u00f3tico p\u00f3s-cirurgia<\/div><\/li><li class=\"fusion-li-item\" style=\"\"><span class=\"icon-wrapper circle-no\"><i class=\"fusion-li-icon fa-angle-right fas\" aria-hidden=\"true\"><\/i><\/span><div class=\"fusion-li-item-content\">O enfermeiro que n\u00e3o administra o antibi\u00f3tico prescrito<\/div><\/li><li class=\"fusion-li-item\" style=\"\"><span class=\"icon-wrapper circle-no\"><i class=\"fusion-li-icon fa-angle-right fas\" aria-hidden=\"true\"><\/i><\/span><div class=\"fusion-li-item-content\">O obstetra que n\u00e3o diagnostica s\u00e9psis durante os cuidados maternos<\/div><\/li><li class=\"fusion-li-item\" style=\"\"><span class=\"icon-wrapper circle-no\"><i class=\"fusion-li-icon fa-angle-right fas\" aria-hidden=\"true\"><\/i><\/span><div class=\"fusion-li-item-content\">O hospital do HSE, que n\u00e3o implementa protocolos de s\u00e9psis<\/div><\/li><\/ul><div class=\"fusion-text fusion-text-19\"><p><span style=\"font-weight: 400;\">A s\u00e9psis \u00e9 uma condi\u00e7\u00e3o de evolu\u00e7\u00e3o r\u00e1pida que pode ser fatal. A neglig\u00eancia m\u00e9dica pode fazer perder tempo no diagn\u00f3stico e no tratamento da s\u00e9psis, podendo ter direito a uma indemniza\u00e7\u00e3o* contra os respons\u00e1veis pela neglig\u00eancia relacionada com a s\u00e9psis.\u00a0<\/span><\/p>\n<p><span style=\"font-weight: 400;\">Os PBN Litigation Solicitors ajud\u00e1-lo-\u00e3o a apresentar um pedido de indemniza\u00e7\u00e3o* por neglig\u00eancia m\u00e9dica relacionada com s\u00e9psis.<\/span><\/p>\n<\/div><\/div><\/div><\/div><\/div><\/div><div id=\"compensation\" class=\"fusion-container-anchor\"><div class=\"fusion-fullwidth fullwidth-box fusion-builder-row-15 fusion-flex-container has-pattern-background has-mask-background nonhundred-percent-fullwidth non-hundred-percent-height-scrolling\" style=\"--awb-border-radius-top-left:0px;--awb-border-radius-top-right:0px;--awb-border-radius-bottom-right:0px;--awb-border-radius-bottom-left:0px;--awb-flex-wrap:wrap;\" ><div class=\"fusion-builder-row fusion-row fusion-flex-align-items-flex-start fusion-flex-content-wrap\" style=\"max-width:1216.8px;margin-left: calc(-4% \/ 2 );margin-right: calc(-4% \/ 2 );\"><div class=\"fusion-layout-column fusion_builder_column fusion-builder-column-14 fusion_builder_column_1_1 1_1 fusion-flex-column\" style=\"--awb-bg-size:cover;--awb-width-large:100%;--awb-margin-top-large:0px;--awb-spacing-right-large:1.92%;--awb-margin-bottom-large:0px;--awb-spacing-left-large:1.92%;--awb-width-medium:100%;--awb-order-medium:0;--awb-spacing-right-medium:1.92%;--awb-spacing-left-medium:1.92%;--awb-width-small:100%;--awb-order-small:0;--awb-spacing-right-small:1.92%;--awb-spacing-left-small:1.92%;\"><div class=\"fusion-column-wrapper fusion-column-has-shadow fusion-flex-justify-content-flex-start fusion-content-layout-column\"><div class=\"fusion-title title fusion-title-14 fusion-title-text fusion-title-size-two\" style=\"--awb-margin-top-small:0px;--awb-margin-right-small:0px;--awb-margin-bottom-small:20px;--awb-margin-left-small:0px;\"><div class=\"title-sep-container title-sep-container-left fusion-no-large-visibility fusion-no-medium-visibility fusion-no-small-visibility\"><div class=\"title-sep sep- sep-solid\" style=\"border-color:var(--awb-color3);\"><\/div><\/div><span class=\"awb-title-spacer fusion-no-large-visibility fusion-no-medium-visibility fusion-no-small-visibility\"><\/span><h2 class=\"fusion-title-heading title-heading-left\" style=\"margin:0;text-transform:uppercase;\">Indemniza\u00e7\u00e3o numa reclama\u00e7\u00e3o por neglig\u00eancia por s\u00e9psis<\/h2><span class=\"awb-title-spacer\"><\/span><div class=\"title-sep-container title-sep-container-right\"><div class=\"title-sep sep- sep-solid\" style=\"border-color:var(--awb-color3);\"><\/div><\/div><\/div><div class=\"fusion-text fusion-text-20\"><p><span style=\"font-weight: 400;\">A indemniza\u00e7\u00e3o numa reclama\u00e7\u00e3o por neglig\u00eancia m\u00e9dica relacionada com s\u00e9psis na Irlanda varia consoante os efeitos da neglig\u00eancia m\u00e9dica e o grau de sofrimento do doente devido \u00e0 s\u00e9psis.\u00a0<\/span><\/p>\n<p><span style=\"font-weight: 400;\">A s\u00e9psis pode evoluir rapidamente para choque s\u00e9tico e danos nos \u00f3rg\u00e3os internos. A condi\u00e7\u00e3o requer um diagn\u00f3stico e tratamento r\u00e1pidos para uma recupera\u00e7\u00e3o c\u00e9lere. Os efeitos da neglig\u00eancia na s\u00e9psis na sua vida podem incluir dificuldades em conduzir e em cuidar das crian\u00e7as e de si pr\u00f3prio. O exerc\u00edcio f\u00edsico poder\u00e1 tornar-se imposs\u00edvel durante algum tempo.\u00a0<\/span><\/p>\n<p><span style=\"font-weight: 400;\">A falta de tratamento dos est\u00e1gios iniciais da s\u00e9psis pode resultar em afastamento do trabalho e em sofrimento com dores intensas e desconforto devido aos danos nos \u00f3rg\u00e3os.\u00a0<\/span><\/p>\n<p><span style=\"font-weight: 400;\">N\u00e3o existe uma indemniza\u00e7\u00e3o fixa \u00fanica para uma reclama\u00e7\u00e3o por neglig\u00eancia devido a s\u00e9psis. Pode pedir indemniza\u00e7\u00e3o pelo trauma e outras altera\u00e7\u00f5es na sua vida ap\u00f3s a neglig\u00eancia por parte do profissional m\u00e9dico.\u00a0<\/span><\/p>\n<p><span style=\"font-weight: 400;\">Pode reivindicar indemniza\u00e7\u00e3o porneglig\u00eancia m\u00e9dica para cobrir os custos de tratamentos m\u00e9dicos adicionais, a perda de rendimentos e o pagamento de cuidados.\u00a0<\/span><\/p>\n<p><span style=\"font-weight: 400;\">Com uma reclama\u00e7\u00e3o por neglig\u00eancia m\u00e9dica, voc\u00ea exige indemniza\u00e7\u00e3o pelos danos causados \u00e0 sua sa\u00fade e bem-estar, \u00e0 sua capacidade de trabalhar e \u00e0 sua vida futura.\u00a0<\/span><\/p>\n<p><span style=\"font-weight: 400;\">Um solicitador s\u00f3 lhe pode dar uma ideia do que \u00e9 poss\u00edvel e de qual poder\u00e1 ser o montante da indemniza\u00e7\u00e3o que poder\u00e1 reclamar porneglig\u00eancia m\u00e9dica.\u00a0<\/span><\/p>\n<p><span style=\"font-weight: 400;\">Os PBN Litigation Solicitors podem explicar como o processo funciona e de que forma a sua reclama\u00e7\u00e3o por s\u00e9psis combinar\u00e1 dois tipos de indemniza\u00e7\u00e3o. <\/span><\/p>\n<\/div><div class=\"fusion-title title fusion-title-15 fusion-title-text fusion-title-size-three\" style=\"--awb-margin-top-small:0px;--awb-margin-right-small:0px;--awb-margin-bottom-small:20px;--awb-margin-left-small:0px;\"><div class=\"title-sep-container title-sep-container-left fusion-no-large-visibility fusion-no-medium-visibility fusion-no-small-visibility\"><div class=\"title-sep sep- sep-solid\" style=\"border-color:var(--awb-color3);\"><\/div><\/div><span class=\"awb-title-spacer fusion-no-large-visibility fusion-no-medium-visibility fusion-no-small-visibility\"><\/span><h3 class=\"fusion-title-heading title-heading-left\" style=\"margin:0;text-transform:uppercase;\">Indemniza\u00e7\u00f5es numa a\u00e7\u00e3o por neglig\u00eancia m\u00e9dica relacionada com s\u00e9psis<\/h3><span class=\"awb-title-spacer\"><\/span><div class=\"title-sep-container title-sep-container-right\"><div class=\"title-sep sep- sep-solid\" style=\"border-color:var(--awb-color3);\"><\/div><\/div><\/div><div class=\"fusion-text fusion-text-21\"><p>Os danos numa reclama\u00e7\u00e3o por neglig\u00eancia m\u00e9dica relacionada com s\u00e9psis para efeitos de indemniza\u00e7\u00e3o consistem numa combina\u00e7\u00e3o de:<\/p>\n<\/div><div class=\"accordian fusion-accordian\" style=\"--awb-border-size:1px;--awb-icon-size:13px;--awb-content-font-size:var(--awb-typography3-font-size);--awb-icon-alignment:left;--awb-hover-color:hsla(var(--awb-color6-h),var(--awb-color6-s),calc( var(--awb-color6-l) + 58% ),var(--awb-color6-a));--awb-border-color:hsla(var(--awb-color6-h),var(--awb-color6-s),calc( var(--awb-color6-l) + 40% ),var(--awb-color6-a));--awb-background-color:var(--awb-color1);--awb-divider-color:var(--awb-color3);--awb-divider-hover-color:var(--awb-color3);--awb-icon-color:var(--awb-color1);--awb-title-color:var(--awb-color5);--awb-content-color:var(--awb-color6);--awb-icon-box-color:var(--awb-color7);--awb-toggle-hover-accent-color:var(--awb-color5);--awb-title-font-family:var(--awb-typography3-font-family);--awb-title-font-weight:var(--awb-typography3-font-weight);--awb-title-font-style:var(--awb-typography3-font-style);--awb-title-font-size:var(--awb-typography3-font-size);--awb-content-font-family:var(--awb-typography3-font-family);--awb-content-font-weight:var(--awb-typography3-font-weight);--awb-content-font-style:var(--awb-typography3-font-style);\"><div class=\"panel-group fusion-toggle-icon-boxed\" id=\"accordion-1090-1\"><div class=\"fusion-panel panel-default panel-250a2a0508f46f182 fusion-toggle-has-divider\" style=\"--awb-title-color:var(--awb-color5);--awb-content-color:var(--awb-color6);\"><div class=\"panel-heading\"><h4 class=\"panel-title toggle\" id=\"toggle_250a2a0508f46f182\"><a aria-expanded=\"false\" aria-controls=\"250a2a0508f46f182\" role=\"button\" data-toggle=\"collapse\" data-parent=\"#accordion-1090-1\" data-target=\"#250a2a0508f46f182\" href=\"#250a2a0508f46f182\"><span class=\"fusion-toggle-icon-wrapper\" aria-hidden=\"true\"><i class=\"fa-fusion-box active-icon awb-icon-minus\" aria-hidden=\"true\"><\/i><i class=\"fa-fusion-box inactive-icon awb-icon-plus\" aria-hidden=\"true\"><\/i><\/span><span class=\"fusion-toggle-heading\">General Damages in a Sepsis negligence claim* <\/span><\/a><\/h4><\/div><div id=\"250a2a0508f46f182\" class=\"panel-collapse collapse\" aria-labelledby=\"toggle_250a2a0508f46f182\"><div class=\"panel-body toggle-content fusion-clearfix\">\n<p><span style=\"font-weight: 400;\">General Damages in a sepsis negligence claim* are compensation for the effects of the suffering due to a medical professional&#8217;s breach of duty of care to you.\u00a0<\/span><\/p>\n<p><span style=\"font-weight: 400;\">You can claim general damages for the unnecessary pain and discomfort due to the effects of sepsis on your life today and in the future.\u00a0<\/span><\/p>\n<p><span style=\"font-weight: 400;\">Os Danos Gerais podem ser reclamados num caso de neglig\u00eancia m\u00e9dica em que as les\u00f5es causam dor e inc\u00f3modo e afetam a capacidade do paciente para fazer exerc\u00edcio, conduzir, praticar desporto e outras atividades.<\/span><\/p>\n<\/div><\/div><\/div><div class=\"fusion-panel panel-default panel-71ee6cd095fc40c78 fusion-toggle-has-divider\" style=\"--awb-title-color:var(--awb-color5);--awb-content-color:var(--awb-color6);\"><div class=\"panel-heading\"><h4 class=\"panel-title toggle\" id=\"toggle_71ee6cd095fc40c78\"><a aria-expanded=\"false\" aria-controls=\"71ee6cd095fc40c78\" role=\"button\" data-toggle=\"collapse\" data-parent=\"#accordion-1090-1\" data-target=\"#71ee6cd095fc40c78\" href=\"#71ee6cd095fc40c78\"><span class=\"fusion-toggle-icon-wrapper\" aria-hidden=\"true\"><i class=\"fa-fusion-box active-icon awb-icon-minus\" aria-hidden=\"true\"><\/i><i class=\"fa-fusion-box inactive-icon awb-icon-plus\" aria-hidden=\"true\"><\/i><\/span><span class=\"fusion-toggle-heading\">Special Damages in a Sepsis negligence claim* <\/span><\/a><\/h4><\/div><div id=\"71ee6cd095fc40c78\" class=\"panel-collapse collapse\" aria-labelledby=\"toggle_71ee6cd095fc40c78\"><div class=\"panel-body toggle-content fusion-clearfix\">\n<p><span style=\"font-weight: 400;\">Special Damages in a sepsis negligence claim* are for the financial effects on your life due to the medical negligence.\u00a0<\/span><\/p>\n<p><span style=\"font-weight: 400;\">You may be able to claim for the errors by a paramedic, a GP or hospital consultant that led to you suffering the unnecessary effects of developing sepsis when under their care.\u00a0<\/span><\/p>\n<p><span style=\"font-weight: 400;\">Com Danos Especiais, pode reclamar indemniza\u00e7\u00e3o por:\u00a0\u00a0<\/span><\/p>\n<ul>\n<li style=\"font-weight: 400;\" aria-level=\"1\"><span style=\"font-weight: 400;\">A perda de rendimentos<\/span><\/li>\n<li style=\"font-weight: 400;\" aria-level=\"1\"><span style=\"font-weight: 400;\">Custos dos cuidados de sa\u00fade hoje e no futuro<\/span><\/li>\n<li style=\"font-weight: 400;\" aria-level=\"1\"><span style=\"font-weight: 400;\">Despesas do pr\u00f3prio bolso, tais como viagens, consultas m\u00e9dicas, tratamentos adicionais\u00a0\u00a0<\/span><\/li>\n<\/ul>\n<p><span style=\"font-weight: 400;\">Special Damages are for the financial effects of a loss of income after the sepsis negligence when you cannot work or may even need to change your employment.\u00a0<\/span><\/p>\n<p><span style=\"font-weight: 400;\">Pode reclamar Danos Especiais para compensar os custos financeiros da neglig\u00eancia m\u00e9dica, para que n\u00e3o fique a perder dinheiro devido \u00e0s a\u00e7\u00f5es de terceiros.\u00a0\u00a0<\/span><\/p>\n<p><span style=\"font-weight: 400;\">A compensation claim* will help you get what is needed to maintain a similar quality of life as before the sepsis negligence impacted your life.\u00a0\u00a0<\/span><\/p>\n<p><span style=\"font-weight: 400;\">Your PBN Litigation solicitor can guide you on what to expect in compensation and how to make a claim for sepsis negligence.<\/span><\/p>\n<\/div><\/div><\/div><\/div><\/div><div class=\"fusion-text fusion-text-22\" style=\"--awb-margin-top:20px;\"><p><span style=\"font-weight: 400;\">The two types of damages consider the effects of the medical care before, during and after the meeting with a doctor and its impact on your life today and in the future. <\/span><\/p>\n<\/div><\/div><\/div><\/div><\/div><\/div><div id=\"contact\" class=\"fusion-container-anchor\"><div class=\"fusion-fullwidth fullwidth-box fusion-builder-row-16 fusion-flex-container has-pattern-background has-mask-background nonhundred-percent-fullwidth non-hundred-percent-height-scrolling\" style=\"--awb-border-radius-top-left:0px;--awb-border-radius-top-right:0px;--awb-border-radius-bottom-right:0px;--awb-border-radius-bottom-left:0px;--awb-background-color:#ffffff;--awb-flex-wrap:wrap;\" ><div class=\"fusion-builder-row fusion-row fusion-flex-align-items-flex-start fusion-flex-content-wrap\" style=\"max-width:1216.8px;margin-left: calc(-4% \/ 2 );margin-right: calc(-4% \/ 2 );\"><div class=\"fusion-layout-column fusion_builder_column fusion-builder-column-15 fusion_builder_column_1_1 1_1 fusion-flex-column\" style=\"--awb-bg-size:cover;--awb-width-large:100%;--awb-margin-top-large:0px;--awb-spacing-right-large:1.92%;--awb-margin-bottom-large:0px;--awb-spacing-left-large:1.92%;--awb-width-medium:100%;--awb-order-medium:0;--awb-spacing-right-medium:1.92%;--awb-spacing-left-medium:1.92%;--awb-width-small:100%;--awb-order-small:0;--awb-spacing-right-small:1.92%;--awb-spacing-left-small:1.92%;\"><div class=\"fusion-column-wrapper fusion-column-has-shadow fusion-flex-justify-content-flex-start fusion-content-layout-column\"><div class=\"fusion-title title fusion-title-16 fusion-title-text fusion-title-size-two\" style=\"--awb-margin-top-small:0px;--awb-margin-right-small:0px;--awb-margin-bottom-small:20px;--awb-margin-left-small:0px;\"><div class=\"title-sep-container title-sep-container-left fusion-no-large-visibility fusion-no-medium-visibility fusion-no-small-visibility\"><div class=\"title-sep sep- sep-solid\" style=\"border-color:var(--awb-color3);\"><\/div><\/div><span class=\"awb-title-spacer fusion-no-large-visibility fusion-no-medium-visibility fusion-no-small-visibility\"><\/span><h2 class=\"fusion-title-heading title-heading-left\" style=\"margin:0;text-transform:uppercase;\">Apresente uma reclama\u00e7\u00e3o por neglig\u00eancia m\u00e9dica relacionada com s\u00e9psis hoje<\/h2><span class=\"awb-title-spacer\"><\/span><div class=\"title-sep-container title-sep-container-right\"><div class=\"title-sep sep- sep-solid\" style=\"border-color:var(--awb-color3);\"><\/div><\/div><\/div><div class=\"fusion-text fusion-text-23\"><p><span style=\"font-weight: 400;\">Make a sepsis negligence claim* today by contacting PBN Litigation Solicitors in Dublin.\u00a0<\/span><\/p>\n<p><span style=\"font-weight: 400;\">A experi\u00eancia da PBN Litigation Solicitors no tratamento de todos os tipos de neglig\u00eancia m\u00e9dica pode ajud\u00e1-lo a obter o m\u00e1ximo de uma reclama\u00e7\u00e3o de indemniza\u00e7\u00e3o*.\u00a0<\/span><\/p>\n<p><span style=\"font-weight: 400;\">You are the one who suffered a breach of duty of care by the medical professional. You are the one who had to undergo extra treatment, multiple organ failure and spend time in hospital due the negligence before, during and after your case of sepsis.\u00a0<\/span><\/p>\n<p><span style=\"font-weight: 400;\">Poder\u00e1 perder os seus rendimentos quando n\u00e3o puder trabalhar, ou poder\u00e1 ter de aceitar um emprego com um sal\u00e1rio inferior ao anterior \u00e0 neglig\u00eancia m\u00e9dica. Poder\u00e1 ter direito a uma indemniza\u00e7\u00e3o* por quaisquer perdas financeiras para o agregado familiar.\u00a0<\/span><\/p>\n<p><span style=\"font-weight: 400;\">Tu e os outros membros da fam\u00edlia n\u00e3o devem ficar a perder dinheiro devido a neglig\u00eancia m\u00e9dica.\u00a0<\/span><\/p>\n<p><span style=\"font-weight: 400;\">Contact PBN Litigation Solicitors today and let us make your sepsis negligence compensation claim*.<\/span><\/p>\n<\/div><\/div><\/div><\/div><\/div><\/div><\/p>","protected":false},"excerpt":{"rendered":"","protected":false},"author":2,"featured_media":0,"parent":614,"menu_order":0,"comment_status":"closed","ping_status":"closed","template":"100-width.php","meta":{"footnotes":""},"class_list":["post-1090","page","type-page","status-publish","hentry"],"yoast_head":"<!-- This site is optimized with the Yoast SEO plugin v28.2 - https:\/\/yoast.com\/product\/yoast-seo-wordpress\/ -->\n<title>Sepsis Negligence - PBN Litigation<\/title>\n<meta name=\"description\" content=\"Sepsis negligence is when you suffer negligent treatment before, during or after developing this very dangerous condition. The medical negligence of errors in treating your sepsis could have an effect on your life today and in the future.\" \/>\n<meta name=\"robots\" content=\"index, follow, max-snippet:-1, max-image-preview:large, max-video-preview:-1\" \/>\n<link rel=\"canonical\" href=\"https:\/\/pbnlitigation.ie\/pt\/medical-negligence\/hospital-negligence-claim\/sepsis-negligence\/\" \/>\n<meta property=\"og:locale\" content=\"pt_PT\" \/>\n<meta property=\"og:type\" content=\"article\" \/>\n<meta property=\"og:title\" content=\"Sepsis Negligence - PBN Litigation\" \/>\n<meta property=\"og:description\" content=\"Sepsis negligence is when you suffer negligent treatment before, during or after developing this very dangerous condition. The medical negligence of errors in treating your sepsis could have an effect on your life today and in the future.\" \/>\n<meta property=\"og:url\" content=\"https:\/\/pbnlitigation.ie\/pt\/medical-negligence\/hospital-negligence-claim\/sepsis-negligence\/\" \/>\n<meta property=\"og:site_name\" content=\"PBN Litigation\" \/>\n<meta property=\"article:modified_time\" content=\"2025-02-14T13:52:22+00:00\" \/>\n<meta name=\"twitter:card\" content=\"summary_large_image\" \/>\n<meta name=\"twitter:label1\" content=\"Tempo estimado de leitura\" \/>\n\t<meta name=\"twitter:data1\" content=\"11 minutos\" \/>\n<script type=\"application\/ld+json\" class=\"yoast-schema-graph\">{\"@context\":\"https:\\\/\\\/schema.org\",\"@graph\":[{\"@type\":\"WebPage\",\"@id\":\"https:\\\/\\\/pbnlitigation.ie\\\/medical-negligence\\\/hospital-negligence-claim\\\/sepsis-negligence\\\/\",\"url\":\"https:\\\/\\\/pbnlitigation.ie\\\/medical-negligence\\\/hospital-negligence-claim\\\/sepsis-negligence\\\/\",\"name\":\"Sepsis Negligence - PBN Litigation\",\"isPartOf\":{\"@id\":\"https:\\\/\\\/pbnlitigation.ie\\\/ru\\\/#website\"},\"datePublished\":\"2025-02-11T13:50:11+00:00\",\"dateModified\":\"2025-02-14T13:52:22+00:00\",\"description\":\"Sepsis negligence is when you suffer negligent treatment before, during or after developing this very dangerous condition. The medical negligence of errors in treating your sepsis could have an effect on your life today and in the future.\",\"breadcrumb\":{\"@id\":\"https:\\\/\\\/pbnlitigation.ie\\\/medical-negligence\\\/hospital-negligence-claim\\\/sepsis-negligence\\\/#breadcrumb\"},\"inLanguage\":\"pt-PT\",\"potentialAction\":[{\"@type\":\"ReadAction\",\"target\":[\"https:\\\/\\\/pbnlitigation.ie\\\/medical-negligence\\\/hospital-negligence-claim\\\/sepsis-negligence\\\/\"]}]},{\"@type\":\"BreadcrumbList\",\"@id\":\"https:\\\/\\\/pbnlitigation.ie\\\/medical-negligence\\\/hospital-negligence-claim\\\/sepsis-negligence\\\/#breadcrumb\",\"itemListElement\":[{\"@type\":\"ListItem\",\"position\":1,\"name\":\"Home\",\"item\":\"https:\\\/\\\/pbnlitigation.ie\\\/ru\\\/\"},{\"@type\":\"ListItem\",\"position\":2,\"name\":\"Medical Negligence\",\"item\":\"https:\\\/\\\/pbnlitigation.ie\\\/ru\\\/medical-negligence\\\/\"},{\"@type\":\"ListItem\",\"position\":3,\"name\":\"Hospital Negligence Claim*\",\"item\":\"https:\\\/\\\/pbnlitigation.ie\\\/medical-negligence\\\/hospital-negligence-claim\\\/\"},{\"@type\":\"ListItem\",\"position\":4,\"name\":\"Sepsis Negligence\"}]},{\"@type\":\"WebSite\",\"@id\":\"https:\\\/\\\/pbnlitigation.ie\\\/ru\\\/#website\",\"url\":\"https:\\\/\\\/pbnlitigation.ie\\\/ru\\\/\",\"name\":\"PBN Litigation\",\"description\":\"Your Legal Solution\",\"publisher\":{\"@id\":\"https:\\\/\\\/pbnlitigation.ie\\\/ru\\\/#organization\"},\"potentialAction\":[{\"@type\":\"SearchAction\",\"target\":{\"@type\":\"EntryPoint\",\"urlTemplate\":\"https:\\\/\\\/pbnlitigation.ie\\\/ru\\\/?s={search_term_string}\"},\"query-input\":{\"@type\":\"PropertyValueSpecification\",\"valueRequired\":true,\"valueName\":\"search_term_string\"}}],\"inLanguage\":\"pt-PT\"},{\"@type\":\"Organization\",\"@id\":\"https:\\\/\\\/pbnlitigation.ie\\\/ru\\\/#organization\",\"name\":\"PBN Litigation\",\"url\":\"https:\\\/\\\/pbnlitigation.ie\\\/ru\\\/\",\"logo\":{\"@type\":\"ImageObject\",\"inLanguage\":\"pt-PT\",\"@id\":\"https:\\\/\\\/pbnlitigation.ie\\\/ru\\\/#\\\/schema\\\/logo\\\/image\\\/\",\"url\":\"https:\\\/\\\/pbnlitigation.ie\\\/wp-content\\\/uploads\\\/2023\\\/11\\\/PBN-litigation-logox2.png\",\"contentUrl\":\"https:\\\/\\\/pbnlitigation.ie\\\/wp-content\\\/uploads\\\/2023\\\/11\\\/PBN-litigation-logox2.png\",\"width\":200,\"height\":200,\"caption\":\"PBN Litigation\"},\"image\":{\"@id\":\"https:\\\/\\\/pbnlitigation.ie\\\/ru\\\/#\\\/schema\\\/logo\\\/image\\\/\"}}]}<\/script>\n<!-- \/ Yoast SEO plugin. -->","yoast_head_json":{"title":"Sepsis Negligence - PBN Litigation","description":"Neglig\u00eancia m\u00e9dica por s\u00e9psis ocorre quando sofre de tratamento negligente antes, durante ou ap\u00f3s o desenvolvimento desta condi\u00e7\u00e3o altamente perigosa. A neglig\u00eancia m\u00e9dica associada a erros no tratamento da sua s\u00e9psis pode ter um impacto na sua vida atual e futura.","robots":{"index":"index","follow":"follow","max-snippet":"max-snippet:-1","max-image-preview":"max-image-preview:large","max-video-preview":"max-video-preview:-1"},"canonical":"https:\/\/pbnlitigation.ie\/pt\/medical-negligence\/hospital-negligence-claim\/sepsis-negligence\/","og_locale":"pt_PT","og_type":"article","og_title":"Sepsis Negligence - PBN Litigation","og_description":"Sepsis negligence is when you suffer negligent treatment before, during or after developing this very dangerous condition. The medical negligence of errors in treating your sepsis could have an effect on your life today and in the future.","og_url":"https:\/\/pbnlitigation.ie\/pt\/medical-negligence\/hospital-negligence-claim\/sepsis-negligence\/","og_site_name":"PBN Litigation","article_modified_time":"2025-02-14T13:52:22+00:00","twitter_card":"summary_large_image","twitter_misc":{"Tempo estimado de leitura":"11 minutos"},"schema":{"@context":"https:\/\/schema.org","@graph":[{"@type":"WebPage","@id":"https:\/\/pbnlitigation.ie\/medical-negligence\/hospital-negligence-claim\/sepsis-negligence\/","url":"https:\/\/pbnlitigation.ie\/medical-negligence\/hospital-negligence-claim\/sepsis-negligence\/","name":"Sepsis Negligence - PBN Litigation","isPartOf":{"@id":"https:\/\/pbnlitigation.ie\/ru\/#website"},"datePublished":"2025-02-11T13:50:11+00:00","dateModified":"2025-02-14T13:52:22+00:00","description":"Neglig\u00eancia m\u00e9dica por s\u00e9psis ocorre quando sofre de tratamento negligente antes, durante ou ap\u00f3s o desenvolvimento desta condi\u00e7\u00e3o altamente perigosa. A neglig\u00eancia m\u00e9dica associada a erros no tratamento da sua s\u00e9psis pode ter um impacto na sua vida atual e futura.","breadcrumb":{"@id":"https:\/\/pbnlitigation.ie\/medical-negligence\/hospital-negligence-claim\/sepsis-negligence\/#breadcrumb"},"inLanguage":"pt-PT","potentialAction":[{"@type":"ReadAction","target":["https:\/\/pbnlitigation.ie\/medical-negligence\/hospital-negligence-claim\/sepsis-negligence\/"]}]},{"@type":"BreadcrumbList","@id":"https:\/\/pbnlitigation.ie\/medical-negligence\/hospital-negligence-claim\/sepsis-negligence\/#breadcrumb","itemListElement":[{"@type":"ListItem","position":1,"name":"Home","item":"https:\/\/pbnlitigation.ie\/ru\/"},{"@type":"ListItem","position":2,"name":"Medical Negligence","item":"https:\/\/pbnlitigation.ie\/ru\/medical-negligence\/"},{"@type":"ListItem","position":3,"name":"Hospital Negligence Claim*","item":"https:\/\/pbnlitigation.ie\/medical-negligence\/hospital-negligence-claim\/"},{"@type":"ListItem","position":4,"name":"Sepsis Negligence"}]},{"@type":"WebSite","@id":"https:\/\/pbnlitigation.ie\/ru\/#website","url":"https:\/\/pbnlitigation.ie\/ru\/","name":"PBN Litigation","description":"Your Legal Solution","publisher":{"@id":"https:\/\/pbnlitigation.ie\/ru\/#organization"},"potentialAction":[{"@type":"SearchAction","target":{"@type":"EntryPoint","urlTemplate":"https:\/\/pbnlitigation.ie\/ru\/?s={search_term_string}"},"query-input":{"@type":"PropertyValueSpecification","valueRequired":true,"valueName":"search_term_string"}}],"inLanguage":"pt-PT"},{"@type":"Organization","@id":"https:\/\/pbnlitigation.ie\/ru\/#organization","name":"PBN Litigation","url":"https:\/\/pbnlitigation.ie\/ru\/","logo":{"@type":"ImageObject","inLanguage":"pt-PT","@id":"https:\/\/pbnlitigation.ie\/ru\/#\/schema\/logo\/image\/","url":"https:\/\/pbnlitigation.ie\/wp-content\/uploads\/2023\/11\/PBN-litigation-logox2.png","contentUrl":"https:\/\/pbnlitigation.ie\/wp-content\/uploads\/2023\/11\/PBN-litigation-logox2.png","width":200,"height":200,"caption":"PBN Litigation"},"image":{"@id":"https:\/\/pbnlitigation.ie\/ru\/#\/schema\/logo\/image\/"}}]}},"_links":{"self":[{"href":"https:\/\/pbnlitigation.ie\/pt\/wp-json\/wp\/v2\/pages\/1090","targetHints":{"allow":["GET"]}}],"collection":[{"href":"https:\/\/pbnlitigation.ie\/pt\/wp-json\/wp\/v2\/pages"}],"about":[{"href":"https:\/\/pbnlitigation.ie\/pt\/wp-json\/wp\/v2\/types\/page"}],"author":[{"embeddable":true,"href":"https:\/\/pbnlitigation.ie\/pt\/wp-json\/wp\/v2\/users\/2"}],"replies":[{"embeddable":true,"href":"https:\/\/pbnlitigation.ie\/pt\/wp-json\/wp\/v2\/comments?post=1090"}],"version-history":[{"count":1,"href":"https:\/\/pbnlitigation.ie\/pt\/wp-json\/wp\/v2\/pages\/1090\/revisions"}],"predecessor-version":[{"id":1091,"href":"https:\/\/pbnlitigation.ie\/pt\/wp-json\/wp\/v2\/pages\/1090\/revisions\/1091"}],"up":[{"embeddable":true,"href":"https:\/\/pbnlitigation.ie\/pt\/wp-json\/wp\/v2\/pages\/614"}],"wp:attachment":[{"href":"https:\/\/pbnlitigation.ie\/pt\/wp-json\/wp\/v2\/media?parent=1090"}],"curies":[{"name":"wp","href":"https:\/\/api.w.org\/{rel}","templated":true}]}}