{"id":1001,"date":"2024-11-18T12:38:08","date_gmt":"2024-11-18T12:38:08","guid":{"rendered":"https:\/\/pbnlitigation.ie\/?page_id=1001"},"modified":"2024-11-18T12:38:08","modified_gmt":"2024-11-18T12:38:08","slug":"public-transport-accident-claim","status":"publish","type":"page","link":"https:\/\/pbnlitigation.ie\/pt\/personal-injury\/road-traffic-accident-claim\/public-transport-accident-claim\/","title":{"rendered":"Pedido de indemniza\u00e7\u00e3o por acidente nos transportes p\u00fablicos*"},"content":{"rendered":"<p><div class=\"fusion-fullwidth fullwidth-box fusion-builder-row-1 fusion-flex-container has-pattern-background has-mask-background nonhundred-percent-fullwidth non-hundred-percent-height-scrolling\" style=\"--awb-border-radius-top-left:0px;--awb-border-radius-top-right:0px;--awb-border-radius-bottom-right:0px;--awb-border-radius-bottom-left:0px;--awb-padding-top:50px;--awb-background-color:#ffffff;--awb-flex-wrap:wrap;\" ><div class=\"fusion-builder-row fusion-row fusion-flex-align-items-flex-start fusion-flex-content-wrap\" style=\"max-width:1216.8px;margin-left: calc(-4% \/ 2 );margin-right: calc(-4% \/ 2 );\"><div class=\"fusion-layout-column fusion_builder_column fusion-builder-column-0 fusion_builder_column_1_1 1_1 fusion-flex-column\" style=\"--awb-bg-size:cover;--awb-width-large:100%;--awb-margin-top-large:0px;--awb-spacing-right-large:1.92%;--awb-margin-bottom-large:0px;--awb-spacing-left-large:1.92%;--awb-width-medium:100%;--awb-order-medium:0;--awb-spacing-right-medium:1.92%;--awb-spacing-left-medium:1.92%;--awb-width-small:100%;--awb-order-small:0;--awb-spacing-right-small:1.92%;--awb-spacing-left-small:1.92%;\"><div class=\"fusion-column-wrapper fusion-column-has-shadow fusion-flex-justify-content-flex-start fusion-content-layout-column\"><div class=\"fusion-text fusion-text-1\"><p><span style=\"font-weight: 400;\">Uma reclama\u00e7\u00e3o por acidente em transportes p\u00fablicos* procura compensa\u00e7\u00e3o pelo impacto de um acidente enquanto viajava de comboio, autocarro, Dart e Luas. Se ficou ferido ao utilizar transportes p\u00fablicos na Irlanda, poder\u00e1 ter uma reclama\u00e7\u00e3o de indemniza\u00e7\u00e3o por danos pessoais*.<\/span><\/p>\n<p><span style=\"font-weight: 400;\">Uma les\u00e3o num acidente de transporte p\u00fablico pode acontecer se o autocarro arrancar antes de se sentar. Poder\u00e1 ser os dedos partidos que sofre quando a porta do comboio se fecha sobre a sua m\u00e3o ou uma les\u00e3o no ombro devido a uma queda no ch\u00e3o molhado do Luas.<\/span><\/p>\n<p><span style=\"font-weight: 400;\">A les\u00e3o em transportes p\u00fablicos que n\u00e3o tenha sido inteiramente culpa sua pode dar origem a uma reclama\u00e7\u00e3o por acidente em transporte p\u00fablico*. Pode reclamar indemniza\u00e7\u00e3o pelos efeitos do acidente na sua vida atual e futura.<\/span><\/p>\n<p><span style=\"font-weight: 400;\">A PBN Litigation Solicitors pode estar do seu lado quando apresentar um pedido de indemniza\u00e7\u00e3o por acidente de transportes p\u00fablicos*.<\/span><\/p>\n<\/div><\/div><\/div><\/div><\/div><div class=\"fusion-fullwidth fullwidth-box fusion-builder-row-2 fusion-flex-container has-pattern-background has-mask-background nonhundred-percent-fullwidth non-hundred-percent-height-scrolling\" style=\"--awb-border-radius-top-left:0px;--awb-border-radius-top-right:0px;--awb-border-radius-bottom-right:0px;--awb-border-radius-bottom-left:0px;--awb-flex-wrap:wrap;\" ><div class=\"fusion-builder-row fusion-row fusion-flex-align-items-flex-start fusion-flex-content-wrap\" style=\"max-width:1216.8px;margin-left: calc(-4% \/ 2 );margin-right: calc(-4% \/ 2 );\"><div class=\"fusion-layout-column fusion_builder_column fusion-builder-column-1 fusion_builder_column_1_1 1_1 fusion-flex-column\" style=\"--awb-bg-size:cover;--awb-width-large:100%;--awb-margin-top-large:0px;--awb-spacing-right-large:1.92%;--awb-margin-bottom-large:0px;--awb-spacing-left-large:1.92%;--awb-width-medium:100%;--awb-order-medium:0;--awb-spacing-right-medium:1.92%;--awb-spacing-left-medium:1.92%;--awb-width-small:100%;--awb-order-small:0;--awb-spacing-right-small:1.92%;--awb-spacing-left-small:1.92%;\"><div class=\"fusion-column-wrapper fusion-column-has-shadow fusion-flex-justify-content-flex-start fusion-content-layout-column\"><div class=\"fusion-title title fusion-title-1 fusion-title-text fusion-title-size-three\" style=\"--awb-margin-top-small:0px;--awb-margin-right-small:0px;--awb-margin-bottom-small:20px;--awb-margin-left-small:0px;\"><div class=\"title-sep-container title-sep-container-left fusion-no-large-visibility fusion-no-medium-visibility fusion-no-small-visibility\"><div class=\"title-sep sep- sep-solid\" style=\"border-color:var(--awb-color3);\"><\/div><\/div><span class=\"awb-title-spacer fusion-no-large-visibility fusion-no-medium-visibility fusion-no-small-visibility\"><\/span><h3 class=\"fusion-title-heading title-heading-left\" style=\"margin:0;text-transform:uppercase;\">\u00cdndice<\/h3><span class=\"awb-title-spacer\"><\/span><div class=\"title-sep-container title-sep-container-right\"><div class=\"title-sep sep- sep-solid\" style=\"border-color:var(--awb-color3);\"><\/div><\/div><\/div><div class=\"awb-toc-el awb-toc-el--1\" data-awb-toc-id=\"1\" data-awb-toc-options=\"{&quot;allowed_heading_tags&quot;:{&quot;h2&quot;:0,&quot;h3&quot;:1},&quot;ignore_headings&quot;:&quot;&quot;,&quot;ignore_headings_words&quot;:&quot;Table of Content|Contact Us Today&quot;,&quot;enable_cache&quot;:&quot;yes&quot;,&quot;highlight_current_heading&quot;:&quot;no&quot;,&quot;hide_hidden_titles&quot;:&quot;yes&quot;,&quot;limit_container&quot;:&quot;all&quot;,&quot;select_custom_headings&quot;:&quot;&quot;,&quot;icon&quot;:&quot;fa-angle-right fas&quot;,&quot;counter_type&quot;:&quot;custom_icon&quot;}\" style=\"--awb-counter-color:var(--awb-color7);\"><div class=\"awb-toc-el__content\"><ul class=\"awb-toc-el__list awb-toc-el__list--0\"><li class=\"awb-toc-el__list-item\"><a class=\"awb-toc-el__item-anchor\" href=\"#toc_What_is_a_public_transport_accident_claim\"><span class=\"awb-toc-el__item-icon fa-angle-right fas\"><\/span>O que \u00e9 uma reclama\u00e7\u00e3o por acidente de transporte p\u00fablico?<\/a><\/li><li class=\"awb-toc-el__list-item\"><a class=\"awb-toc-el__item-anchor\" href=\"#toc_Types_of_Public_Transport_accident_claims\"><span class=\"awb-toc-el__item-icon fa-angle-right fas\"><\/span>Tipos de indemniza\u00e7\u00f5es por acidentes em transportes p\u00fablicos*<\/a><ul class=\"awb-toc-el__list awb-toc-el__list--1\"><li class=\"awb-toc-el__list-item\"><a class=\"awb-toc-el__item-anchor\" href=\"#toc_Injury_on_the_bus_public_transport_accident_claims\"><span class=\"awb-toc-el__item-icon fa-angle-right fas\"><\/span>Reclama\u00e7\u00f5es por ferimentos em acidentes de transporte p\u00fablico de autocarro<\/a><\/li><li class=\"awb-toc-el__list-item\"><a class=\"awb-toc-el__item-anchor\" href=\"#toc_Injury_on_the_train_public_transport_accident_claims\"><span class=\"awb-toc-el__item-icon fa-angle-right fas\"><\/span>Reclama\u00e7\u00f5es por acidentes nos transportes p\u00fablicos - ferimentos no comboio<\/a><\/li><li class=\"awb-toc-el__list-item\"><a class=\"awb-toc-el__item-anchor\" href=\"#toc_Injury_on_the_Luas_public_transport_accident_claims\"><span class=\"awb-toc-el__item-icon fa-angle-right fas\"><\/span>Indemniza\u00e7\u00f5es por acidentes nos transportes p\u00fablicos Luas<\/a><\/li><li class=\"awb-toc-el__list-item\"><a class=\"awb-toc-el__item-anchor\" href=\"#toc_Injury_on_the_Dart_public_transport_claims\"><span class=\"awb-toc-el__item-icon fa-angle-right fas\"><\/span>Reclama\u00e7\u00f5es por ferimentos nos transportes p\u00fablicos DART<\/a><\/li><li class=\"awb-toc-el__list-item\"><a class=\"awb-toc-el__item-anchor\" href=\"#toc_Injury_on_public_transport_property_claims\"><span class=\"awb-toc-el__item-icon fa-angle-right fas\"><\/span>Reclama\u00e7\u00f5es por ferimentos em propriedade de transporte p\u00fablico<\/a><\/li><\/ul><\/li><li class=\"awb-toc-el__list-item\"><a class=\"awb-toc-el__item-anchor\" href=\"#toc_Compensation_for_a_public_transport_accident_claim\"><span class=\"awb-toc-el__item-icon fa-angle-right fas\"><\/span>Indemniza\u00e7\u00e3o por acidente em transporte p\u00fablico*<\/a><ul class=\"awb-toc-el__list awb-toc-el__list--1\"><li class=\"awb-toc-el__list-item\"><a class=\"awb-toc-el__item-anchor\" href=\"#toc_Damages_in_a_public_transport_accident_compensation_claim\"><span class=\"awb-toc-el__item-icon fa-angle-right fas\"><\/span>Indemniza\u00e7\u00e3o por danos num pedido de compensa\u00e7\u00e3o por acidente de transporte p\u00fablico<\/a><\/li><\/ul><\/li><li class=\"awb-toc-el__list-item\"><a class=\"awb-toc-el__item-anchor\" href=\"#toc_The_Personal_Injury_Assessment_Board\"><span class=\"awb-toc-el__item-icon fa-angle-right fas\"><\/span>Comiss\u00e3o de Avalia\u00e7\u00e3o de Les\u00f5es Corporais<\/a><\/li><li class=\"awb-toc-el__list-item\"><a class=\"awb-toc-el__item-anchor\" href=\"#toc_PBN_Litigation_Solicitors_and_the_PIAB\"><span class=\"awb-toc-el__item-icon fa-angle-right fas\"><\/span>PBN Litigation Solicitors e o PIAB<\/a><\/li><li class=\"awb-toc-el__list-item\"><a class=\"awb-toc-el__item-anchor\" href=\"#toc_Contact_PBN_Litigation_Solicitors_Today\"><span class=\"awb-toc-el__item-icon fa-angle-right fas\"><\/span>Contacte a PBN Litigation Solicitors Hoje<\/a><\/li><\/ul><\/div><\/div><\/div><\/div><\/div><\/div><div id=\"what\" class=\"fusion-container-anchor\"><div class=\"fusion-fullwidth fullwidth-box fusion-builder-row-3 fusion-flex-container has-pattern-background has-mask-background nonhundred-percent-fullwidth non-hundred-percent-height-scrolling\" style=\"--awb-border-radius-top-left:0px;--awb-border-radius-top-right:0px;--awb-border-radius-bottom-right:0px;--awb-border-radius-bottom-left:0px;--awb-background-color:#ffffff;--awb-flex-wrap:wrap;\" ><div class=\"fusion-builder-row fusion-row fusion-flex-align-items-flex-start fusion-flex-content-wrap\" style=\"max-width:1216.8px;margin-left: calc(-4% \/ 2 );margin-right: calc(-4% \/ 2 );\"><div class=\"fusion-layout-column fusion_builder_column fusion-builder-column-2 fusion_builder_column_1_1 1_1 fusion-flex-column\" style=\"--awb-bg-size:cover;--awb-width-large:100%;--awb-margin-top-large:0px;--awb-spacing-right-large:1.92%;--awb-margin-bottom-large:0px;--awb-spacing-left-large:1.92%;--awb-width-medium:100%;--awb-order-medium:0;--awb-spacing-right-medium:1.92%;--awb-spacing-left-medium:1.92%;--awb-width-small:100%;--awb-order-small:0;--awb-spacing-right-small:1.92%;--awb-spacing-left-small:1.92%;\"><div class=\"fusion-column-wrapper fusion-column-has-shadow fusion-flex-justify-content-flex-start fusion-content-layout-column\"><div class=\"fusion-title title fusion-title-2 fusion-title-text fusion-title-size-two\" style=\"--awb-margin-top-small:0px;--awb-margin-right-small:0px;--awb-margin-bottom-small:20px;--awb-margin-left-small:0px;\"><div class=\"title-sep-container title-sep-container-left fusion-no-large-visibility fusion-no-medium-visibility fusion-no-small-visibility\"><div class=\"title-sep sep- sep-solid\" style=\"border-color:var(--awb-color3);\"><\/div><\/div><span class=\"awb-title-spacer fusion-no-large-visibility fusion-no-medium-visibility fusion-no-small-visibility\"><\/span><h2 class=\"fusion-title-heading title-heading-left\" style=\"margin:0;text-transform:uppercase;\">O que \u00e9 uma reclama\u00e7\u00e3o por acidente de transporte p\u00fablico?<\/h2><span class=\"awb-title-spacer\"><\/span><div class=\"title-sep-container title-sep-container-right\"><div class=\"title-sep sep- sep-solid\" style=\"border-color:var(--awb-color3);\"><\/div><\/div><\/div><div class=\"fusion-text fusion-text-2\"><p><span style=\"font-weight: 400;\">Uma reclama\u00e7\u00e3o por acidente em transportes p\u00fablicos* \u00e9 o processo legal para obter indemniza\u00e7\u00e3o pelos efeitos de um ferimento num acidente que n\u00e3o foi culpa sua.\u00a0<\/span><\/p>\n<p><span style=\"font-weight: 400;\">A utiliza\u00e7\u00e3o dos autocarros em Dublin aumentou 10% em rela\u00e7\u00e3o aos n\u00edveis pr\u00e9-pand\u00e9micos, e as viagens de autocarro nos transportes p\u00fablicos fora de Dublin aumentaram 31%. Com mais pessoas a viajar nos <\/span><a href=\"https:\/\/www.cso.ie\/en\/releasesandpublications\/ep\/p-tb\/transportbulletinmarch2023\/publicandothertransport\/\"><span style=\"font-weight: 400;\">Os acidentes com o Luas, comboios e autocarros est\u00e3o a tornar-se cada vez mais frequentes.<\/span><\/a><span style=\"font-weight: 400;\">\u00a0<\/span><\/p>\n<p><span style=\"font-weight: 400;\">Um acidente ocorrido durante uma viagem em transportes p\u00fablicos na Irlanda pode causar les\u00f5es nas m\u00e3os, nas pernas, na cabe\u00e7a, nos bra\u00e7os e nos \u00f3rg\u00e3os internos. Poder\u00e1 ter de se ausentar do trabalho durante algum tempo, precisar de fazer adapta\u00e7\u00f5es na sua casa e no seu carro e ter de incluir no seu or\u00e7amento os custos adicionais com consultas m\u00e9dicas e fisioterapia.<\/span><\/p>\n<p><span style=\"font-weight: 400;\">O pedido de indemniza\u00e7\u00e3o por acidente nos transportes p\u00fablicos* pode visar a obten\u00e7\u00e3o de uma indemniza\u00e7\u00e3o para cobrir os custos adicionais decorrentes de um acidente que n\u00e3o tenha sido inteiramente da sua responsabilidade.<\/span><\/p>\n<p><span style=\"font-weight: 400;\">Os solicitadores de contencioso da PBN podem tratar do seu pedido de indemniza\u00e7\u00e3o* por acidente de transporte p\u00fablico.<\/span><\/p>\n<\/div><\/div><\/div><\/div><\/div><\/div><div class=\"fusion-fullwidth fullwidth-box fusion-builder-row-4 fusion-flex-container has-pattern-background has-mask-background nonhundred-percent-fullwidth non-hundred-percent-height-scrolling\" style=\"--awb-border-radius-top-left:0px;--awb-border-radius-top-right:0px;--awb-border-radius-bottom-right:0px;--awb-border-radius-bottom-left:0px;--awb-background-color:var(--awb-color5);--awb-flex-wrap:wrap;\" ><div class=\"fusion-builder-row fusion-row fusion-flex-align-items-flex-start fusion-flex-content-wrap\" style=\"max-width:1216.8px;margin-left: calc(-4% \/ 2 );margin-right: calc(-4% \/ 2 );\"><div class=\"fusion-layout-column fusion_builder_column fusion-builder-column-3 fusion_builder_column_1_1 1_1 fusion-flex-column\" style=\"--awb-bg-size:cover;--awb-width-large:100%;--awb-margin-top-large:0px;--awb-spacing-right-large:1.92%;--awb-margin-bottom-large:0px;--awb-spacing-left-large:1.92%;--awb-width-medium:100%;--awb-order-medium:0;--awb-spacing-right-medium:1.92%;--awb-spacing-left-medium:1.92%;--awb-width-small:100%;--awb-order-small:0;--awb-spacing-right-small:1.92%;--awb-spacing-left-small:1.92%;\"><div class=\"fusion-column-wrapper fusion-column-has-shadow fusion-flex-justify-content-flex-start fusion-content-layout-column\"><div class=\"fusion-title title fusion-title-3 fusion-title-center fusion-title-text fusion-title-size-four\" style=\"--awb-text-color:var(--awb-color1);--awb-margin-top-small:0px;--awb-margin-right-small:0px;--awb-margin-bottom-small:20px;--awb-margin-left-small:0px;\"><div class=\"title-sep-container title-sep-container-left\"><div class=\"title-sep sep- sep-solid\" style=\"border-color:var(--awb-color3);\"><\/div><\/div><span class=\"awb-title-spacer\"><\/span><h4 class=\"fusion-title-heading title-heading-center\" style=\"margin:0;text-transform:uppercase;\"><span style=\"font-weight: 400;\">PBN<\/span> os solicitadores trabalham consigo para obter a indemniza\u00e7\u00e3o que merece.<\/h4><span class=\"awb-title-spacer\"><\/span><div class=\"title-sep-container title-sep-container-right\"><div class=\"title-sep sep- sep-solid\" style=\"border-color:var(--awb-color3);\"><\/div><\/div><\/div><div class=\"fusion-text fusion-text-3\" style=\"--awb-text-color:var(--awb-color1);\"><p style=\"text-align: center;\">Orgulhamo-nos de retirar o stresse do contencioso por danos pessoais, fornecendo um servi\u00e7o dedicado ao cliente.<\/p>\n<\/div><div style=\"text-align:center;\"><a class=\"fusion-button button-flat fusion-button-default-size button-custom fusion-button-default button-1 fusion-button-default-span fusion-button-default-type\" style=\"--button_accent_color:var(--awb-color5);--button_border_color:var(--awb-color5);--button_accent_hover_color:var(--awb-color1);--button_border_hover_color:var(--awb-color1);--button_gradient_top_color:var(--awb-color1);--button_gradient_bottom_color:var(--awb-color1);--button_gradient_top_color_hover:hsla(var(--awb-color5-h),calc(var(--awb-color5-s) - 2%),calc(var(--awb-color5-l) - 7%),var(--awb-color5-a));--button_gradient_bottom_color_hover:hsla(var(--awb-color5-h),calc(var(--awb-color5-s) - 2%),calc(var(--awb-color5-l) - 7%),var(--awb-color5-a));\" target=\"_self\" href=\"https:\/\/pbnlitigation.ie\/pt\/claim-assessment\/\"><span class=\"fusion-button-text awb-button__text awb-button__text--default\">INICIAR AVALIA\u00c7\u00c3O DO PEDIDO DE INDEMNIZA\u00c7\u00c3O*<\/span><\/a><\/div><\/div><\/div><\/div><\/div>\n<div id=\"common\" class=\"fusion-container-anchor\"><div class=\"fusion-fullwidth fullwidth-box fusion-builder-row-5 fusion-flex-container has-pattern-background has-mask-background nonhundred-percent-fullwidth non-hundred-percent-height-scrolling\" style=\"--awb-border-radius-top-left:0px;--awb-border-radius-top-right:0px;--awb-border-radius-bottom-right:0px;--awb-border-radius-bottom-left:0px;--awb-padding-bottom:0px;--awb-flex-wrap:wrap;\" ><div class=\"fusion-builder-row fusion-row fusion-flex-align-items-flex-start fusion-flex-content-wrap\" style=\"max-width:1216.8px;margin-left: calc(-4% \/ 2 );margin-right: calc(-4% \/ 2 );\"><div class=\"fusion-layout-column fusion_builder_column fusion-builder-column-4 fusion_builder_column_1_1 1_1 fusion-flex-column\" style=\"--awb-bg-size:cover;--awb-width-large:100%;--awb-margin-top-large:0px;--awb-spacing-right-large:1.92%;--awb-margin-bottom-large:0px;--awb-spacing-left-large:1.92%;--awb-width-medium:100%;--awb-order-medium:0;--awb-spacing-right-medium:1.92%;--awb-spacing-left-medium:1.92%;--awb-width-small:100%;--awb-order-small:0;--awb-spacing-right-small:1.92%;--awb-spacing-left-small:1.92%;\"><div class=\"fusion-column-wrapper fusion-column-has-shadow fusion-flex-justify-content-flex-start fusion-content-layout-column\"><div class=\"fusion-title title fusion-title-4 fusion-title-text fusion-title-size-two\" style=\"--awb-margin-top-small:0px;--awb-margin-right-small:0px;--awb-margin-bottom-small:20px;--awb-margin-left-small:0px;\"><div class=\"title-sep-container title-sep-container-left fusion-no-large-visibility fusion-no-medium-visibility fusion-no-small-visibility\"><div class=\"title-sep sep- sep-solid\" style=\"border-color:var(--awb-color3);\"><\/div><\/div><span class=\"awb-title-spacer fusion-no-large-visibility fusion-no-medium-visibility fusion-no-small-visibility\"><\/span><h2 class=\"fusion-title-heading title-heading-left\" style=\"margin:0;text-transform:uppercase;\">Tipos de indemniza\u00e7\u00f5es por acidentes em transportes p\u00fablicos*<\/h2><span class=\"awb-title-spacer\"><\/span><div class=\"title-sep-container title-sep-container-right\"><div class=\"title-sep sep- sep-solid\" style=\"border-color:var(--awb-color3);\"><\/div><\/div><\/div><div class=\"fusion-text fusion-text-4\"><p><span style=\"font-weight: 400;\">Os tipos de pedidos de indemniza\u00e7\u00e3o por acidentes nos transportes p\u00fablicos* v\u00e3o desde uma entorse no pulso ap\u00f3s um escorreg\u00e3o no ch\u00e3o molhado de um autocarro, passando por um traumatismo craniano no Luas, at\u00e9 \u00e0s costelas fraturadas numa queda do comboio interurbano.<\/span><\/p>\n<p><span style=\"font-weight: 400;\">Uma les\u00e3o num acidente de transporte p\u00fablico que n\u00e3o tenha sido inteiramente culpa sua pode afetar a sua vida, e pode reclamar pelos efeitos hoje e no futuro.<\/span><\/p>\n<p><span style=\"font-weight: 400;\">Reclama\u00e7\u00f5es comuns por acidentes em transportes p\u00fablicos*:<\/span><\/p>\n<\/div><ul style=\"--awb-margin-bottom:25px;--awb-line-height:27.2px;--awb-icon-width:27.2px;--awb-icon-height:27.2px;--awb-icon-margin:11.2px;--awb-content-margin:38.4px;\" class=\"fusion-checklist fusion-checklist-1 fusion-checklist-default type-icons\"><li class=\"fusion-li-item\" style=\"\"><span class=\"icon-wrapper circle-no\"><i class=\"fusion-li-icon fa-angle-right fas\" aria-hidden=\"true\"><\/i><\/span><div class=\"fusion-li-item-content\">Reclama\u00e7\u00f5es por ferimentos em acidentes de transporte p\u00fablico de autocarro<\/div><\/li><li class=\"fusion-li-item\" style=\"\"><span class=\"icon-wrapper circle-no\"><i class=\"fusion-li-icon fa-angle-right fas\" aria-hidden=\"true\"><\/i><\/span><div class=\"fusion-li-item-content\">Reclama\u00e7\u00f5es por acidentes nos transportes p\u00fablicos - ferimentos no comboio<\/div><\/li><li class=\"fusion-li-item\" style=\"\"><span class=\"icon-wrapper circle-no\"><i class=\"fusion-li-icon fa-angle-right fas\" aria-hidden=\"true\"><\/i><\/span><div class=\"fusion-li-item-content\">Indemniza\u00e7\u00f5es por acidentes nos transportes p\u00fablicos Luas<\/div><\/li><li class=\"fusion-li-item\" style=\"\"><span class=\"icon-wrapper circle-no\"><i class=\"fusion-li-icon fa-angle-right fas\" aria-hidden=\"true\"><\/i><\/span><div class=\"fusion-li-item-content\">Reclama\u00e7\u00f5es por ferimentos nos transportes p\u00fablicos DART<\/div><\/li><li class=\"fusion-li-item\" style=\"\"><span class=\"icon-wrapper circle-no\"><i class=\"fusion-li-icon fa-angle-right fas\" aria-hidden=\"true\"><\/i><\/span><div class=\"fusion-li-item-content\">Les\u00f5es ocorridas em meios de transporte p\u00fablico<\/div><\/li><\/ul><\/div><\/div><\/div><\/div><\/div><div id=\"cuts\" class=\"fusion-container-anchor\"><div class=\"fusion-fullwidth fullwidth-box fusion-builder-row-6 fusion-flex-container has-pattern-background has-mask-background nonhundred-percent-fullwidth non-hundred-percent-height-scrolling\" style=\"--awb-border-radius-top-left:0px;--awb-border-radius-top-right:0px;--awb-border-radius-bottom-right:0px;--awb-border-radius-bottom-left:0px;--awb-padding-top:0px;--awb-padding-bottom:20px;--awb-flex-wrap:wrap;\" ><div class=\"fusion-builder-row fusion-row fusion-flex-align-items-flex-start fusion-flex-content-wrap\" style=\"max-width:1216.8px;margin-left: calc(-4% \/ 2 );margin-right: calc(-4% \/ 2 );\"><div class=\"fusion-layout-column fusion_builder_column fusion-builder-column-5 fusion_builder_column_1_1 1_1 fusion-flex-column\" style=\"--awb-padding-top:20px;--awb-padding-right:30px;--awb-padding-left:30px;--awb-bg-color:#ffffff;--awb-bg-color-hover:#ffffff;--awb-bg-size:cover;--awb-width-large:100%;--awb-margin-top-large:0px;--awb-spacing-right-large:1.92%;--awb-margin-bottom-large:0px;--awb-spacing-left-large:1.92%;--awb-width-medium:100%;--awb-order-medium:0;--awb-spacing-right-medium:1.92%;--awb-spacing-left-medium:1.92%;--awb-width-small:100%;--awb-order-small:0;--awb-spacing-right-small:1.92%;--awb-spacing-left-small:1.92%;\" data-scroll-devices=\"small-visibility,medium-visibility,large-visibility\"><div class=\"fusion-column-wrapper fusion-column-has-shadow fusion-flex-justify-content-flex-start fusion-content-layout-column\"><div class=\"fusion-title title fusion-title-5 fusion-title-text fusion-title-size-three\" style=\"--awb-margin-top-small:0px;--awb-margin-right-small:0px;--awb-margin-bottom-small:20px;--awb-margin-left-small:0px;\"><div class=\"title-sep-container title-sep-container-left fusion-no-large-visibility fusion-no-medium-visibility fusion-no-small-visibility\"><div class=\"title-sep sep- sep-solid\" style=\"border-color:var(--awb-color3);\"><\/div><\/div><span class=\"awb-title-spacer fusion-no-large-visibility fusion-no-medium-visibility fusion-no-small-visibility\"><\/span><h3 class=\"fusion-title-heading title-heading-left\" style=\"margin:0;text-transform:uppercase;\">Reclama\u00e7\u00f5es por ferimentos em acidentes de transporte p\u00fablico de autocarro<\/h3><span class=\"awb-title-spacer\"><\/span><div class=\"title-sep-container title-sep-container-right\"><div class=\"title-sep sep- sep-solid\" style=\"border-color:var(--awb-color3);\"><\/div><\/div><\/div><div class=\"fusion-text fusion-text-5\"><p><span style=\"font-weight: 400;\">Um ferimento num autocarro de transporte p\u00fablico pode acontecer se o autocarro n\u00e3o for mantido corretamente ou se o motorista do autocarro n\u00e3o prestar aos passageiros o dever de cuidado total.<\/span><\/p>\n<p><span style=\"font-weight: 400;\">O autocarro de transportes p\u00fablicos pode ser uma forma muito segura de viajar, mas se a empresa de autocarros violar o seu dever de dilig\u00eancia para com os passageiros, pode ocorrer rapidamente um acidente.<\/span><\/p>\n<p><span style=\"font-weight: 400;\">Os tipos de reclama\u00e7\u00f5es por ferimentos num autocarro de transporte p\u00fablico podem ser:<\/span><\/p>\n<\/div><ul style=\"--awb-margin-bottom:25px;--awb-line-height:27.2px;--awb-icon-width:27.2px;--awb-icon-height:27.2px;--awb-icon-margin:11.2px;--awb-content-margin:38.4px;\" class=\"fusion-checklist fusion-checklist-2 fusion-checklist-default type-icons\"><li class=\"fusion-li-item\" style=\"\"><span class=\"icon-wrapper circle-no\"><i class=\"fusion-li-icon fa-angle-right fas\" aria-hidden=\"true\"><\/i><\/span><div class=\"fusion-li-item-content\">Cortes e pisaduras quando o motorista arranca antes de se sentar<\/div><\/li><li class=\"fusion-li-item\" style=\"\"><span class=\"icon-wrapper circle-no\"><i class=\"fusion-li-icon fa-angle-right fas\" aria-hidden=\"true\"><\/i><\/span><div class=\"fusion-li-item-content\">Les\u00e3o num nervo do ombro numa queda nas escadas partidas do autocarro na cidade<\/div><\/li><li class=\"fusion-li-item\" style=\"\"><span class=\"icon-wrapper circle-no\"><i class=\"fusion-li-icon fa-angle-right fas\" aria-hidden=\"true\"><\/i><\/span><div class=\"fusion-li-item-content\">Les\u00e3o no tornozelo devido a uma queda ao entrar no autocarro demasiado longe do passeio<\/div><\/li><\/ul><div class=\"fusion-text fusion-text-6\"><p><span style=\"font-weight: 400;\">Poder\u00e1 ter direito a indemniza\u00e7\u00e3o pelo ferimento no autocarro que n\u00e3o foi da sua responsabilidade.<\/span><\/p>\n<\/div><\/div><\/div><\/div><\/div><\/div><div id=\"broken\" class=\"fusion-container-anchor\"><div class=\"fusion-fullwidth fullwidth-box fusion-builder-row-7 fusion-flex-container has-pattern-background has-mask-background nonhundred-percent-fullwidth non-hundred-percent-height-scrolling\" style=\"--awb-border-radius-top-left:0px;--awb-border-radius-top-right:0px;--awb-border-radius-bottom-right:0px;--awb-border-radius-bottom-left:0px;--awb-padding-top:0px;--awb-padding-bottom:20px;--awb-flex-wrap:wrap;\" ><div class=\"fusion-builder-row fusion-row fusion-flex-align-items-flex-start fusion-flex-content-wrap\" style=\"max-width:1216.8px;margin-left: calc(-4% \/ 2 );margin-right: calc(-4% \/ 2 );\"><div class=\"fusion-layout-column fusion_builder_column fusion-builder-column-6 fusion_builder_column_1_1 1_1 fusion-flex-column\" style=\"--awb-padding-top:20px;--awb-padding-right:30px;--awb-padding-left:30px;--awb-bg-color:#ffffff;--awb-bg-color-hover:#ffffff;--awb-bg-size:cover;--awb-width-large:100%;--awb-margin-top-large:0px;--awb-spacing-right-large:1.92%;--awb-margin-bottom-large:0px;--awb-spacing-left-large:1.92%;--awb-width-medium:100%;--awb-order-medium:0;--awb-spacing-right-medium:1.92%;--awb-spacing-left-medium:1.92%;--awb-width-small:100%;--awb-order-small:0;--awb-spacing-right-small:1.92%;--awb-spacing-left-small:1.92%;\" data-scroll-devices=\"small-visibility,medium-visibility,large-visibility\"><div class=\"fusion-column-wrapper fusion-column-has-shadow fusion-flex-justify-content-flex-start fusion-content-layout-column\"><div class=\"fusion-title title fusion-title-6 fusion-title-text fusion-title-size-three\" style=\"--awb-margin-top-small:0px;--awb-margin-right-small:0px;--awb-margin-bottom-small:20px;--awb-margin-left-small:0px;\"><div class=\"title-sep-container title-sep-container-left fusion-no-large-visibility fusion-no-medium-visibility fusion-no-small-visibility\"><div class=\"title-sep sep- sep-solid\" style=\"border-color:var(--awb-color3);\"><\/div><\/div><span class=\"awb-title-spacer fusion-no-large-visibility fusion-no-medium-visibility fusion-no-small-visibility\"><\/span><h3 class=\"fusion-title-heading title-heading-left\" style=\"margin:0;text-transform:uppercase;\">Reclama\u00e7\u00f5es por acidentes nos transportes p\u00fablicos - ferimentos no comboio<\/h3><span class=\"awb-title-spacer\"><\/span><div class=\"title-sep-container title-sep-container-right\"><div class=\"title-sep sep- sep-solid\" style=\"border-color:var(--awb-color3);\"><\/div><\/div><\/div><div class=\"fusion-text fusion-text-7\"><p><span style=\"font-weight: 400;\">A les\u00e3o no comboio pode resultar em tempo de afastamento do trabalho, dificuldades em cuidar de si pr\u00f3prio e, eventualmente, numa perda de rendimento para o agregado familiar.<\/span><\/p>\n<p><span style=\"font-weight: 400;\">A reclama\u00e7\u00e3o por indemniza\u00e7\u00e3o devido a ferimentos em transportes p\u00fablicos pode abranger indemniza\u00e7\u00e3o pelos danos e por todas as suas despesas do pr\u00f3prio bolso.<\/span><\/p>\n<p><span style=\"font-weight: 400;\">Tipos de pedidos de indemniza\u00e7\u00e3o por acidentes de comboio na Irlanda<\/span><\/p>\n<\/div><ul style=\"--awb-margin-bottom:20px;--awb-line-height:27.2px;--awb-icon-width:27.2px;--awb-icon-height:27.2px;--awb-icon-margin:11.2px;--awb-content-margin:38.4px;\" class=\"fusion-checklist fusion-checklist-3 fusion-checklist-default type-icons\"><li class=\"fusion-li-item\" style=\"\"><span class=\"icon-wrapper circle-no\"><i class=\"fusion-li-icon fa-angle-right fas\" aria-hidden=\"true\"><\/i><\/span><div class=\"fusion-li-item-content\">Ferimento na cabe\u00e7a devido a uma queda num ch\u00e3o molhado de um comboio<\/div><\/li><li class=\"fusion-li-item\" style=\"\"><span class=\"icon-wrapper circle-no\"><i class=\"fusion-li-icon fa-angle-right fas\" aria-hidden=\"true\"><\/i><\/span><div class=\"fusion-li-item-content\">Les\u00e3o na perna resultante de uma queda dos degraus do comboio para a plataforma<\/div><\/li><li class=\"fusion-li-item\" style=\"\"><span class=\"icon-wrapper circle-no\"><i class=\"fusion-li-icon fa-angle-right fas\" aria-hidden=\"true\"><\/i><\/span><div class=\"fusion-li-item-content\">Ferimento por esmagamento quando a m\u00e3o da crian\u00e7a fica presa na porta do comboio<\/div><\/li><\/ul><div class=\"fusion-text fusion-text-8\"><p><span style=\"font-weight: 400;\">Os solicitadores de contencioso da PBN podem apresentar a sua indemniza\u00e7\u00e3o por danos pessoais relativos a um ferimento sofrido no comboio.<\/span><\/p>\n<\/div><\/div><\/div><\/div><\/div><\/div><div id=\"torn\" class=\"fusion-container-anchor\"><div class=\"fusion-fullwidth fullwidth-box fusion-builder-row-8 fusion-flex-container has-pattern-background has-mask-background nonhundred-percent-fullwidth non-hundred-percent-height-scrolling\" style=\"--awb-border-radius-top-left:0px;--awb-border-radius-top-right:0px;--awb-border-radius-bottom-right:0px;--awb-border-radius-bottom-left:0px;--awb-padding-top:0px;--awb-padding-bottom:20px;--awb-flex-wrap:wrap;\" ><div class=\"fusion-builder-row fusion-row fusion-flex-align-items-flex-start fusion-flex-content-wrap\" style=\"max-width:1216.8px;margin-left: calc(-4% \/ 2 );margin-right: calc(-4% \/ 2 );\"><div class=\"fusion-layout-column fusion_builder_column fusion-builder-column-7 fusion_builder_column_1_1 1_1 fusion-flex-column\" style=\"--awb-padding-top:20px;--awb-padding-right:30px;--awb-padding-left:30px;--awb-bg-color:#ffffff;--awb-bg-color-hover:#ffffff;--awb-bg-size:cover;--awb-width-large:100%;--awb-margin-top-large:0px;--awb-spacing-right-large:1.92%;--awb-margin-bottom-large:0px;--awb-spacing-left-large:1.92%;--awb-width-medium:100%;--awb-order-medium:0;--awb-spacing-right-medium:1.92%;--awb-spacing-left-medium:1.92%;--awb-width-small:100%;--awb-order-small:0;--awb-spacing-right-small:1.92%;--awb-spacing-left-small:1.92%;\" data-scroll-devices=\"small-visibility,medium-visibility,large-visibility\"><div class=\"fusion-column-wrapper fusion-column-has-shadow fusion-flex-justify-content-flex-start fusion-content-layout-column\"><div class=\"fusion-title title fusion-title-7 fusion-title-text fusion-title-size-three\" style=\"--awb-margin-top-small:0px;--awb-margin-right-small:0px;--awb-margin-bottom-small:20px;--awb-margin-left-small:0px;\"><div class=\"title-sep-container title-sep-container-left fusion-no-large-visibility fusion-no-medium-visibility fusion-no-small-visibility\"><div class=\"title-sep sep- sep-solid\" style=\"border-color:var(--awb-color3);\"><\/div><\/div><span class=\"awb-title-spacer fusion-no-large-visibility fusion-no-medium-visibility fusion-no-small-visibility\"><\/span><h3 class=\"fusion-title-heading title-heading-left\" style=\"margin:0;text-transform:uppercase;\">Indemniza\u00e7\u00f5es por acidentes nos transportes p\u00fablicos Luas<\/h3><span class=\"awb-title-spacer\"><\/span><div class=\"title-sep-container title-sep-container-right\"><div class=\"title-sep sep- sep-solid\" style=\"border-color:var(--awb-color3);\"><\/div><\/div><\/div><div class=\"fusion-text fusion-text-9\"><p><span style=\"font-weight: 400;\">Um ferimento no Luas pode acontecer se o el\u00e9trico guinar durante o percurso ou parar subitamente nos carris.<\/span><\/p>\n<p><span style=\"font-weight: 400;\">Se se envolver num acidente com o Luas, o transporte p\u00fablico, poder\u00e1 ser projetado para o ch\u00e3o e sofrer v\u00e1rios tipos de les\u00f5es.<\/span><\/p>\n<p><span style=\"font-weight: 400;\">Reclama\u00e7\u00f5es comuns por ferimentos no Luas:<\/span><\/p>\n<\/div><ul style=\"--awb-margin-bottom:20px;--awb-line-height:27.2px;--awb-icon-width:27.2px;--awb-icon-height:27.2px;--awb-icon-margin:11.2px;--awb-content-margin:38.4px;\" class=\"fusion-checklist fusion-checklist-4 fusion-checklist-default type-icons\"><li class=\"fusion-li-item\" style=\"\"><span class=\"icon-wrapper circle-no\"><i class=\"fusion-li-icon fa-angle-right fas\" aria-hidden=\"true\"><\/i><\/span><div class=\"fusion-li-item-content\">Les\u00e3o na cabe\u00e7a ap\u00f3s ter sido atropelado pelo el\u00e9trico Luas num cruzamento ou numa paragem do Luas<\/div><\/li><li class=\"fusion-li-item\" style=\"\"><span class=\"icon-wrapper circle-no\"><i class=\"fusion-li-icon fa-angle-right fas\" aria-hidden=\"true\"><\/i><\/span><div class=\"fusion-li-item-content\">Ruptura de ligamentos ao escorregar em lixo que estava espalhado no Luas<\/div><\/li><li class=\"fusion-li-item\" style=\"\"><span class=\"icon-wrapper circle-no\"><i class=\"fusion-li-icon fa-angle-right fas\" aria-hidden=\"true\"><\/i><\/span><div class=\"fusion-li-item-content\">Perturba\u00e7\u00e3o de stresse p\u00f3s-traumatico ap\u00f3s uma agress\u00e3o no Luas \u00e0 noitinha<\/div><\/li><\/ul><div class=\"fusion-text fusion-text-10\"><p><span style=\"font-weight: 400;\">Poder\u00e1 ter direito a uma indemniza\u00e7\u00e3o* pelos efeitos da les\u00e3o sofrida enquanto viajava no Luas.<\/span><\/p>\n<\/div><\/div><\/div><\/div><\/div><\/div><div id=\"muscle\" class=\"fusion-container-anchor\"><div class=\"fusion-fullwidth fullwidth-box fusion-builder-row-9 fusion-flex-container has-pattern-background has-mask-background nonhundred-percent-fullwidth non-hundred-percent-height-scrolling\" style=\"--awb-border-radius-top-left:0px;--awb-border-radius-top-right:0px;--awb-border-radius-bottom-right:0px;--awb-border-radius-bottom-left:0px;--awb-padding-top:0px;--awb-padding-bottom:20px;--awb-flex-wrap:wrap;\" ><div class=\"fusion-builder-row fusion-row fusion-flex-align-items-flex-start fusion-flex-content-wrap\" style=\"max-width:1216.8px;margin-left: calc(-4% \/ 2 );margin-right: calc(-4% \/ 2 );\"><div class=\"fusion-layout-column fusion_builder_column fusion-builder-column-8 fusion_builder_column_1_1 1_1 fusion-flex-column\" style=\"--awb-padding-top:20px;--awb-padding-right:30px;--awb-padding-left:30px;--awb-bg-color:#ffffff;--awb-bg-color-hover:#ffffff;--awb-bg-size:cover;--awb-width-large:100%;--awb-margin-top-large:0px;--awb-spacing-right-large:1.92%;--awb-margin-bottom-large:0px;--awb-spacing-left-large:1.92%;--awb-width-medium:100%;--awb-order-medium:0;--awb-spacing-right-medium:1.92%;--awb-spacing-left-medium:1.92%;--awb-width-small:100%;--awb-order-small:0;--awb-spacing-right-small:1.92%;--awb-spacing-left-small:1.92%;\" data-scroll-devices=\"small-visibility,medium-visibility,large-visibility\"><div class=\"fusion-column-wrapper fusion-column-has-shadow fusion-flex-justify-content-flex-start fusion-content-layout-column\"><div class=\"fusion-title title fusion-title-8 fusion-title-text fusion-title-size-three\" style=\"--awb-margin-top-small:0px;--awb-margin-right-small:0px;--awb-margin-bottom-small:20px;--awb-margin-left-small:0px;\"><div class=\"title-sep-container title-sep-container-left fusion-no-large-visibility fusion-no-medium-visibility fusion-no-small-visibility\"><div class=\"title-sep sep- sep-solid\" style=\"border-color:var(--awb-color3);\"><\/div><\/div><span class=\"awb-title-spacer fusion-no-large-visibility fusion-no-medium-visibility fusion-no-small-visibility\"><\/span><h3 class=\"fusion-title-heading title-heading-left\" style=\"margin:0;text-transform:uppercase;\">Reclama\u00e7\u00f5es por ferimentos nos transportes p\u00fablicos DART<\/h3><span class=\"awb-title-spacer\"><\/span><div class=\"title-sep-container title-sep-container-right\"><div class=\"title-sep sep- sep-solid\" style=\"border-color:var(--awb-color3);\"><\/div><\/div><\/div><div class=\"fusion-text fusion-text-11\"><p><span style=\"font-weight: 400;\">Uma les\u00e3o sofrida no Dart enquanto utiliza os transportes p\u00fablicos em Dublin pode deix\u00e1-lo com dificuldades para fazer exerc\u00edcio e para se deslocar pela cidade.<\/span><\/p>\n<p><span style=\"font-weight: 400;\">Pode ter direito a uma indemniza\u00e7\u00e3o de transporte p\u00fablico se sofrer ferimentos num acidente no Dart.<\/span><\/p>\n<p><span style=\"font-weight: 400;\">Tipos de pedidos de indemniza\u00e7\u00e3o por danos pessoais observados em acidentes de transportes p\u00fablicos em Dart:<\/span><\/p>\n<\/div><ul style=\"--awb-margin-bottom:20px;--awb-line-height:27.2px;--awb-icon-width:27.2px;--awb-icon-height:27.2px;--awb-icon-margin:11.2px;--awb-content-margin:38.4px;\" class=\"fusion-checklist fusion-checklist-5 fusion-checklist-default type-icons\"><li class=\"fusion-li-item\" style=\"\"><span class=\"icon-wrapper circle-no\"><i class=\"fusion-li-icon fa-angle-right fas\" aria-hidden=\"true\"><\/i><\/span><div class=\"fusion-li-item-content\">Ferimento na face em queda do comboio Dart<\/div><\/li><li class=\"fusion-li-item\" style=\"\"><span class=\"icon-wrapper circle-no\"><i class=\"fusion-li-icon fa-angle-right fas\" aria-hidden=\"true\"><\/i><\/span><div class=\"fusion-li-item-content\">Dedos partidos presos na porta do Dart a fechar<\/div><\/li><li class=\"fusion-li-item\" style=\"\"><span class=\"icon-wrapper circle-no\"><i class=\"fusion-li-icon fa-angle-right fas\" aria-hidden=\"true\"><\/i><\/span><div class=\"fusion-li-item-content\">Costelas estaladas quando o Dart para subitamente, projetando os passageiros para o ch\u00e3o<\/div><\/li><\/ul><div class=\"fusion-text fusion-text-12\"><p><span style=\"font-weight: 400;\">Uma reclama\u00e7\u00e3o por danos corporais pode pedir indemniza\u00e7\u00e3o pelos efeitos da sua les\u00e3o ao andar no DART em Dublin.<\/span><\/p>\n<\/div><\/div><\/div><\/div><\/div><\/div><div id=\"facial\" class=\"fusion-container-anchor\"><div class=\"fusion-fullwidth fullwidth-box fusion-builder-row-10 fusion-flex-container has-pattern-background has-mask-background nonhundred-percent-fullwidth non-hundred-percent-height-scrolling\" style=\"--awb-border-radius-top-left:0px;--awb-border-radius-top-right:0px;--awb-border-radius-bottom-right:0px;--awb-border-radius-bottom-left:0px;--awb-padding-top:0px;--awb-padding-bottom:60px;--awb-flex-wrap:wrap;\" ><div class=\"fusion-builder-row fusion-row fusion-flex-align-items-flex-start fusion-flex-content-wrap\" style=\"max-width:1216.8px;margin-left: calc(-4% \/ 2 );margin-right: calc(-4% \/ 2 );\"><div class=\"fusion-layout-column fusion_builder_column fusion-builder-column-9 fusion_builder_column_1_1 1_1 fusion-flex-column\" style=\"--awb-padding-top:20px;--awb-padding-right:30px;--awb-padding-left:30px;--awb-bg-color:#ffffff;--awb-bg-color-hover:#ffffff;--awb-bg-size:cover;--awb-width-large:100%;--awb-margin-top-large:0px;--awb-spacing-right-large:1.92%;--awb-margin-bottom-large:0px;--awb-spacing-left-large:1.92%;--awb-width-medium:100%;--awb-order-medium:0;--awb-spacing-right-medium:1.92%;--awb-spacing-left-medium:1.92%;--awb-width-small:100%;--awb-order-small:0;--awb-spacing-right-small:1.92%;--awb-spacing-left-small:1.92%;\" data-scroll-devices=\"small-visibility,medium-visibility,large-visibility\"><div class=\"fusion-column-wrapper fusion-column-has-shadow fusion-flex-justify-content-flex-start fusion-content-layout-column\"><div class=\"fusion-title title fusion-title-9 fusion-title-text fusion-title-size-three\" style=\"--awb-margin-top-small:0px;--awb-margin-right-small:0px;--awb-margin-bottom-small:20px;--awb-margin-left-small:0px;\"><div class=\"title-sep-container title-sep-container-left fusion-no-large-visibility fusion-no-medium-visibility fusion-no-small-visibility\"><div class=\"title-sep sep- sep-solid\" style=\"border-color:var(--awb-color3);\"><\/div><\/div><span class=\"awb-title-spacer fusion-no-large-visibility fusion-no-medium-visibility fusion-no-small-visibility\"><\/span><h3 class=\"fusion-title-heading title-heading-left\" style=\"margin:0;text-transform:uppercase;\">Reclama\u00e7\u00f5es por ferimentos em propriedade de transporte p\u00fablico<\/h3><span class=\"awb-title-spacer\"><\/span><div class=\"title-sep-container title-sep-container-right\"><div class=\"title-sep sep- sep-solid\" style=\"border-color:var(--awb-color3);\"><\/div><\/div><\/div><div class=\"fusion-text fusion-text-13\"><p><span style=\"font-weight: 400;\">Uma les\u00e3o num espa\u00e7o de transporte p\u00fablico pode ser um entorse no tornozelo quando escorrega numa paragem de autocarro gelada ou os cortes e hematomas resultantes de uma queda sobre mobili\u00e1rio partido nas salas de espera.<\/span><\/p>\n<p><span style=\"font-weight: 400;\">Os bens de transporte p\u00fablico devem estar totalmente conservados, sendo dever de dilig\u00eancia da empresa de transportes mant\u00ea-los seguros para os passageiros.<\/span><\/p>\n<p><span style=\"font-weight: 400;\">As reclama\u00e7\u00f5es por les\u00f5es em propriedade de transporte p\u00fablico podem ser:<\/span><\/p>\n<\/div><ul style=\"--awb-margin-bottom:20px;--awb-line-height:27.2px;--awb-icon-width:27.2px;--awb-icon-height:27.2px;--awb-icon-margin:11.2px;--awb-content-margin:38.4px;\" class=\"fusion-checklist fusion-checklist-6 fusion-checklist-default type-icons\"><li class=\"fusion-li-item\" style=\"\"><span class=\"icon-wrapper circle-no\"><i class=\"fusion-li-icon fa-angle-right fas\" aria-hidden=\"true\"><\/i><\/span><div class=\"fusion-li-item-content\">Les\u00e3o nervosa resultante de uma queda em folhas molhadas na plataforma do comboio<\/div><\/li><li class=\"fusion-li-item\" style=\"\"><span class=\"icon-wrapper circle-no\"><i class=\"fusion-li-icon fa-angle-right fas\" aria-hidden=\"true\"><\/i><\/span><div class=\"fusion-li-item-content\">Les\u00e3o nas costas quando um banco se despenha na esta\u00e7\u00e3o do Dart<\/div><\/li><li class=\"fusion-li-item\" style=\"\"><span class=\"icon-wrapper circle-no\"><i class=\"fusion-li-icon fa-angle-right fas\" aria-hidden=\"true\"><\/i><\/span><div class=\"fusion-li-item-content\">Lacera\u00e7\u00f5es faciais ap\u00f3s uma queda na paragem de autocarro<\/div><\/li><\/ul><div class=\"fusion-text fusion-text-14\"><p><span style=\"font-weight: 400;\">Uma reclama\u00e7\u00e3o por les\u00e3o em propriedade de transporte p\u00fablico destina-se aos efeitos da les\u00e3o na sua vida atual e futura.<\/span><\/p>\n<p><span style=\"font-weight: 400;\">Na PBN Litigation Solicitors, dispomos da equipa experiente necess\u00e1ria para analisar os pormenores da sua les\u00e3o e apurar se tem uma reclama\u00e7\u00e3o de indemniza\u00e7\u00e3o por acidente em transportes p\u00fablicos v\u00e1lida*.<\/span><\/p>\n<\/div><\/div><\/div><\/div><\/div><\/div><div class=\"fusion-fullwidth fullwidth-box fusion-builder-row-11 fusion-flex-container has-pattern-background has-mask-background nonhundred-percent-fullwidth non-hundred-percent-height-scrolling\" style=\"--awb-border-radius-top-left:0px;--awb-border-radius-top-right:0px;--awb-border-radius-bottom-right:0px;--awb-border-radius-bottom-left:0px;--awb-background-color:var(--awb-color5);--awb-flex-wrap:wrap;\" ><div class=\"fusion-builder-row fusion-row fusion-flex-align-items-flex-start fusion-flex-content-wrap\" style=\"max-width:1216.8px;margin-left: calc(-4% \/ 2 );margin-right: calc(-4% \/ 2 );\"><div class=\"fusion-layout-column fusion_builder_column fusion-builder-column-10 fusion_builder_column_1_1 1_1 fusion-flex-column\" style=\"--awb-bg-size:cover;--awb-width-large:100%;--awb-margin-top-large:0px;--awb-spacing-right-large:1.92%;--awb-margin-bottom-large:0px;--awb-spacing-left-large:1.92%;--awb-width-medium:100%;--awb-order-medium:0;--awb-spacing-right-medium:1.92%;--awb-spacing-left-medium:1.92%;--awb-width-small:100%;--awb-order-small:0;--awb-spacing-right-small:1.92%;--awb-spacing-left-small:1.92%;\"><div class=\"fusion-column-wrapper fusion-column-has-shadow fusion-flex-justify-content-flex-start fusion-content-layout-column\"><div class=\"fusion-title title fusion-title-10 fusion-title-center fusion-title-text fusion-title-size-four\" style=\"--awb-text-color:var(--awb-color1);--awb-margin-top-small:0px;--awb-margin-right-small:0px;--awb-margin-bottom-small:20px;--awb-margin-left-small:0px;\"><div class=\"title-sep-container title-sep-container-left\"><div class=\"title-sep sep- sep-solid\" style=\"border-color:var(--awb-color3);\"><\/div><\/div><span class=\"awb-title-spacer\"><\/span><h4 class=\"fusion-title-heading title-heading-center\" style=\"margin:0;text-transform:uppercase;\">Contacto <span style=\"font-weight: 400;\">PBN<\/span> solicitors hoje para todas as suas necessidades de indemniza\u00e7\u00e3o por danos pessoais.<\/h4><span class=\"awb-title-spacer\"><\/span><div class=\"title-sep-container title-sep-container-right\"><div class=\"title-sep sep- sep-solid\" style=\"border-color:var(--awb-color3);\"><\/div><\/div><\/div><div style=\"text-align:center;\"><a class=\"fusion-button button-flat fusion-button-default-size button-custom fusion-button-default button-2 fusion-button-default-span fusion-button-default-type\" style=\"--button_accent_color:var(--awb-color5);--button_border_color:var(--awb-color5);--button_accent_hover_color:var(--awb-color1);--button_border_hover_color:var(--awb-color1);--button_gradient_top_color:var(--awb-color1);--button_gradient_bottom_color:var(--awb-color1);--button_gradient_top_color_hover:hsla(var(--awb-color5-h),calc(var(--awb-color5-s) - 2%),calc(var(--awb-color5-l) - 7%),var(--awb-color5-a));--button_gradient_bottom_color_hover:hsla(var(--awb-color5-h),calc(var(--awb-color5-s) - 2%),calc(var(--awb-color5-l) - 7%),var(--awb-color5-a));\" target=\"_self\" href=\"https:\/\/pbnlitigation.ie\/pt\/claim-assessment\/\"><span class=\"fusion-button-text awb-button__text awb-button__text--default\">INICIAR AVALIA\u00c7\u00c3O DO PEDIDO DE INDEMNIZA\u00c7\u00c3O*<\/span><\/a><\/div><\/div><\/div><\/div><\/div>\n<div id=\"compensation\" class=\"fusion-container-anchor\"><div class=\"fusion-fullwidth fullwidth-box fusion-builder-row-12 fusion-flex-container has-pattern-background has-mask-background nonhundred-percent-fullwidth non-hundred-percent-height-scrolling\" style=\"--awb-border-radius-top-left:0px;--awb-border-radius-top-right:0px;--awb-border-radius-bottom-right:0px;--awb-border-radius-bottom-left:0px;--awb-padding-bottom:60px;--awb-background-color:#ffffff;--awb-flex-wrap:wrap;\" ><div class=\"fusion-builder-row fusion-row fusion-flex-align-items-flex-start fusion-flex-content-wrap\" style=\"max-width:1216.8px;margin-left: calc(-4% \/ 2 );margin-right: calc(-4% \/ 2 );\"><div class=\"fusion-layout-column fusion_builder_column fusion-builder-column-11 fusion_builder_column_1_1 1_1 fusion-flex-column\" style=\"--awb-bg-size:cover;--awb-width-large:100%;--awb-margin-top-large:0px;--awb-spacing-right-large:1.92%;--awb-margin-bottom-large:0px;--awb-spacing-left-large:1.92%;--awb-width-medium:100%;--awb-order-medium:0;--awb-spacing-right-medium:1.92%;--awb-spacing-left-medium:1.92%;--awb-width-small:100%;--awb-order-small:0;--awb-spacing-right-small:1.92%;--awb-spacing-left-small:1.92%;\"><div class=\"fusion-column-wrapper fusion-column-has-shadow fusion-flex-justify-content-flex-start fusion-content-layout-column\"><div class=\"fusion-title title fusion-title-11 fusion-title-text fusion-title-size-two\" style=\"--awb-margin-top-small:0px;--awb-margin-right-small:0px;--awb-margin-bottom-small:20px;--awb-margin-left-small:0px;\"><div class=\"title-sep-container title-sep-container-left fusion-no-large-visibility fusion-no-medium-visibility fusion-no-small-visibility\"><div class=\"title-sep sep- sep-solid\" style=\"border-color:var(--awb-color3);\"><\/div><\/div><span class=\"awb-title-spacer fusion-no-large-visibility fusion-no-medium-visibility fusion-no-small-visibility\"><\/span><h2 class=\"fusion-title-heading title-heading-left\" style=\"margin:0;text-transform:uppercase;\">Indemniza\u00e7\u00e3o por acidente em transporte p\u00fablico*<\/h2><span class=\"awb-title-spacer\"><\/span><div class=\"title-sep-container title-sep-container-right\"><div class=\"title-sep sep- sep-solid\" style=\"border-color:var(--awb-color3);\"><\/div><\/div><\/div><div class=\"fusion-text fusion-text-15\"><p><span style=\"font-weight: 400;\">A indemniza\u00e7\u00e3o por uma reclama\u00e7\u00e3o de transporte p\u00fablico na Irlanda diferir\u00e1 dependendo da les\u00e3o ou les\u00f5es que sofrer devido \u00e0 viola\u00e7\u00e3o do dever de dilig\u00eancia por parte do operador de transportes.\u00a0<\/span><\/p>\n<p><span style=\"font-weight: 400;\">N\u00e3o existe uma indemniza\u00e7\u00e3o fixa para uma reclama\u00e7\u00e3o por danos corporais*. Pode sofrer uma queda no Luas em que fractura um bra\u00e7o, mas isso pode afectar a sua capacidade de conduzir e de obter rendimentos.<\/span><\/p>\n<p><span style=\"font-weight: 400;\">Pode pedir indemniza\u00e7\u00e3o pelos danos corporais, desconforto, trauma e outras altera\u00e7\u00f5es na sua vida ap\u00f3s o acidente em transportes p\u00fablicos.<\/span><\/p>\n<p><span style=\"font-weight: 400;\">Um advogado especializado em danos pessoais pode dar-lhe uma ideia do que \u00e9 poss\u00edvel quando sofre uma viola\u00e7\u00e3o do dever de dilig\u00eancia por parte da empresa de transportes p\u00fablicos e dos seus efeitos em si.<\/span><\/p>\n<p><span style=\"font-weight: 400;\">Com a sua indemniza\u00e7\u00e3o por danos pessoais*, pretende obter uma compensa\u00e7\u00e3o pelo impacto da les\u00e3o ou les\u00f5es em si e nos seus entes queridos atualmente, bem como nas vossas vidas futuras.\u00a0<\/span><\/p>\n<p><span style=\"font-weight: 400;\">Os advogados de contencioso da PBN Litigation Solicitors podem explicar como o processo funciona e de que modo a sua indemniza\u00e7\u00e3o por acidente nos transportes p\u00fablicos* combinar\u00e1 dois tipos de danos.<\/span><\/p>\n<\/div><div class=\"fusion-title title fusion-title-12 fusion-title-text fusion-title-size-three\" style=\"--awb-margin-top-small:0px;--awb-margin-right-small:0px;--awb-margin-bottom-small:20px;--awb-margin-left-small:0px;\"><div class=\"title-sep-container title-sep-container-left fusion-no-large-visibility fusion-no-medium-visibility fusion-no-small-visibility\"><div class=\"title-sep sep- sep-solid\" style=\"border-color:var(--awb-color3);\"><\/div><\/div><span class=\"awb-title-spacer fusion-no-large-visibility fusion-no-medium-visibility fusion-no-small-visibility\"><\/span><h3 class=\"fusion-title-heading title-heading-left\" style=\"margin:0;text-transform:uppercase;\">Indemniza\u00e7\u00e3o por danos num pedido de compensa\u00e7\u00e3o por acidente de transporte p\u00fablico<\/h3><span class=\"awb-title-spacer\"><\/span><div class=\"title-sep-container title-sep-container-right\"><div class=\"title-sep sep- sep-solid\" style=\"border-color:var(--awb-color3);\"><\/div><\/div><\/div><div class=\"fusion-text fusion-text-16\"><p><span style=\"font-weight: 400;\">Os danos numa reclama\u00e7\u00e3o de indemniza\u00e7\u00e3o por acidente de transporte p\u00fablico s\u00e3o uma combina\u00e7\u00e3o de:<\/span><\/p>\n<\/div><div class=\"accordian fusion-accordian\" style=\"--awb-border-size:1px;--awb-icon-size:13px;--awb-content-font-size:var(--awb-typography3-font-size);--awb-icon-alignment:left;--awb-hover-color:hsla(var(--awb-color6-h),var(--awb-color6-s),calc( var(--awb-color6-l) + 58% ),var(--awb-color6-a));--awb-border-color:hsla(var(--awb-color6-h),var(--awb-color6-s),calc( var(--awb-color6-l) + 40% ),var(--awb-color6-a));--awb-background-color:var(--awb-color1);--awb-divider-color:var(--awb-color3);--awb-divider-hover-color:var(--awb-color3);--awb-icon-color:var(--awb-color1);--awb-title-color:var(--awb-color5);--awb-content-color:var(--awb-color6);--awb-icon-box-color:var(--awb-color7);--awb-toggle-hover-accent-color:var(--awb-color5);--awb-title-font-family:var(--awb-typography3-font-family);--awb-title-font-weight:var(--awb-typography3-font-weight);--awb-title-font-style:var(--awb-typography3-font-style);--awb-title-font-size:var(--awb-typography3-font-size);--awb-content-font-family:var(--awb-typography3-font-family);--awb-content-font-weight:var(--awb-typography3-font-weight);--awb-content-font-style:var(--awb-typography3-font-style);\"><div class=\"panel-group fusion-toggle-icon-boxed\" id=\"accordion-1001-1\"><div class=\"fusion-panel panel-default panel-0e273e74c4a4f4e2a fusion-toggle-has-divider\" style=\"--awb-title-color:var(--awb-color5);--awb-content-color:var(--awb-color6);\"><div class=\"panel-heading\"><h4 class=\"panel-title toggle\" id=\"toggle_0e273e74c4a4f4e2a\"><a aria-expanded=\"false\" aria-controls=\"0e273e74c4a4f4e2a\" role=\"button\" data-toggle=\"collapse\" data-parent=\"#accordion-1001-1\" data-target=\"#0e273e74c4a4f4e2a\" href=\"#0e273e74c4a4f4e2a\"><span class=\"fusion-toggle-icon-wrapper\" aria-hidden=\"true\"><i class=\"fa-fusion-box active-icon awb-icon-minus\" aria-hidden=\"true\"><\/i><i class=\"fa-fusion-box inactive-icon awb-icon-plus\" aria-hidden=\"true\"><\/i><\/span><span class=\"fusion-toggle-heading\">Indemniza\u00e7\u00e3o por danos n\u00e3o patrimoniais num pedido de indemniza\u00e7\u00e3o por acidente de transporte p\u00fablico<\/span><\/a><\/h4><\/div><div id=\"0e273e74c4a4f4e2a\" class=\"panel-collapse collapse\" aria-labelledby=\"toggle_0e273e74c4a4f4e2a\"><div class=\"panel-body toggle-content fusion-clearfix\">\n<p><span style=\"font-weight: 400;\">Os danos gerais numa reclama\u00e7\u00e3o por acidente em transporte p\u00fablico destinam-se a indemnizar a dor e o sofrimento experienciados devido a uma queda no autocarro ou a um escorregadela nos degraus da esta\u00e7\u00e3o de comboios.<\/span><\/p>\n<p><span style=\"font-weight: 400;\">Pode reclamar indemniza\u00e7\u00e3o por danos gerais pelo sofrimento e desconforto desnecess\u00e1rios ap\u00f3s o acidente nos transportes p\u00fablicos.\u00a0<\/span><\/p>\n<p><span style=\"font-weight: 400;\">Uma reclama\u00e7\u00e3o tamb\u00e9m pode ser por incumprimento do dever de cuidado que causou a sua perturba\u00e7\u00e3o de stress p\u00f3s-traum\u00e1tico, les\u00e3o no ombro ou rotura de ligamentos na sequ\u00eancia de um acidente no autocarro, comboio ou DART.<\/span><\/p>\n<p><span style=\"font-weight: 400;\">Podem ser reclamados Danos Gerais em qualquer caso de ferimentos pessoais em que as les\u00f5es causem dor e inc\u00f3modo e afetem a sua capacidade de fazer exerc\u00edcio, conduzir, praticar desporto e outras atividades.\u00a0<\/span><\/p>\n<\/div><\/div><\/div><div class=\"fusion-panel panel-default panel-bc69d98d17cc974de fusion-toggle-has-divider\" style=\"--awb-title-color:var(--awb-color5);--awb-content-color:var(--awb-color6);\"><div class=\"panel-heading\"><h4 class=\"panel-title toggle\" id=\"toggle_bc69d98d17cc974de\"><a aria-expanded=\"false\" aria-controls=\"bc69d98d17cc974de\" role=\"button\" data-toggle=\"collapse\" data-parent=\"#accordion-1001-1\" data-target=\"#bc69d98d17cc974de\" href=\"#bc69d98d17cc974de\"><span class=\"fusion-toggle-icon-wrapper\" aria-hidden=\"true\"><i class=\"fa-fusion-box active-icon awb-icon-minus\" aria-hidden=\"true\"><\/i><i class=\"fa-fusion-box inactive-icon awb-icon-plus\" aria-hidden=\"true\"><\/i><\/span><span class=\"fusion-toggle-heading\">Indemniza\u00e7\u00f5es por danos espec\u00edficos numa reclama\u00e7\u00e3o de acidente de transporte p\u00fablico<\/span><\/a><\/h4><\/div><div id=\"bc69d98d17cc974de\" class=\"panel-collapse collapse\" aria-labelledby=\"toggle_bc69d98d17cc974de\"><div class=\"panel-body toggle-content fusion-clearfix\">\n<p><span style=\"font-weight: 400;\">Os Danos Especiais numa reclama\u00e7\u00e3o por acidente de transportes p\u00fablicos destinam-se aos efeitos financeiros na sua vida devidos \u00e0 les\u00e3o.\u00a0<\/span><\/p>\n<p><span style=\"font-weight: 400;\">Reclama quando n\u00e3o consegue trabalhar e sustentar a fam\u00edlia devido \u00e0 viola\u00e7\u00e3o do dever de dilig\u00eancia da empresa de transportes p\u00fablicos para com os passageiros.<\/span><\/p>\n<p><span style=\"font-weight: 400;\">Poder\u00e1 ficar sem trabalhar durante algum tempo ou ficar incapaz de regressar a um trabalho semelhante com o mesmo sal\u00e1rio.<\/span><\/p>\n<p><span style=\"font-weight: 400;\">Com os Danos Especiais, reclama-se por:\u00a0<\/span><\/p>\n<ul>\n<li style=\"font-weight: 400;\" aria-level=\"1\"><span style=\"font-weight: 400;\">A perda de rendimentos<\/span><\/li>\n<li style=\"font-weight: 400;\" aria-level=\"1\"><span style=\"font-weight: 400;\">Custos de cuidados de sa\u00fade atuais e futuros para si e para os seus dependentes<\/span><\/li>\n<li style=\"font-weight: 400;\" aria-level=\"1\"><span style=\"font-weight: 400;\">Despesas do pr\u00f3prio bolso, tais como viagens, consultas m\u00e9dicas, tratamentos adicionais\u00a0<\/span><\/li>\n<\/ul>\n<p><span style=\"font-weight: 400;\">Os Danos Especiais destinam-se aos efeitos financeiros da perda de rendimentos durante a recupera\u00e7\u00e3o do impacto de uma les\u00e3o num acidente que n\u00e3o foi da sua culpa.\u00a0<\/span><\/p>\n<p><span style=\"font-weight: 400;\">Poder\u00e1 ter de abandonar o emprego a tempo inteiro ou ficar incapaz de regressar ao trabalho num cargo com um sal\u00e1rio semelhante ao que ganhava antes do acidente de transporte p\u00fablico.<\/span><\/p>\n<p><span style=\"font-weight: 400;\">Pode reclamar Indemniza\u00e7\u00f5es Especiais pelo que for necess\u00e1rio para manter uma qualidade de vida semelhante \u00e0 anterior aos efeitos do acidente de transportes p\u00fablicos na sua vida.\u00a0<\/span><\/p>\n<p><span style=\"font-weight: 400;\">O seu advogado de contencioso da PBN pode orient\u00e1-lo sobre o que esperar em termos de indemniza\u00e7\u00e3o e como apresentar a sua reclama\u00e7\u00e3o por les\u00e3o num acidente de transporte p\u00fablico.<\/span><\/p>\n<\/div><\/div><\/div><\/div><\/div><div class=\"fusion-text fusion-text-17\" style=\"--awb-margin-top:30px;\"><p><span style=\"font-weight: 400;\">Os dois tipos de indemniza\u00e7\u00e3o consideram os efeitos do acidente nos transportes p\u00fablicos hoje e o seu impacto em si no futuro.<\/span><\/p>\n<\/div><\/div><\/div><\/div><\/div><\/div><div id=\"how-to\" class=\"fusion-container-anchor\"><div class=\"fusion-fullwidth fullwidth-box fusion-builder-row-13 fusion-flex-container has-pattern-background has-mask-background nonhundred-percent-fullwidth non-hundred-percent-height-scrolling\" style=\"--awb-border-radius-top-left:0px;--awb-border-radius-top-right:0px;--awb-border-radius-bottom-right:0px;--awb-border-radius-bottom-left:0px;--awb-padding-bottom:60px;--awb-flex-wrap:wrap;\" ><div class=\"fusion-builder-row fusion-row fusion-flex-align-items-flex-start fusion-flex-content-wrap\" style=\"max-width:1216.8px;margin-left: calc(-4% \/ 2 );margin-right: calc(-4% \/ 2 );\"><div class=\"fusion-layout-column fusion_builder_column fusion-builder-column-12 fusion_builder_column_1_1 1_1 fusion-flex-column\" style=\"--awb-bg-size:cover;--awb-width-large:100%;--awb-margin-top-large:0px;--awb-spacing-right-large:1.92%;--awb-margin-bottom-large:0px;--awb-spacing-left-large:1.92%;--awb-width-medium:100%;--awb-order-medium:0;--awb-spacing-right-medium:1.92%;--awb-spacing-left-medium:1.92%;--awb-width-small:100%;--awb-order-small:0;--awb-spacing-right-small:1.92%;--awb-spacing-left-small:1.92%;\"><div class=\"fusion-column-wrapper fusion-column-has-shadow fusion-flex-justify-content-flex-start fusion-content-layout-column\"><div class=\"fusion-title title fusion-title-13 fusion-title-text fusion-title-size-two\" style=\"--awb-margin-top-small:0px;--awb-margin-right-small:0px;--awb-margin-bottom-small:20px;--awb-margin-left-small:0px;\"><div class=\"title-sep-container title-sep-container-left fusion-no-large-visibility fusion-no-medium-visibility fusion-no-small-visibility\"><div class=\"title-sep sep- sep-solid\" style=\"border-color:var(--awb-color3);\"><\/div><\/div><span class=\"awb-title-spacer fusion-no-large-visibility fusion-no-medium-visibility fusion-no-small-visibility\"><\/span><h2 class=\"fusion-title-heading title-heading-left\" style=\"margin:0;text-transform:uppercase;\">Comiss\u00e3o de Avalia\u00e7\u00e3o de Les\u00f5es Corporais<\/h2><span class=\"awb-title-spacer\"><\/span><div class=\"title-sep-container title-sep-container-right\"><div class=\"title-sep sep- sep-solid\" style=\"border-color:var(--awb-color3);\"><\/div><\/div><\/div><div class=\"fusion-text fusion-text-18\"><p><span style=\"font-weight: 400;\">O Governo introduziu o Conselho de Avalia\u00e7\u00e3o de Danos Pessoais, <\/span><b>PIAB<\/b><span style=\"font-weight: 400;\">, para simplificar e uniformizar as a\u00e7\u00f5es de indemniza\u00e7\u00e3o por danos pessoais* na Irlanda. A <\/span><b>PIAB<\/b><span style=\"font-weight: 400;\"> trabalha consigo, com a parte lesada e com a parte negligente para obter a indemniza\u00e7\u00e3o a que poder\u00e1 ter direito.\u00a0<\/span><\/p>\n<p><span style=\"font-weight: 400;\">O seu acidente de transporte p\u00fablico tamb\u00e9m constitui uma les\u00e3o corporal. Pode recorrer ao Conselho de Avalia\u00e7\u00e3o de Danos Pessoais (Personal Injury Assessment Board) ao apresentar uma indemniza\u00e7\u00e3o*, e o seu advogado especialista em danos pessoais ir\u00e1 aconselh\u00e1-lo durante todo o processo.<\/span><\/p>\n<p><span style=\"font-weight: 400;\">Um solicitador de danos pessoais pode ser o seu representante junto do PIAB. Eles ter\u00e3o experi\u00eancia em trabalhar com o PIAB e podem aconselh\u00e1-lo sobre todos os aspetos, desde o preenchimento de formul\u00e1rios at\u00e9 saber quanto poder\u00e1 valer a sua reclama\u00e7\u00e3o por acidente na via p\u00fablica*.<\/span><\/p>\n<\/div><\/div><\/div><\/div><\/div><\/div><div id=\"time\" class=\"fusion-container-anchor\"><div class=\"fusion-fullwidth fullwidth-box fusion-builder-row-14 fusion-flex-container has-pattern-background has-mask-background nonhundred-percent-fullwidth non-hundred-percent-height-scrolling\" style=\"--awb-border-radius-top-left:0px;--awb-border-radius-top-right:0px;--awb-border-radius-bottom-right:0px;--awb-border-radius-bottom-left:0px;--awb-background-color:#ffffff;--awb-flex-wrap:wrap;\" ><div class=\"fusion-builder-row fusion-row fusion-flex-align-items-flex-start fusion-flex-content-wrap\" style=\"max-width:1216.8px;margin-left: calc(-4% \/ 2 );margin-right: calc(-4% \/ 2 );\"><div class=\"fusion-layout-column fusion_builder_column fusion-builder-column-13 fusion_builder_column_1_1 1_1 fusion-flex-column\" style=\"--awb-bg-size:cover;--awb-width-large:100%;--awb-margin-top-large:0px;--awb-spacing-right-large:1.92%;--awb-margin-bottom-large:0px;--awb-spacing-left-large:1.92%;--awb-width-medium:100%;--awb-order-medium:0;--awb-spacing-right-medium:1.92%;--awb-spacing-left-medium:1.92%;--awb-width-small:100%;--awb-order-small:0;--awb-spacing-right-small:1.92%;--awb-spacing-left-small:1.92%;\"><div class=\"fusion-column-wrapper fusion-column-has-shadow fusion-flex-justify-content-flex-start fusion-content-layout-column\"><div class=\"fusion-title title fusion-title-14 fusion-title-text fusion-title-size-two\" style=\"--awb-margin-top-small:0px;--awb-margin-right-small:0px;--awb-margin-bottom-small:20px;--awb-margin-left-small:0px;\"><div class=\"title-sep-container title-sep-container-left fusion-no-large-visibility fusion-no-medium-visibility fusion-no-small-visibility\"><div class=\"title-sep sep- sep-solid\" style=\"border-color:var(--awb-color3);\"><\/div><\/div><span class=\"awb-title-spacer fusion-no-large-visibility fusion-no-medium-visibility fusion-no-small-visibility\"><\/span><h2 class=\"fusion-title-heading title-heading-left\" style=\"margin:0;text-transform:uppercase;\">PBN Litigation Solicitors e o PIAB<\/h2><span class=\"awb-title-spacer\"><\/span><div class=\"title-sep-container title-sep-container-right\"><div class=\"title-sep sep- sep-solid\" style=\"border-color:var(--awb-color3);\"><\/div><\/div><\/div><div class=\"fusion-text fusion-text-19\"><p><span style=\"font-weight: 400;\">Os advogados de contencioso da PBN podem ajudar a preparar o seu caso para a <\/span><b>PIAB, <\/b><span style=\"font-weight: 400;\">e, quando recebermos um relat\u00f3rio m\u00e9dico do seu m\u00e9dico, poderemos submeter o pedido de indemniza\u00e7\u00e3o* \u00e0 <\/span><b>PIAB<\/b><span style=\"font-weight: 400;\">.\u00a0\u00a0<\/span><\/p>\n<p><span style=\"font-weight: 400;\">O PIAB entrar\u00e1 em contacto com a parte negligente e respetivas seguradoras. A parte negligente tem 90 dias para confirmar ao <\/span><b>PIAB<\/b><span style=\"font-weight: 400;\"> se eles consentir\u00e3o com o <\/span><b>PIAB<\/b><span style=\"font-weight: 400;\"> avaliar a pretens\u00e3o* ou recusar a permiss\u00e3o para <\/span><b>PIAB<\/b><span style=\"font-weight: 400;\"> avaliar o caso.\u00a0\u00a0<\/span><\/p>\n<p><span style=\"font-weight: 400;\">Se concordarem em permitir que o conselho avalie a reclama\u00e7\u00e3o por ferimentos nos transportes p\u00fablicos, o <\/span><b>PIAB<\/b><span style=\"font-weight: 400;\"> tem nove meses para o fazer. O <\/span><b>PIAB<\/b><span style=\"font-weight: 400;\"> podem prolongar este per\u00edodo por v\u00e1rios meses, caso assim o desejem.<\/span><\/p>\n<p><span style=\"font-weight: 400;\">Se o <\/span><b>PIAB<\/b><span style=\"font-weight: 400;\"> aceitar a vossa reclama\u00e7\u00e3o, eles concordar\u00e3o com um n\u00edvel de indemniza\u00e7\u00e3o. Quando a parte negligente n\u00e3o aceita a <\/span><b>PIAB<\/b><span style=\"font-weight: 400;\"> conclus\u00f5es, poder\u00e1 ter de ir a tribunal, mas a PBN Litigation Solicitors estar\u00e1 l\u00e1 para si.<\/span><\/p>\n<p><span style=\"font-weight: 400;\">Os PBN Litigation Solicitors podem tratar da sua reclama\u00e7\u00e3o do PIAB* e, se necess\u00e1rio, avan\u00e7ar com mais dilig\u00eancias, recorrendo aos tribunais para o seu pedido de indemniza\u00e7\u00e3o por ferimentos decorrentes de um acidente na via p\u00fablica*.<\/span><\/p>\n<p><span style=\"font-weight: 400;\">Na PBN Litigation Solicitors, estaremos consigo durante todo o processo da PIAB e tomaremos todas as medidas necess\u00e1rias para que possa apresentar o seu pedido de indemniza\u00e7\u00e3o*.<\/span><\/p>\n<\/div><\/div><\/div><\/div><\/div><\/div><div id=\"contact\" class=\"fusion-container-anchor\"><div class=\"fusion-fullwidth fullwidth-box fusion-builder-row-15 fusion-flex-container has-pattern-background has-mask-background nonhundred-percent-fullwidth non-hundred-percent-height-scrolling\" style=\"--awb-border-radius-top-left:0px;--awb-border-radius-top-right:0px;--awb-border-radius-bottom-right:0px;--awb-border-radius-bottom-left:0px;--awb-flex-wrap:wrap;\" ><div class=\"fusion-builder-row fusion-row fusion-flex-align-items-flex-start fusion-flex-content-wrap\" style=\"max-width:1216.8px;margin-left: calc(-4% \/ 2 );margin-right: calc(-4% \/ 2 );\"><div class=\"fusion-layout-column fusion_builder_column fusion-builder-column-14 fusion_builder_column_1_1 1_1 fusion-flex-column\" style=\"--awb-bg-size:cover;--awb-width-large:100%;--awb-margin-top-large:0px;--awb-spacing-right-large:1.92%;--awb-margin-bottom-large:0px;--awb-spacing-left-large:1.92%;--awb-width-medium:100%;--awb-order-medium:0;--awb-spacing-right-medium:1.92%;--awb-spacing-left-medium:1.92%;--awb-width-small:100%;--awb-order-small:0;--awb-spacing-right-small:1.92%;--awb-spacing-left-small:1.92%;\"><div class=\"fusion-column-wrapper fusion-column-has-shadow fusion-flex-justify-content-flex-start fusion-content-layout-column\"><div class=\"fusion-title title fusion-title-15 fusion-title-text fusion-title-size-two\" style=\"--awb-margin-top-small:0px;--awb-margin-right-small:0px;--awb-margin-bottom-small:20px;--awb-margin-left-small:0px;\"><div class=\"title-sep-container title-sep-container-left fusion-no-large-visibility fusion-no-medium-visibility fusion-no-small-visibility\"><div class=\"title-sep sep- sep-solid\" style=\"border-color:var(--awb-color3);\"><\/div><\/div><span class=\"awb-title-spacer fusion-no-large-visibility fusion-no-medium-visibility fusion-no-small-visibility\"><\/span><h2 class=\"fusion-title-heading title-heading-left\" style=\"margin:0;text-transform:uppercase;\">Contacte a PBN Litigation Solicitors Hoje<\/h2><span class=\"awb-title-spacer\"><\/span><div class=\"title-sep-container title-sep-container-right\"><div class=\"title-sep sep- sep-solid\" style=\"border-color:var(--awb-color3);\"><\/div><\/div><\/div><div class=\"fusion-text fusion-text-20\"><p><span style=\"font-weight: 400;\">Contacte a PBN Litigation Solicitors hoje mesmo caso possa ter uma reclama\u00e7\u00e3o por acidente em transporte p\u00fablico*.<\/span><\/p>\n<p><span style=\"font-weight: 400;\">Podemos analisar os detalhes da sua reclama\u00e7\u00e3o e aconselh\u00e1-lo sobre como proceder. A PBN Litigation Solicitors pode ajudar quando est\u00e1 a lidar com a <\/span><b>PIAB <\/b><span style=\"font-weight: 400;\">and the negligent party.<\/span><\/p>\n<p><span style=\"font-weight: 400;\">You are the one who suffered a personal injury on the bus, Dart, the Luas and the train, and we can help you get the compensation you deserve.<\/span><\/p>\n<p><span style=\"font-weight: 400;\">PBN Litigation Solicitors have the experience of handling personal injury claims and can deal with you in confidence at our offices in Dublin.<\/span><\/p>\n<p><span style=\"font-weight: 400;\">Contact PBN Litigation Solicitors today for all your public transport accident compensation claims*.<\/span><\/p>\n<\/div><\/div><\/div><\/div><\/div><\/div><\/p>","protected":false},"excerpt":{"rendered":"","protected":false},"author":2,"featured_media":0,"parent":580,"menu_order":0,"comment_status":"closed","ping_status":"closed","template":"100-width.php","meta":{"footnotes":""},"class_list":["post-1001","page","type-page","status-publish","hentry"],"yoast_head":"<!-- This site is optimized with the Yoast SEO plugin v28.2 - https:\/\/yoast.com\/product\/yoast-seo-wordpress\/ -->\n<title>Public Transport accident claim* - PBN Litigation<\/title>\n<meta name=\"description\" content=\"The injury on public transport that was not wholly your fault could form a public transport accident claim*. You can claim compensation for the effects of the accident on your life today and in the future.\" \/>\n<meta name=\"robots\" content=\"index, follow, max-snippet:-1, max-image-preview:large, max-video-preview:-1\" \/>\n<link rel=\"canonical\" href=\"https:\/\/pbnlitigation.ie\/pt\/personal-injury\/road-traffic-accident-claim\/public-transport-accident-claim\/\" \/>\n<meta property=\"og:locale\" content=\"pt_PT\" \/>\n<meta property=\"og:type\" content=\"article\" \/>\n<meta property=\"og:title\" content=\"Public Transport accident claim* - PBN Litigation\" \/>\n<meta property=\"og:description\" content=\"The injury on public transport that was not wholly your fault could form a public transport accident claim*. You can claim compensation for the effects of the accident on your life today and in the future.\" \/>\n<meta property=\"og:url\" content=\"https:\/\/pbnlitigation.ie\/pt\/personal-injury\/road-traffic-accident-claim\/public-transport-accident-claim\/\" \/>\n<meta property=\"og:site_name\" content=\"PBN Litigation\" \/>\n<meta name=\"twitter:card\" content=\"summary_large_image\" \/>\n<meta name=\"twitter:label1\" content=\"Tempo estimado de leitura\" \/>\n\t<meta name=\"twitter:data1\" content=\"10 minutos\" \/>\n<script type=\"application\/ld+json\" class=\"yoast-schema-graph\">{\"@context\":\"https:\\\/\\\/schema.org\",\"@graph\":[{\"@type\":\"WebPage\",\"@id\":\"https:\\\/\\\/pbnlitigation.ie\\\/personal-injury\\\/road-traffic-accident-claim\\\/public-transport-accident-claim\\\/\",\"url\":\"https:\\\/\\\/pbnlitigation.ie\\\/personal-injury\\\/road-traffic-accident-claim\\\/public-transport-accident-claim\\\/\",\"name\":\"Public Transport accident claim* - PBN Litigation\",\"isPartOf\":{\"@id\":\"https:\\\/\\\/pbnlitigation.ie\\\/ru\\\/#website\"},\"datePublished\":\"2024-11-18T12:38:08+00:00\",\"description\":\"The injury on public transport that was not wholly your fault could form a public transport accident claim*. You can claim compensation for the effects of the accident on your life today and in the future.\",\"breadcrumb\":{\"@id\":\"https:\\\/\\\/pbnlitigation.ie\\\/personal-injury\\\/road-traffic-accident-claim\\\/public-transport-accident-claim\\\/#breadcrumb\"},\"inLanguage\":\"pt-PT\",\"potentialAction\":[{\"@type\":\"ReadAction\",\"target\":[\"https:\\\/\\\/pbnlitigation.ie\\\/personal-injury\\\/road-traffic-accident-claim\\\/public-transport-accident-claim\\\/\"]}]},{\"@type\":\"BreadcrumbList\",\"@id\":\"https:\\\/\\\/pbnlitigation.ie\\\/personal-injury\\\/road-traffic-accident-claim\\\/public-transport-accident-claim\\\/#breadcrumb\",\"itemListElement\":[{\"@type\":\"ListItem\",\"position\":1,\"name\":\"Home\",\"item\":\"https:\\\/\\\/pbnlitigation.ie\\\/ru\\\/\"},{\"@type\":\"ListItem\",\"position\":2,\"name\":\"Personal Injury\",\"item\":\"https:\\\/\\\/pbnlitigation.ie\\\/personal-injury\\\/\"},{\"@type\":\"ListItem\",\"position\":3,\"name\":\"Road Traffic Accident Claim*\",\"item\":\"https:\\\/\\\/pbnlitigation.ie\\\/personal-injury\\\/road-traffic-accident-claim\\\/\"},{\"@type\":\"ListItem\",\"position\":4,\"name\":\"Public Transport accident claim*\"}]},{\"@type\":\"WebSite\",\"@id\":\"https:\\\/\\\/pbnlitigation.ie\\\/ru\\\/#website\",\"url\":\"https:\\\/\\\/pbnlitigation.ie\\\/ru\\\/\",\"name\":\"PBN Litigation\",\"description\":\"Your Legal Solution\",\"publisher\":{\"@id\":\"https:\\\/\\\/pbnlitigation.ie\\\/ru\\\/#organization\"},\"potentialAction\":[{\"@type\":\"SearchAction\",\"target\":{\"@type\":\"EntryPoint\",\"urlTemplate\":\"https:\\\/\\\/pbnlitigation.ie\\\/ru\\\/?s={search_term_string}\"},\"query-input\":{\"@type\":\"PropertyValueSpecification\",\"valueRequired\":true,\"valueName\":\"search_term_string\"}}],\"inLanguage\":\"pt-PT\"},{\"@type\":\"Organization\",\"@id\":\"https:\\\/\\\/pbnlitigation.ie\\\/ru\\\/#organization\",\"name\":\"PBN Litigation\",\"url\":\"https:\\\/\\\/pbnlitigation.ie\\\/ru\\\/\",\"logo\":{\"@type\":\"ImageObject\",\"inLanguage\":\"pt-PT\",\"@id\":\"https:\\\/\\\/pbnlitigation.ie\\\/ru\\\/#\\\/schema\\\/logo\\\/image\\\/\",\"url\":\"https:\\\/\\\/pbnlitigation.ie\\\/wp-content\\\/uploads\\\/2023\\\/11\\\/PBN-litigation-logox2.png\",\"contentUrl\":\"https:\\\/\\\/pbnlitigation.ie\\\/wp-content\\\/uploads\\\/2023\\\/11\\\/PBN-litigation-logox2.png\",\"width\":200,\"height\":200,\"caption\":\"PBN Litigation\"},\"image\":{\"@id\":\"https:\\\/\\\/pbnlitigation.ie\\\/ru\\\/#\\\/schema\\\/logo\\\/image\\\/\"}}]}<\/script>\n<!-- \/ Yoast SEO plugin. -->","yoast_head_json":{"title":"Public Transport accident claim* - PBN Litigation","description":"A les\u00e3o em transportes p\u00fablicos que n\u00e3o tenha sido inteiramente culpa sua pode dar origem a uma reclama\u00e7\u00e3o por acidente em transporte p\u00fablico*. Pode reclamar indemniza\u00e7\u00e3o pelos efeitos do acidente na sua vida atual e futura.","robots":{"index":"index","follow":"follow","max-snippet":"max-snippet:-1","max-image-preview":"max-image-preview:large","max-video-preview":"max-video-preview:-1"},"canonical":"https:\/\/pbnlitigation.ie\/pt\/personal-injury\/road-traffic-accident-claim\/public-transport-accident-claim\/","og_locale":"pt_PT","og_type":"article","og_title":"Public Transport accident claim* - PBN Litigation","og_description":"The injury on public transport that was not wholly your fault could form a public transport accident claim*. You can claim compensation for the effects of the accident on your life today and in the future.","og_url":"https:\/\/pbnlitigation.ie\/pt\/personal-injury\/road-traffic-accident-claim\/public-transport-accident-claim\/","og_site_name":"PBN Litigation","twitter_card":"summary_large_image","twitter_misc":{"Tempo estimado de leitura":"10 minutos"},"schema":{"@context":"https:\/\/schema.org","@graph":[{"@type":"WebPage","@id":"https:\/\/pbnlitigation.ie\/personal-injury\/road-traffic-accident-claim\/public-transport-accident-claim\/","url":"https:\/\/pbnlitigation.ie\/personal-injury\/road-traffic-accident-claim\/public-transport-accident-claim\/","name":"Public Transport accident claim* - PBN Litigation","isPartOf":{"@id":"https:\/\/pbnlitigation.ie\/ru\/#website"},"datePublished":"2024-11-18T12:38:08+00:00","description":"A les\u00e3o em transportes p\u00fablicos que n\u00e3o tenha sido inteiramente culpa sua pode dar origem a uma reclama\u00e7\u00e3o por acidente em transporte p\u00fablico*. Pode reclamar indemniza\u00e7\u00e3o pelos efeitos do acidente na sua vida atual e futura.","breadcrumb":{"@id":"https:\/\/pbnlitigation.ie\/personal-injury\/road-traffic-accident-claim\/public-transport-accident-claim\/#breadcrumb"},"inLanguage":"pt-PT","potentialAction":[{"@type":"ReadAction","target":["https:\/\/pbnlitigation.ie\/personal-injury\/road-traffic-accident-claim\/public-transport-accident-claim\/"]}]},{"@type":"BreadcrumbList","@id":"https:\/\/pbnlitigation.ie\/personal-injury\/road-traffic-accident-claim\/public-transport-accident-claim\/#breadcrumb","itemListElement":[{"@type":"ListItem","position":1,"name":"Home","item":"https:\/\/pbnlitigation.ie\/ru\/"},{"@type":"ListItem","position":2,"name":"Personal Injury","item":"https:\/\/pbnlitigation.ie\/personal-injury\/"},{"@type":"ListItem","position":3,"name":"Road Traffic Accident Claim*","item":"https:\/\/pbnlitigation.ie\/personal-injury\/road-traffic-accident-claim\/"},{"@type":"ListItem","position":4,"name":"Public Transport accident claim*"}]},{"@type":"WebSite","@id":"https:\/\/pbnlitigation.ie\/ru\/#website","url":"https:\/\/pbnlitigation.ie\/ru\/","name":"PBN Litigation","description":"Your Legal Solution","publisher":{"@id":"https:\/\/pbnlitigation.ie\/ru\/#organization"},"potentialAction":[{"@type":"SearchAction","target":{"@type":"EntryPoint","urlTemplate":"https:\/\/pbnlitigation.ie\/ru\/?s={search_term_string}"},"query-input":{"@type":"PropertyValueSpecification","valueRequired":true,"valueName":"search_term_string"}}],"inLanguage":"pt-PT"},{"@type":"Organization","@id":"https:\/\/pbnlitigation.ie\/ru\/#organization","name":"PBN Litigation","url":"https:\/\/pbnlitigation.ie\/ru\/","logo":{"@type":"ImageObject","inLanguage":"pt-PT","@id":"https:\/\/pbnlitigation.ie\/ru\/#\/schema\/logo\/image\/","url":"https:\/\/pbnlitigation.ie\/wp-content\/uploads\/2023\/11\/PBN-litigation-logox2.png","contentUrl":"https:\/\/pbnlitigation.ie\/wp-content\/uploads\/2023\/11\/PBN-litigation-logox2.png","width":200,"height":200,"caption":"PBN Litigation"},"image":{"@id":"https:\/\/pbnlitigation.ie\/ru\/#\/schema\/logo\/image\/"}}]}},"_links":{"self":[{"href":"https:\/\/pbnlitigation.ie\/pt\/wp-json\/wp\/v2\/pages\/1001","targetHints":{"allow":["GET"]}}],"collection":[{"href":"https:\/\/pbnlitigation.ie\/pt\/wp-json\/wp\/v2\/pages"}],"about":[{"href":"https:\/\/pbnlitigation.ie\/pt\/wp-json\/wp\/v2\/types\/page"}],"author":[{"embeddable":true,"href":"https:\/\/pbnlitigation.ie\/pt\/wp-json\/wp\/v2\/users\/2"}],"replies":[{"embeddable":true,"href":"https:\/\/pbnlitigation.ie\/pt\/wp-json\/wp\/v2\/comments?post=1001"}],"version-history":[{"count":6,"href":"https:\/\/pbnlitigation.ie\/pt\/wp-json\/wp\/v2\/pages\/1001\/revisions"}],"predecessor-version":[{"id":1007,"href":"https:\/\/pbnlitigation.ie\/pt\/wp-json\/wp\/v2\/pages\/1001\/revisions\/1007"}],"up":[{"embeddable":true,"href":"https:\/\/pbnlitigation.ie\/pt\/wp-json\/wp\/v2\/pages\/580"}],"wp:attachment":[{"href":"https:\/\/pbnlitigation.ie\/pt\/wp-json\/wp\/v2\/media?parent=1001"}],"curies":[{"name":"wp","href":"https:\/\/api.w.org\/{rel}","templated":true}]}}