{"id":1120,"date":"2025-04-01T11:11:34","date_gmt":"2025-04-01T11:11:34","guid":{"rendered":"https:\/\/pbnlitigation.ie\/?page_id=1120"},"modified":"2025-04-01T11:13:05","modified_gmt":"2025-04-01T11:13:05","slug":"case-study-pedestrian-injured-in-collision-with-electric-bike","status":"publish","type":"page","link":"https:\/\/pbnlitigation.ie\/fr\/personal-injury\/case-studies\/case-study-pedestrian-injured-in-collision-with-electric-bike\/","title":{"rendered":"\u00c9tude de cas : Pi\u00e9ton bless\u00e9 dans une collision avec un v\u00e9lo \u00e9lectrique"},"content":{"rendered":"<div class=\"fusion-fullwidth fullwidth-box fusion-builder-row-1 fusion-flex-container has-pattern-background has-mask-background nonhundred-percent-fullwidth non-hundred-percent-height-scrolling\" style=\"--awb-border-radius-top-left:0px;--awb-border-radius-top-right:0px;--awb-border-radius-bottom-right:0px;--awb-border-radius-bottom-left:0px;--awb-background-color:#ffffff;--awb-flex-wrap:wrap;\" ><div class=\"fusion-builder-row fusion-row fusion-flex-align-items-flex-start fusion-flex-content-wrap\" style=\"max-width:1216.8px;margin-left: calc(-4% \/ 2 );margin-right: calc(-4% \/ 2 );\"><div class=\"fusion-layout-column fusion_builder_column fusion-builder-column-0 fusion_builder_column_1_1 1_1 fusion-flex-column\" style=\"--awb-bg-size:cover;--awb-width-large:100%;--awb-margin-top-large:0px;--awb-spacing-right-large:1.92%;--awb-margin-bottom-large:0px;--awb-spacing-left-large:1.92%;--awb-width-medium:100%;--awb-order-medium:0;--awb-spacing-right-medium:1.92%;--awb-spacing-left-medium:1.92%;--awb-width-small:100%;--awb-order-small:0;--awb-spacing-right-small:1.92%;--awb-spacing-left-small:1.92%;\"><div class=\"fusion-column-wrapper fusion-column-has-shadow fusion-flex-justify-content-flex-start fusion-content-layout-column\"><div class=\"fusion-title title fusion-title-1 fusion-title-text fusion-title-size-four\" style=\"--awb-margin-top-small:0px;--awb-margin-right-small:0px;--awb-margin-bottom-small:20px;--awb-margin-left-small:0px;\"><div class=\"title-sep-container title-sep-container-left fusion-no-large-visibility fusion-no-medium-visibility fusion-no-small-visibility\"><div class=\"title-sep sep- sep-solid\" style=\"border-color:var(--awb-color3);\"><\/div><\/div><span class=\"awb-title-spacer fusion-no-large-visibility fusion-no-medium-visibility fusion-no-small-visibility\"><\/span><h4 class=\"fusion-title-heading title-heading-left\" style=\"margin:0;text-transform:uppercase;\">Contexte<\/h4><span class=\"awb-title-spacer\"><\/span><div class=\"title-sep-container title-sep-container-right\"><div class=\"title-sep sep- sep-solid\" style=\"border-color:var(--awb-color3);\"><\/div><\/div><\/div><div class=\"fusion-text fusion-text-1\"><p><span style=\"font-weight: 400;\">Dans la soir\u00e9e du 4 ao\u00fbt 2024, M. Leonard faisait son footing \u00e0 Swords, Dublin, entre l'arr\u00eat de bus Swords Express (Holywell Close) et le rond-point situ\u00e9 en haut de la bretelle d'acc\u00e8s de la M1. <\/span><b>Il portait un gilet de haute visibilit\u00e9<\/b><span style=\"font-weight: 400;\"> et un<\/span><b> lumi\u00e8re sur son chapeau pour plus de s\u00e9curit\u00e9<\/b><span style=\"font-weight: 400;\">. Pendant sa course, il \u00e9tait <\/span><b>heurt\u00e9 par un v\u00e9lo \u00e9lectrique<\/b><span style=\"font-weight: 400;\"> pr\u00e9tendument mont\u00e9 \u00e0 <\/span><b>\u00e0 vive allure sur le trottoir pi\u00e9tonnier<\/b><span style=\"font-weight: 400;\"> par M. Stephen Dunne de Russell\u2019s Terrace, Kettles Lanes, Drynam Hall, Swords.<\/span><\/p>\n<\/div><div class=\"fusion-title title fusion-title-2 fusion-title-text fusion-title-size-four\" style=\"--awb-margin-top-small:0px;--awb-margin-right-small:0px;--awb-margin-bottom-small:20px;--awb-margin-left-small:0px;\"><div class=\"title-sep-container title-sep-container-left fusion-no-large-visibility fusion-no-medium-visibility fusion-no-small-visibility\"><div class=\"title-sep sep- sep-solid\" style=\"border-color:var(--awb-color3);\"><\/div><\/div><span class=\"awb-title-spacer fusion-no-large-visibility fusion-no-medium-visibility fusion-no-small-visibility\"><\/span><h4 class=\"fusion-title-heading title-heading-left\" style=\"margin:0;text-transform:uppercase;\">D\u00e9tails de l'incident<\/h4><span class=\"awb-title-spacer\"><\/span><div class=\"title-sep-container title-sep-container-right\"><div class=\"title-sep sep- sep-solid\" style=\"border-color:var(--awb-color3);\"><\/div><\/div><\/div><div class=\"fusion-text fusion-text-2\"><p><span style=\"font-weight: 400;\">La collision a entra\u00een\u00e9 des blessures graves pour M. Leonard, notamment de multiples<\/span><b> fractures de la jambe gauche<\/b><span style=\"font-weight: 400;\">. L'une des fractures a caus\u00e9 une<\/span><b> os transpercer sa peau,<\/b><span style=\"font-weight: 400;\"> entra\u00eenant le d\u00e9placement de son pied gauche de 180 degr\u00e9s. Il a \u00e9t\u00e9 transport\u00e9 en ambulance \u00e0 l'h\u00f4pital Beaumont, o\u00f9 il a subi une intervention chirurgicale lourde pour r\u00e9parer sa jambe et sauver son pied.<\/span><\/p>\n<\/div><div class=\"fusion-title title fusion-title-3 fusion-title-text fusion-title-size-four\" style=\"--awb-margin-top-small:0px;--awb-margin-right-small:0px;--awb-margin-bottom-small:20px;--awb-margin-left-small:0px;\"><div class=\"title-sep-container title-sep-container-left fusion-no-large-visibility fusion-no-medium-visibility fusion-no-small-visibility\"><div class=\"title-sep sep- sep-solid\" style=\"border-color:var(--awb-color3);\"><\/div><\/div><span class=\"awb-title-spacer fusion-no-large-visibility fusion-no-medium-visibility fusion-no-small-visibility\"><\/span><h4 class=\"fusion-title-heading title-heading-left\" style=\"margin:0;text-transform:uppercase;\">Probl\u00e8mes juridiques soulev\u00e9s<\/h4><span class=\"awb-title-spacer\"><\/span><div class=\"title-sep-container title-sep-container-right\"><div class=\"title-sep sep- sep-solid\" style=\"border-color:var(--awb-color3);\"><\/div><\/div><\/div><div class=\"fusion-text fusion-text-3\"><p><span style=\"font-weight: 400;\">M. Leonard affirme que les sp\u00e9cifications du v\u00e9lo \u00e9lectrique, y compris <\/span><b>moteur sans balais de 0,75 kilowatt<\/b><span style=\"font-weight: 400;\"> et une vitesse maximale de<\/span><b> 20-25 km\/h<\/b><span style=\"font-weight: 400;\">, le classer comme v\u00e9hicule \u00e0 moteur (MPV) selon la l\u00e9gislation irlandaise. L'article 3.1 de la loi sur la circulation routi\u00e8re de 1961 d\u00e9finit un MPV comme tout v\u00e9hicule con\u00e7u ou adapt\u00e9 pour \u00eatre propuls\u00e9 par des moyens m\u00e9caniques, y compris les bicyclettes \u00e9quip\u00e9es d'un moteur \u00e9lectrique auxiliaire d\u00e9passant 0,25 kW.<\/span><\/p>\n<\/div><div class=\"fusion-title title fusion-title-4 fusion-title-text fusion-title-size-four\" style=\"--awb-margin-top-small:0px;--awb-margin-right-small:0px;--awb-margin-bottom-small:20px;--awb-margin-left-small:0px;\"><div class=\"title-sep-container title-sep-container-left fusion-no-large-visibility fusion-no-medium-visibility fusion-no-small-visibility\"><div class=\"title-sep sep- sep-solid\" style=\"border-color:var(--awb-color3);\"><\/div><\/div><span class=\"awb-title-spacer fusion-no-large-visibility fusion-no-medium-visibility fusion-no-small-visibility\"><\/span><h4 class=\"fusion-title-heading title-heading-left\" style=\"margin:0;text-transform:uppercase;\">Enqu\u00eate et proc\u00e9dures judiciaires<\/h4><span class=\"awb-title-spacer\"><\/span><div class=\"title-sep-container title-sep-container-right\"><div class=\"title-sep sep- sep-solid\" style=\"border-color:var(--awb-color3);\"><\/div><\/div><\/div><div class=\"fusion-text fusion-text-4\"><p><span style=\"font-weight: 400;\">L'incident \u00e9tait <\/span><b>t\u00e9moign\u00e9 par au moins trois <\/b><span style=\"font-weight: 400;\">les personnes qui ont aid\u00e9 M. Leonard et ont pris une photo du v\u00e9lo \u00e9lectrique. M. Dunne est rest\u00e9 sur les lieux, et un agent de la Garda s'est rendu sur place pour enregistrer les d\u00e9tails de l'incident. Cependant, M. Leonard all\u00e9gera qu'il y a eu un retard important dans le traitement de l'affaire au sein du syst\u00e8me Pulse de la Garda, ce qui, selon lui, a entra\u00een\u00e9 un<\/span><b> enqu\u00eate inad\u00e9quate.<\/b><\/p>\n<p><span style=\"font-weight: 400;\">\u00c0 la suite de son insatisfaction quant \u00e0 la gestion de l'affaire, M. Leonard a d\u00e9pos\u00e9 une plainte aupr\u00e8s de la Commission d'ombudsman de la Garda S\u00edoch\u00e1na. Il a appris par la suite que la Garda ne poursuivrait pas d'enqu\u00eate en vue d'une action p\u00e9nale. Lorsqu'il a demand\u00e9 un r\u00e9examen au directeur des poursuites publiques (DPP), il a \u00e9t\u00e9 inform\u00e9 qu'aucun dossier n'avait \u00e9t\u00e9 soumis concernant l'incident.<\/span><\/p>\n<\/div><div class=\"fusion-title title fusion-title-5 fusion-title-text fusion-title-size-four\" style=\"--awb-margin-top-small:0px;--awb-margin-right-small:0px;--awb-margin-bottom-small:20px;--awb-margin-left-small:0px;\"><div class=\"title-sep-container title-sep-container-left fusion-no-large-visibility fusion-no-medium-visibility fusion-no-small-visibility\"><div class=\"title-sep sep- sep-solid\" style=\"border-color:var(--awb-color3);\"><\/div><\/div><span class=\"awb-title-spacer fusion-no-large-visibility fusion-no-medium-visibility fusion-no-small-visibility\"><\/span><h4 class=\"fusion-title-heading title-heading-left\" style=\"margin:0;text-transform:uppercase;\">Citation directe<\/h4><span class=\"awb-title-spacer\"><\/span><div class=\"title-sep-container title-sep-container-right\"><div class=\"title-sep sep- sep-solid\" style=\"border-color:var(--awb-color3);\"><\/div><\/div><\/div><div class=\"fusion-text fusion-text-5\"><p><span style=\"font-weight: 400;\">Confront\u00e9 \u00e0 l'expiration du d\u00e9lai pour d\u00e9poser une plainte d'ici au 3 f\u00e9vrier 2025, M. Leonard a entrepris une action en justice de mani\u00e8re ind\u00e9pendante. Il a saisi personnellement le tribunal de district, demandant l'\u00e9mission d'une citation \u00e0 compara\u00eetre pour comportement d\u00e9lictueux en vertu de l'article 53 de la loi de 1961 sur la circulation routi\u00e8re. Cet article constitue une infraction le fait de conduire un v\u00e9hicule d'une mani\u00e8re qui est ou pourrait raisonnablement \u00eatre consid\u00e9r\u00e9e comme dangereuse pour le public.<\/span><\/p>\n<p><span style=\"font-weight: 400;\">L'affaire a d'abord \u00e9t\u00e9 entendue devant le tribunal de district de Dublin, o\u00f9 le juge Anthony Halpin a ajourn\u00e9 l'affaire pour permettre au d\u00e9fendeur, M. Dunne, de se faire repr\u00e9senter par un avocat. Les proc\u00e9dures sont en cours.<\/span><\/p>\n<\/div><div class=\"fusion-title title fusion-title-6 fusion-title-text fusion-title-size-four\" style=\"--awb-margin-top-small:0px;--awb-margin-right-small:0px;--awb-margin-bottom-small:20px;--awb-margin-left-small:0px;\"><div class=\"title-sep-container title-sep-container-left fusion-no-large-visibility fusion-no-medium-visibility fusion-no-small-visibility\"><div class=\"title-sep sep- sep-solid\" style=\"border-color:var(--awb-color3);\"><\/div><\/div><span class=\"awb-title-spacer fusion-no-large-visibility fusion-no-medium-visibility fusion-no-small-visibility\"><\/span><h4 class=\"fusion-title-heading title-heading-left\" style=\"margin:0;text-transform:uppercase;\">Cons\u00e9quences juridiques<\/h4><span class=\"awb-title-spacer\"><\/span><div class=\"title-sep-container title-sep-container-right\"><div class=\"title-sep sep- sep-solid\" style=\"border-color:var(--awb-color3);\"><\/div><\/div><\/div><div class=\"fusion-text fusion-text-6\"><p><span style=\"font-weight: 400;\">Cette affaire soul\u00e8ve d'importantes questions juridiques concernant la classification des v\u00e9los \u00e9lectriques au regard de la l\u00e9gislation irlandaise sur la circulation routi\u00e8re et les responsabilit\u00e9s des forces de l'ordre dans l'enqu\u00eate sur de tels incidents. Elle met en lumi\u00e8re les voies juridiques \u00e0 la disposition des personnes qui estiment que leur affaire n'a pas \u00e9t\u00e9 trait\u00e9e de mani\u00e8re ad\u00e9quate par les autorit\u00e9s.<\/span><\/p>\n<p><span style=\"font-weight: 400;\">Pour de plus amples informations juridiques sur le droit de la circulation routi\u00e8re et les demandes d'indemnisation pour pr\u00e9judice corporel, contactez notre \u00e9quipe juridique experte.<\/span><\/p>\n<\/div><div ><a class=\"fusion-button button-flat fusion-button-default-size button-default fusion-button-default button-1 fusion-button-default-span fusion-button-default-type\" target=\"_blank\" rel=\"noopener noreferrer\" href=\"https:\/\/www.irishtimes.com\/crime-law\/courts\/2025\/03\/10\/jogger-whose-leg-was-broken-in-alleged-collision-with-e-bike-on-footpath-takes-prosecution\/\"><span class=\"fusion-button-text awb-button__text awb-button__text--default\">En savoir plus<\/span><\/a><\/div><\/div><\/div><\/div><\/div>","protected":false},"excerpt":{"rendered":"","protected":false},"author":2,"featured_media":0,"parent":1116,"menu_order":0,"comment_status":"closed","ping_status":"closed","template":"100-width.php","meta":{"footnotes":""},"class_list":["post-1120","page","type-page","status-publish","hentry"],"yoast_head":"<!-- This site is optimized with the Yoast SEO plugin v28.2 - https:\/\/yoast.com\/product\/yoast-seo-wordpress\/ -->\n<title>Case Study: Pedestrian Injured in Collision with Electric Bike - PBN Litigation<\/title>\n<meta name=\"description\" content=\"The case was initially heard before the Dublin District Court, where Judge Anthony Halpin adjourned the matter to allow the defendant, Mr. Dunne, to seek legal representation. The proceedings are ongoing.\" \/>\n<meta name=\"robots\" content=\"index, follow, max-snippet:-1, max-image-preview:large, max-video-preview:-1\" \/>\n<link rel=\"canonical\" href=\"https:\/\/pbnlitigation.ie\/fr\/personal-injury\/case-studies\/case-study-pedestrian-injured-in-collision-with-electric-bike\/\" \/>\n<meta property=\"og:locale\" content=\"fr_FR\" \/>\n<meta property=\"og:type\" content=\"article\" \/>\n<meta property=\"og:title\" content=\"Case Study: Pedestrian Injured in Collision with Electric Bike - PBN Litigation\" \/>\n<meta property=\"og:description\" content=\"The case was initially heard before the Dublin District Court, where Judge Anthony Halpin adjourned the matter to allow the defendant, Mr. Dunne, to seek legal representation. The proceedings are ongoing.\" \/>\n<meta property=\"og:url\" content=\"https:\/\/pbnlitigation.ie\/fr\/personal-injury\/case-studies\/case-study-pedestrian-injured-in-collision-with-electric-bike\/\" \/>\n<meta property=\"og:site_name\" content=\"PBN Litigation\" \/>\n<meta property=\"article:modified_time\" content=\"2025-04-01T11:13:05+00:00\" \/>\n<meta name=\"twitter:card\" content=\"summary_large_image\" \/>\n<meta name=\"twitter:label1\" content=\"Dur\u00e9e de lecture estim\u00e9e\" \/>\n\t<meta name=\"twitter:data1\" content=\"3 minutes\" \/>\n<script type=\"application\/ld+json\" class=\"yoast-schema-graph\">{\"@context\":\"https:\\\/\\\/schema.org\",\"@graph\":[{\"@type\":\"WebPage\",\"@id\":\"https:\\\/\\\/pbnlitigation.ie\\\/personal-injury\\\/case-studies\\\/case-study-pedestrian-injured-in-collision-with-electric-bike\\\/\",\"url\":\"https:\\\/\\\/pbnlitigation.ie\\\/personal-injury\\\/case-studies\\\/case-study-pedestrian-injured-in-collision-with-electric-bike\\\/\",\"name\":\"Case Study: Pedestrian Injured in Collision with Electric Bike - PBN Litigation\",\"isPartOf\":{\"@id\":\"https:\\\/\\\/pbnlitigation.ie\\\/ru\\\/#website\"},\"datePublished\":\"2025-04-01T11:11:34+00:00\",\"dateModified\":\"2025-04-01T11:13:05+00:00\",\"description\":\"The case was initially heard before the Dublin District Court, where Judge Anthony Halpin adjourned the matter to allow the defendant, Mr. Dunne, to seek legal representation. The proceedings are ongoing.\",\"breadcrumb\":{\"@id\":\"https:\\\/\\\/pbnlitigation.ie\\\/personal-injury\\\/case-studies\\\/case-study-pedestrian-injured-in-collision-with-electric-bike\\\/#breadcrumb\"},\"inLanguage\":\"fr-FR\",\"potentialAction\":[{\"@type\":\"ReadAction\",\"target\":[\"https:\\\/\\\/pbnlitigation.ie\\\/personal-injury\\\/case-studies\\\/case-study-pedestrian-injured-in-collision-with-electric-bike\\\/\"]}]},{\"@type\":\"BreadcrumbList\",\"@id\":\"https:\\\/\\\/pbnlitigation.ie\\\/personal-injury\\\/case-studies\\\/case-study-pedestrian-injured-in-collision-with-electric-bike\\\/#breadcrumb\",\"itemListElement\":[{\"@type\":\"ListItem\",\"position\":1,\"name\":\"Home\",\"item\":\"https:\\\/\\\/pbnlitigation.ie\\\/ru\\\/\"},{\"@type\":\"ListItem\",\"position\":2,\"name\":\"Personal Injury\",\"item\":\"https:\\\/\\\/pbnlitigation.ie\\\/personal-injury\\\/\"},{\"@type\":\"ListItem\",\"position\":3,\"name\":\"Case Studies\",\"item\":\"https:\\\/\\\/pbnlitigation.ie\\\/personal-injury\\\/case-studies\\\/\"},{\"@type\":\"ListItem\",\"position\":4,\"name\":\"Case Study: Pedestrian Injured in Collision with Electric Bike\"}]},{\"@type\":\"WebSite\",\"@id\":\"https:\\\/\\\/pbnlitigation.ie\\\/ru\\\/#website\",\"url\":\"https:\\\/\\\/pbnlitigation.ie\\\/ru\\\/\",\"name\":\"PBN Litigation\",\"description\":\"Your Legal Solution\",\"publisher\":{\"@id\":\"https:\\\/\\\/pbnlitigation.ie\\\/ru\\\/#organization\"},\"potentialAction\":[{\"@type\":\"SearchAction\",\"target\":{\"@type\":\"EntryPoint\",\"urlTemplate\":\"https:\\\/\\\/pbnlitigation.ie\\\/ru\\\/?s={search_term_string}\"},\"query-input\":{\"@type\":\"PropertyValueSpecification\",\"valueRequired\":true,\"valueName\":\"search_term_string\"}}],\"inLanguage\":\"fr-FR\"},{\"@type\":\"Organization\",\"@id\":\"https:\\\/\\\/pbnlitigation.ie\\\/ru\\\/#organization\",\"name\":\"PBN Litigation\",\"url\":\"https:\\\/\\\/pbnlitigation.ie\\\/ru\\\/\",\"logo\":{\"@type\":\"ImageObject\",\"inLanguage\":\"fr-FR\",\"@id\":\"https:\\\/\\\/pbnlitigation.ie\\\/ru\\\/#\\\/schema\\\/logo\\\/image\\\/\",\"url\":\"https:\\\/\\\/pbnlitigation.ie\\\/wp-content\\\/uploads\\\/2023\\\/11\\\/PBN-litigation-logox2.png\",\"contentUrl\":\"https:\\\/\\\/pbnlitigation.ie\\\/wp-content\\\/uploads\\\/2023\\\/11\\\/PBN-litigation-logox2.png\",\"width\":200,\"height\":200,\"caption\":\"PBN Litigation\"},\"image\":{\"@id\":\"https:\\\/\\\/pbnlitigation.ie\\\/ru\\\/#\\\/schema\\\/logo\\\/image\\\/\"}}]}<\/script>\n<!-- \/ Yoast SEO plugin. -->","yoast_head_json":{"title":"Case Study: Pedestrian Injured in Collision with Electric Bike - PBN Litigation","description":"L'affaire a d'abord \u00e9t\u00e9 entendue devant le tribunal de district de Dublin, o\u00f9 le juge Anthony Halpin a ajourn\u00e9 l'affaire pour permettre au d\u00e9fendeur, M. Dunne, de se faire repr\u00e9senter par un avocat. Les proc\u00e9dures sont en cours.","robots":{"index":"index","follow":"follow","max-snippet":"max-snippet:-1","max-image-preview":"max-image-preview:large","max-video-preview":"max-video-preview:-1"},"canonical":"https:\/\/pbnlitigation.ie\/fr\/personal-injury\/case-studies\/case-study-pedestrian-injured-in-collision-with-electric-bike\/","og_locale":"fr_FR","og_type":"article","og_title":"Case Study: Pedestrian Injured in Collision with Electric Bike - PBN Litigation","og_description":"The case was initially heard before the Dublin District Court, where Judge Anthony Halpin adjourned the matter to allow the defendant, Mr. Dunne, to seek legal representation. The proceedings are ongoing.","og_url":"https:\/\/pbnlitigation.ie\/fr\/personal-injury\/case-studies\/case-study-pedestrian-injured-in-collision-with-electric-bike\/","og_site_name":"PBN Litigation","article_modified_time":"2025-04-01T11:13:05+00:00","twitter_card":"summary_large_image","twitter_misc":{"Dur\u00e9e de lecture estim\u00e9e":"3 minutes"},"schema":{"@context":"https:\/\/schema.org","@graph":[{"@type":"WebPage","@id":"https:\/\/pbnlitigation.ie\/personal-injury\/case-studies\/case-study-pedestrian-injured-in-collision-with-electric-bike\/","url":"https:\/\/pbnlitigation.ie\/personal-injury\/case-studies\/case-study-pedestrian-injured-in-collision-with-electric-bike\/","name":"Case Study: Pedestrian Injured in Collision with Electric Bike - PBN Litigation","isPartOf":{"@id":"https:\/\/pbnlitigation.ie\/ru\/#website"},"datePublished":"2025-04-01T11:11:34+00:00","dateModified":"2025-04-01T11:13:05+00:00","description":"L'affaire a d'abord \u00e9t\u00e9 entendue devant le tribunal de district de Dublin, o\u00f9 le juge Anthony Halpin a ajourn\u00e9 l'affaire pour permettre au d\u00e9fendeur, M. Dunne, de se faire repr\u00e9senter par un avocat. Les proc\u00e9dures sont en cours.","breadcrumb":{"@id":"https:\/\/pbnlitigation.ie\/personal-injury\/case-studies\/case-study-pedestrian-injured-in-collision-with-electric-bike\/#breadcrumb"},"inLanguage":"fr-FR","potentialAction":[{"@type":"ReadAction","target":["https:\/\/pbnlitigation.ie\/personal-injury\/case-studies\/case-study-pedestrian-injured-in-collision-with-electric-bike\/"]}]},{"@type":"BreadcrumbList","@id":"https:\/\/pbnlitigation.ie\/personal-injury\/case-studies\/case-study-pedestrian-injured-in-collision-with-electric-bike\/#breadcrumb","itemListElement":[{"@type":"ListItem","position":1,"name":"Home","item":"https:\/\/pbnlitigation.ie\/ru\/"},{"@type":"ListItem","position":2,"name":"Personal Injury","item":"https:\/\/pbnlitigation.ie\/personal-injury\/"},{"@type":"ListItem","position":3,"name":"Case Studies","item":"https:\/\/pbnlitigation.ie\/personal-injury\/case-studies\/"},{"@type":"ListItem","position":4,"name":"Case Study: Pedestrian Injured in Collision with Electric Bike"}]},{"@type":"WebSite","@id":"https:\/\/pbnlitigation.ie\/ru\/#website","url":"https:\/\/pbnlitigation.ie\/ru\/","name":"PBN Litigation","description":"Your Legal Solution","publisher":{"@id":"https:\/\/pbnlitigation.ie\/ru\/#organization"},"potentialAction":[{"@type":"SearchAction","target":{"@type":"EntryPoint","urlTemplate":"https:\/\/pbnlitigation.ie\/ru\/?s={search_term_string}"},"query-input":{"@type":"PropertyValueSpecification","valueRequired":true,"valueName":"search_term_string"}}],"inLanguage":"fr-FR"},{"@type":"Organization","@id":"https:\/\/pbnlitigation.ie\/ru\/#organization","name":"PBN Litigation","url":"https:\/\/pbnlitigation.ie\/ru\/","logo":{"@type":"ImageObject","inLanguage":"fr-FR","@id":"https:\/\/pbnlitigation.ie\/ru\/#\/schema\/logo\/image\/","url":"https:\/\/pbnlitigation.ie\/wp-content\/uploads\/2023\/11\/PBN-litigation-logox2.png","contentUrl":"https:\/\/pbnlitigation.ie\/wp-content\/uploads\/2023\/11\/PBN-litigation-logox2.png","width":200,"height":200,"caption":"PBN Litigation"},"image":{"@id":"https:\/\/pbnlitigation.ie\/ru\/#\/schema\/logo\/image\/"}}]}},"_links":{"self":[{"href":"https:\/\/pbnlitigation.ie\/fr\/wp-json\/wp\/v2\/pages\/1120","targetHints":{"allow":["GET"]}}],"collection":[{"href":"https:\/\/pbnlitigation.ie\/fr\/wp-json\/wp\/v2\/pages"}],"about":[{"href":"https:\/\/pbnlitigation.ie\/fr\/wp-json\/wp\/v2\/types\/page"}],"author":[{"embeddable":true,"href":"https:\/\/pbnlitigation.ie\/fr\/wp-json\/wp\/v2\/users\/2"}],"replies":[{"embeddable":true,"href":"https:\/\/pbnlitigation.ie\/fr\/wp-json\/wp\/v2\/comments?post=1120"}],"version-history":[{"count":3,"href":"https:\/\/pbnlitigation.ie\/fr\/wp-json\/wp\/v2\/pages\/1120\/revisions"}],"predecessor-version":[{"id":1123,"href":"https:\/\/pbnlitigation.ie\/fr\/wp-json\/wp\/v2\/pages\/1120\/revisions\/1123"}],"up":[{"embeddable":true,"href":"https:\/\/pbnlitigation.ie\/fr\/wp-json\/wp\/v2\/pages\/1116"}],"wp:attachment":[{"href":"https:\/\/pbnlitigation.ie\/fr\/wp-json\/wp\/v2\/media?parent=1120"}],"curies":[{"name":"wp","href":"https:\/\/api.w.org\/{rel}","templated":true}]}}