{"id":1120,"date":"2025-04-01T11:11:34","date_gmt":"2025-04-01T11:11:34","guid":{"rendered":"https:\/\/pbnlitigation.ie\/?page_id=1120"},"modified":"2025-04-01T11:13:05","modified_gmt":"2025-04-01T11:13:05","slug":"case-study-pedestrian-injured-in-collision-with-electric-bike","status":"publish","type":"page","link":"https:\/\/pbnlitigation.ie\/es\/personal-injury\/case-studies\/case-study-pedestrian-injured-in-collision-with-electric-bike\/","title":{"rendered":"Caso de estudio: Peat\u00f3n herido en colisi\u00f3n con bicicleta el\u00e9ctrica"},"content":{"rendered":"<div class=\"fusion-fullwidth fullwidth-box fusion-builder-row-1 fusion-flex-container has-pattern-background has-mask-background nonhundred-percent-fullwidth non-hundred-percent-height-scrolling\" style=\"--awb-border-radius-top-left:0px;--awb-border-radius-top-right:0px;--awb-border-radius-bottom-right:0px;--awb-border-radius-bottom-left:0px;--awb-background-color:#ffffff;--awb-flex-wrap:wrap;\" ><div class=\"fusion-builder-row fusion-row fusion-flex-align-items-flex-start fusion-flex-content-wrap\" style=\"max-width:1216.8px;margin-left: calc(-4% \/ 2 );margin-right: calc(-4% \/ 2 );\"><div class=\"fusion-layout-column fusion_builder_column fusion-builder-column-0 fusion_builder_column_1_1 1_1 fusion-flex-column\" style=\"--awb-bg-size:cover;--awb-width-large:100%;--awb-margin-top-large:0px;--awb-spacing-right-large:1.92%;--awb-margin-bottom-large:0px;--awb-spacing-left-large:1.92%;--awb-width-medium:100%;--awb-order-medium:0;--awb-spacing-right-medium:1.92%;--awb-spacing-left-medium:1.92%;--awb-width-small:100%;--awb-order-small:0;--awb-spacing-right-small:1.92%;--awb-spacing-left-small:1.92%;\"><div class=\"fusion-column-wrapper fusion-column-has-shadow fusion-flex-justify-content-flex-start fusion-content-layout-column\"><div class=\"fusion-title title fusion-title-1 fusion-title-text fusion-title-size-four\" style=\"--awb-margin-top-small:0px;--awb-margin-right-small:0px;--awb-margin-bottom-small:20px;--awb-margin-left-small:0px;\"><div class=\"title-sep-container title-sep-container-left fusion-no-large-visibility fusion-no-medium-visibility fusion-no-small-visibility\"><div class=\"title-sep sep- sep-solid\" style=\"border-color:var(--awb-color3);\"><\/div><\/div><span class=\"awb-title-spacer fusion-no-large-visibility fusion-no-medium-visibility fusion-no-small-visibility\"><\/span><h4 class=\"fusion-title-heading title-heading-left\" style=\"margin:0;text-transform:uppercase;\">Antecedentes<\/h4><span class=\"awb-title-spacer\"><\/span><div class=\"title-sep-container title-sep-container-right\"><div class=\"title-sep sep- sep-solid\" style=\"border-color:var(--awb-color3);\"><\/div><\/div><\/div><div class=\"fusion-text fusion-text-1\"><p><span style=\"font-weight: 400;\">En la tarde del 4 de agosto de 2024, el se\u00f1or Leonard estaba corriendo en Swords, Dubl\u00edn, entre la parada de autob\u00fas Swords Express (Holywell Close) y la rotonda en la parte superior del ramal de incorporaci\u00f3n a la M1. <\/span><b>Llevaba un chaleco de alta visibilidad<\/b><span style=\"font-weight: 400;\"> y un<\/span><b> luz en su sombrero por seguridad<\/b><span style=\"font-weight: 400;\">. Durante su carrera, \u00e9l estuvo <\/span><b>atropellado por una bicicleta el\u00e9ctrica<\/b><span style=\"font-weight: 400;\"> presuntamente siendo montado en <\/span><b>alta velocidad en la acera peatonal<\/b><span style=\"font-weight: 400;\"> por el Sr. Stephen Dunne de Russell\u2019s Terrace, Kettles Lanes, Drynam Hall, Swords.<\/span><\/p>\n<\/div><div class=\"fusion-title title fusion-title-2 fusion-title-text fusion-title-size-four\" style=\"--awb-margin-top-small:0px;--awb-margin-right-small:0px;--awb-margin-bottom-small:20px;--awb-margin-left-small:0px;\"><div class=\"title-sep-container title-sep-container-left fusion-no-large-visibility fusion-no-medium-visibility fusion-no-small-visibility\"><div class=\"title-sep sep- sep-solid\" style=\"border-color:var(--awb-color3);\"><\/div><\/div><span class=\"awb-title-spacer fusion-no-large-visibility fusion-no-medium-visibility fusion-no-small-visibility\"><\/span><h4 class=\"fusion-title-heading title-heading-left\" style=\"margin:0;text-transform:uppercase;\">Detalles del incidente<\/h4><span class=\"awb-title-spacer\"><\/span><div class=\"title-sep-container title-sep-container-right\"><div class=\"title-sep sep- sep-solid\" style=\"border-color:var(--awb-color3);\"><\/div><\/div><\/div><div class=\"fusion-text fusion-text-2\"><p><span style=\"font-weight: 400;\">La colisi\u00f3n provoc\u00f3 lesiones graves al Sr. Leonard, incluidas m\u00faltiples<\/span><b> fracturas en su pierna izquierda<\/b><span style=\"font-weight: 400;\">. Una de las fracturas caus\u00f3 una<\/span><b> hueso sobresalga a trav\u00e9s de su piel,<\/b><span style=\"font-weight: 400;\"> lo que provoc\u00f3 que su pie izquierdo se desplazarat 180 grados. Fue trasladado en ambulancia al Hospital Beaumont, donde se somete a una extensa cirug\u00eda para reparar su pierna y preservar su pie.<\/span><\/p>\n<\/div><div class=\"fusion-title title fusion-title-3 fusion-title-text fusion-title-size-four\" style=\"--awb-margin-top-small:0px;--awb-margin-right-small:0px;--awb-margin-bottom-small:20px;--awb-margin-left-small:0px;\"><div class=\"title-sep-container title-sep-container-left fusion-no-large-visibility fusion-no-medium-visibility fusion-no-small-visibility\"><div class=\"title-sep sep- sep-solid\" style=\"border-color:var(--awb-color3);\"><\/div><\/div><span class=\"awb-title-spacer fusion-no-large-visibility fusion-no-medium-visibility fusion-no-small-visibility\"><\/span><h4 class=\"fusion-title-heading title-heading-left\" style=\"margin:0;text-transform:uppercase;\">Cuestiones jur\u00eddicas planteadas<\/h4><span class=\"awb-title-spacer\"><\/span><div class=\"title-sep-container title-sep-container-right\"><div class=\"title-sep sep- sep-solid\" style=\"border-color:var(--awb-color3);\"><\/div><\/div><\/div><div class=\"fusion-text fusion-text-3\"><p><span style=\"font-weight: 400;\">El Sr. Leonard afirma que las especificaciones de la bicicleta el\u00e9ctrica, incluida una <\/span><b>motor sin escobillas de 0,75 kilovatios<\/b><span style=\"font-weight: 400;\"> y una velocidad m\u00e1xima de<\/span><b> 20-25 km\/h<\/b><span style=\"font-weight: 400;\">, clasif\u00edquelo como un veh\u00edculo con propulsi\u00f3n mec\u00e1nica (MPV) seg\u00fan la legislaci\u00f3n irlandesa. La Secci\u00f3n 3.1 de la Ley de Tr\u00e1fico de 1961 define un MPV como cualquier veh\u00edculo destinado o adaptado para la propulsi\u00f3n por medios mec\u00e1nicos, incluidas las bicicletas equipadas con un motor el\u00e9ctrico auxiliar que supere los 0,25 kW.<\/span><\/p>\n<\/div><div class=\"fusion-title title fusion-title-4 fusion-title-text fusion-title-size-four\" style=\"--awb-margin-top-small:0px;--awb-margin-right-small:0px;--awb-margin-bottom-small:20px;--awb-margin-left-small:0px;\"><div class=\"title-sep-container title-sep-container-left fusion-no-large-visibility fusion-no-medium-visibility fusion-no-small-visibility\"><div class=\"title-sep sep- sep-solid\" style=\"border-color:var(--awb-color3);\"><\/div><\/div><span class=\"awb-title-spacer fusion-no-large-visibility fusion-no-medium-visibility fusion-no-small-visibility\"><\/span><h4 class=\"fusion-title-heading title-heading-left\" style=\"margin:0;text-transform:uppercase;\">Investigaci\u00f3n y Procedimientos Legales<\/h4><span class=\"awb-title-spacer\"><\/span><div class=\"title-sep-container title-sep-container-right\"><div class=\"title-sep sep- sep-solid\" style=\"border-color:var(--awb-color3);\"><\/div><\/div><\/div><div class=\"fusion-text fusion-text-4\"><p><span style=\"font-weight: 400;\">El incidente fue <\/span><b>presenciado por al menos tres <\/b><span style=\"font-weight: 400;\">personas que ayudaron al Sr. Leonard y tomaron una fotograf\u00eda de la bicicleta el\u00e9ctrica. El Sr. Dunne permaneci\u00f3 en el lugar y un oficial de la Garda se present\u00f3 para tomar los datos del incidente. Sin embargo, el Sr. Leonard alega que hubo un retraso significativo en la tramitaci\u00f3n del asunto dentro del sistema Pulse de la Garda, lo que cree que result\u00f3 en un<\/span><b> investigaci\u00f3n inadecuada.<\/b><\/p>\n<p><span style=\"font-weight: 400;\">Tras mostrar su insatisfacci\u00f3n con la gesti\u00f3n del caso, el se\u00f1or Leonard present\u00f3 una queja ante la Comisi\u00f3n del Ombudsman de la Garda S\u00edoch\u00e1na. M\u00e1s tarde supo que los Garda\u00ed no entablar\u00edan un procesamiento. Cuando solicit\u00f3 una revisi\u00f3n al Director del Ministerio P\u00fablico (DPP), se le inform\u00f3 que no se hab\u00eda presentado ning\u00fan expediente en relaci\u00f3n con el incidente.<\/span><\/p>\n<\/div><div class=\"fusion-title title fusion-title-5 fusion-title-text fusion-title-size-four\" style=\"--awb-margin-top-small:0px;--awb-margin-right-small:0px;--awb-margin-bottom-small:20px;--awb-margin-left-small:0px;\"><div class=\"title-sep-container title-sep-container-left fusion-no-large-visibility fusion-no-medium-visibility fusion-no-small-visibility\"><div class=\"title-sep sep- sep-solid\" style=\"border-color:var(--awb-color3);\"><\/div><\/div><span class=\"awb-title-spacer fusion-no-large-visibility fusion-no-medium-visibility fusion-no-small-visibility\"><\/span><h4 class=\"fusion-title-heading title-heading-left\" style=\"margin:0;text-transform:uppercase;\">Acusaci\u00f3n particular<\/h4><span class=\"awb-title-spacer\"><\/span><div class=\"title-sep-container title-sep-container-right\"><div class=\"title-sep sep- sep-solid\" style=\"border-color:var(--awb-color3);\"><\/div><\/div><\/div><div class=\"fusion-text fusion-text-5\"><p><span style=\"font-weight: 400;\">Ante la expiraci\u00f3n del plazo para presentar una denuncia el 3 de febrero de 2025, el Sr. Leonard emprendi\u00f3 acciones legales independientes. Solicit\u00f3 personalmente al Tribunal de Distrito la emisi\u00f3n de una citaci\u00f3n por conducta delictiva en virtud de la Secci\u00f3n 53 de la Ley de Tr\u00e1fico de 1961. Esta secci\u00f3n tipifica como delito conducir un veh\u00edculo de una manera que sea, o razonablemente pueda esperarse que sea, peligrosa para el p\u00fablico.<\/span><\/p>\n<p><span style=\"font-weight: 400;\">El caso fue visto inicialmente ante el Tribunal de Distrito de Dubl\u00edn, donde el juez Anthony Halpin aplaz\u00f3 el asunto para permitir que el acusado, el Sr. Dunne, buscase representaci\u00f3n legal. Los procedimientos est\u00e1n en curso.<\/span><\/p>\n<\/div><div class=\"fusion-title title fusion-title-6 fusion-title-text fusion-title-size-four\" style=\"--awb-margin-top-small:0px;--awb-margin-right-small:0px;--awb-margin-bottom-small:20px;--awb-margin-left-small:0px;\"><div class=\"title-sep-container title-sep-container-left fusion-no-large-visibility fusion-no-medium-visibility fusion-no-small-visibility\"><div class=\"title-sep sep- sep-solid\" style=\"border-color:var(--awb-color3);\"><\/div><\/div><span class=\"awb-title-spacer fusion-no-large-visibility fusion-no-medium-visibility fusion-no-small-visibility\"><\/span><h4 class=\"fusion-title-heading title-heading-left\" style=\"margin:0;text-transform:uppercase;\">Implicaciones legales<\/h4><span class=\"awb-title-spacer\"><\/span><div class=\"title-sep-container title-sep-container-right\"><div class=\"title-sep sep- sep-solid\" style=\"border-color:var(--awb-color3);\"><\/div><\/div><\/div><div class=\"fusion-text fusion-text-6\"><p><span style=\"font-weight: 400;\">Este caso plantea importantes cuestiones jur\u00eddicas sobre la clasificaci\u00f3n de las bicicletas el\u00e9ctricas seg\u00fan las leyes de tr\u00e1fico irlandesas y las responsabilidades de las fuerzas del orden en la investigaci\u00f3n de tales incidentes. Pone de relieve las v\u00edas legales de que disponen las personas que consideran que su caso no ha sido perseguido adecuadamente por las autoridades.<\/span><\/p>\n<p><span style=\"font-weight: 400;\">Para obtener m\u00e1s informaci\u00f3n jur\u00eddica sobre derecho de circulaci\u00f3n y reclamaciones por lesiones personales, p\u00f3ngase en contacto con nuestro equipo jur\u00eddico experto.<\/span><\/p>\n<\/div><div ><a class=\"fusion-button button-flat fusion-button-default-size button-default fusion-button-default button-1 fusion-button-default-span fusion-button-default-type\" target=\"_blank\" rel=\"noopener noreferrer\" href=\"https:\/\/www.irishtimes.com\/crime-law\/courts\/2025\/03\/10\/jogger-whose-leg-was-broken-in-alleged-collision-with-e-bike-on-footpath-takes-prosecution\/\"><span class=\"fusion-button-text awb-button__text awb-button__text--default\">Leer m\u00e1s<\/span><\/a><\/div><\/div><\/div><\/div><\/div>","protected":false},"excerpt":{"rendered":"","protected":false},"author":2,"featured_media":0,"parent":1116,"menu_order":0,"comment_status":"closed","ping_status":"closed","template":"100-width.php","meta":{"footnotes":""},"class_list":["post-1120","page","type-page","status-publish","hentry"],"yoast_head":"<!-- This site is optimized with the Yoast SEO plugin v28.2 - https:\/\/yoast.com\/product\/yoast-seo-wordpress\/ -->\n<title>Case Study: Pedestrian Injured in Collision with Electric Bike - PBN Litigation<\/title>\n<meta name=\"description\" content=\"The case was initially heard before the Dublin District Court, where Judge Anthony Halpin adjourned the matter to allow the defendant, Mr. Dunne, to seek legal representation. The proceedings are ongoing.\" \/>\n<meta name=\"robots\" content=\"index, follow, max-snippet:-1, max-image-preview:large, max-video-preview:-1\" \/>\n<link rel=\"canonical\" href=\"https:\/\/pbnlitigation.ie\/es\/personal-injury\/case-studies\/case-study-pedestrian-injured-in-collision-with-electric-bike\/\" \/>\n<meta property=\"og:locale\" content=\"es_ES\" \/>\n<meta property=\"og:type\" content=\"article\" \/>\n<meta property=\"og:title\" content=\"Case Study: Pedestrian Injured in Collision with Electric Bike - PBN Litigation\" \/>\n<meta property=\"og:description\" content=\"The case was initially heard before the Dublin District Court, where Judge Anthony Halpin adjourned the matter to allow the defendant, Mr. Dunne, to seek legal representation. The proceedings are ongoing.\" \/>\n<meta property=\"og:url\" content=\"https:\/\/pbnlitigation.ie\/es\/personal-injury\/case-studies\/case-study-pedestrian-injured-in-collision-with-electric-bike\/\" \/>\n<meta property=\"og:site_name\" content=\"PBN Litigation\" \/>\n<meta property=\"article:modified_time\" content=\"2025-04-01T11:13:05+00:00\" \/>\n<meta name=\"twitter:card\" content=\"summary_large_image\" \/>\n<meta name=\"twitter:label1\" content=\"Tiempo de lectura\" \/>\n\t<meta name=\"twitter:data1\" content=\"3 minutos\" \/>\n<script type=\"application\/ld+json\" class=\"yoast-schema-graph\">{\"@context\":\"https:\\\/\\\/schema.org\",\"@graph\":[{\"@type\":\"WebPage\",\"@id\":\"https:\\\/\\\/pbnlitigation.ie\\\/personal-injury\\\/case-studies\\\/case-study-pedestrian-injured-in-collision-with-electric-bike\\\/\",\"url\":\"https:\\\/\\\/pbnlitigation.ie\\\/personal-injury\\\/case-studies\\\/case-study-pedestrian-injured-in-collision-with-electric-bike\\\/\",\"name\":\"Case Study: Pedestrian Injured in Collision with Electric Bike - PBN Litigation\",\"isPartOf\":{\"@id\":\"https:\\\/\\\/pbnlitigation.ie\\\/ru\\\/#website\"},\"datePublished\":\"2025-04-01T11:11:34+00:00\",\"dateModified\":\"2025-04-01T11:13:05+00:00\",\"description\":\"The case was initially heard before the Dublin District Court, where Judge Anthony Halpin adjourned the matter to allow the defendant, Mr. Dunne, to seek legal representation. The proceedings are ongoing.\",\"breadcrumb\":{\"@id\":\"https:\\\/\\\/pbnlitigation.ie\\\/personal-injury\\\/case-studies\\\/case-study-pedestrian-injured-in-collision-with-electric-bike\\\/#breadcrumb\"},\"inLanguage\":\"es\",\"potentialAction\":[{\"@type\":\"ReadAction\",\"target\":[\"https:\\\/\\\/pbnlitigation.ie\\\/personal-injury\\\/case-studies\\\/case-study-pedestrian-injured-in-collision-with-electric-bike\\\/\"]}]},{\"@type\":\"BreadcrumbList\",\"@id\":\"https:\\\/\\\/pbnlitigation.ie\\\/personal-injury\\\/case-studies\\\/case-study-pedestrian-injured-in-collision-with-electric-bike\\\/#breadcrumb\",\"itemListElement\":[{\"@type\":\"ListItem\",\"position\":1,\"name\":\"Home\",\"item\":\"https:\\\/\\\/pbnlitigation.ie\\\/ru\\\/\"},{\"@type\":\"ListItem\",\"position\":2,\"name\":\"Personal Injury\",\"item\":\"https:\\\/\\\/pbnlitigation.ie\\\/personal-injury\\\/\"},{\"@type\":\"ListItem\",\"position\":3,\"name\":\"Case Studies\",\"item\":\"https:\\\/\\\/pbnlitigation.ie\\\/personal-injury\\\/case-studies\\\/\"},{\"@type\":\"ListItem\",\"position\":4,\"name\":\"Case Study: Pedestrian Injured in Collision with Electric Bike\"}]},{\"@type\":\"WebSite\",\"@id\":\"https:\\\/\\\/pbnlitigation.ie\\\/ru\\\/#website\",\"url\":\"https:\\\/\\\/pbnlitigation.ie\\\/ru\\\/\",\"name\":\"PBN Litigation\",\"description\":\"Your Legal Solution\",\"publisher\":{\"@id\":\"https:\\\/\\\/pbnlitigation.ie\\\/ru\\\/#organization\"},\"potentialAction\":[{\"@type\":\"SearchAction\",\"target\":{\"@type\":\"EntryPoint\",\"urlTemplate\":\"https:\\\/\\\/pbnlitigation.ie\\\/ru\\\/?s={search_term_string}\"},\"query-input\":{\"@type\":\"PropertyValueSpecification\",\"valueRequired\":true,\"valueName\":\"search_term_string\"}}],\"inLanguage\":\"es\"},{\"@type\":\"Organization\",\"@id\":\"https:\\\/\\\/pbnlitigation.ie\\\/ru\\\/#organization\",\"name\":\"PBN Litigation\",\"url\":\"https:\\\/\\\/pbnlitigation.ie\\\/ru\\\/\",\"logo\":{\"@type\":\"ImageObject\",\"inLanguage\":\"es\",\"@id\":\"https:\\\/\\\/pbnlitigation.ie\\\/ru\\\/#\\\/schema\\\/logo\\\/image\\\/\",\"url\":\"https:\\\/\\\/pbnlitigation.ie\\\/wp-content\\\/uploads\\\/2023\\\/11\\\/PBN-litigation-logox2.png\",\"contentUrl\":\"https:\\\/\\\/pbnlitigation.ie\\\/wp-content\\\/uploads\\\/2023\\\/11\\\/PBN-litigation-logox2.png\",\"width\":200,\"height\":200,\"caption\":\"PBN Litigation\"},\"image\":{\"@id\":\"https:\\\/\\\/pbnlitigation.ie\\\/ru\\\/#\\\/schema\\\/logo\\\/image\\\/\"}}]}<\/script>\n<!-- \/ Yoast SEO plugin. -->","yoast_head_json":{"title":"Case Study: Pedestrian Injured in Collision with Electric Bike - PBN Litigation","description":"El caso fue visto inicialmente ante el Tribunal de Distrito de Dubl\u00edn, donde el juez Anthony Halpin aplaz\u00f3 el asunto para permitir que el acusado, el Sr. Dunne, buscase representaci\u00f3n legal. Los procedimientos est\u00e1n en curso.","robots":{"index":"index","follow":"follow","max-snippet":"max-snippet:-1","max-image-preview":"max-image-preview:large","max-video-preview":"max-video-preview:-1"},"canonical":"https:\/\/pbnlitigation.ie\/es\/personal-injury\/case-studies\/case-study-pedestrian-injured-in-collision-with-electric-bike\/","og_locale":"es_ES","og_type":"article","og_title":"Case Study: Pedestrian Injured in Collision with Electric Bike - PBN Litigation","og_description":"The case was initially heard before the Dublin District Court, where Judge Anthony Halpin adjourned the matter to allow the defendant, Mr. Dunne, to seek legal representation. The proceedings are ongoing.","og_url":"https:\/\/pbnlitigation.ie\/es\/personal-injury\/case-studies\/case-study-pedestrian-injured-in-collision-with-electric-bike\/","og_site_name":"PBN Litigation","article_modified_time":"2025-04-01T11:13:05+00:00","twitter_card":"summary_large_image","twitter_misc":{"Tiempo de lectura":"3 minutos"},"schema":{"@context":"https:\/\/schema.org","@graph":[{"@type":"WebPage","@id":"https:\/\/pbnlitigation.ie\/personal-injury\/case-studies\/case-study-pedestrian-injured-in-collision-with-electric-bike\/","url":"https:\/\/pbnlitigation.ie\/personal-injury\/case-studies\/case-study-pedestrian-injured-in-collision-with-electric-bike\/","name":"Case Study: Pedestrian Injured in Collision with Electric Bike - PBN Litigation","isPartOf":{"@id":"https:\/\/pbnlitigation.ie\/ru\/#website"},"datePublished":"2025-04-01T11:11:34+00:00","dateModified":"2025-04-01T11:13:05+00:00","description":"El caso fue visto inicialmente ante el Tribunal de Distrito de Dubl\u00edn, donde el juez Anthony Halpin aplaz\u00f3 el asunto para permitir que el acusado, el Sr. Dunne, buscase representaci\u00f3n legal. Los procedimientos est\u00e1n en curso.","breadcrumb":{"@id":"https:\/\/pbnlitigation.ie\/personal-injury\/case-studies\/case-study-pedestrian-injured-in-collision-with-electric-bike\/#breadcrumb"},"inLanguage":"es","potentialAction":[{"@type":"ReadAction","target":["https:\/\/pbnlitigation.ie\/personal-injury\/case-studies\/case-study-pedestrian-injured-in-collision-with-electric-bike\/"]}]},{"@type":"BreadcrumbList","@id":"https:\/\/pbnlitigation.ie\/personal-injury\/case-studies\/case-study-pedestrian-injured-in-collision-with-electric-bike\/#breadcrumb","itemListElement":[{"@type":"ListItem","position":1,"name":"Home","item":"https:\/\/pbnlitigation.ie\/ru\/"},{"@type":"ListItem","position":2,"name":"Personal Injury","item":"https:\/\/pbnlitigation.ie\/personal-injury\/"},{"@type":"ListItem","position":3,"name":"Case Studies","item":"https:\/\/pbnlitigation.ie\/personal-injury\/case-studies\/"},{"@type":"ListItem","position":4,"name":"Case Study: Pedestrian Injured in Collision with Electric Bike"}]},{"@type":"WebSite","@id":"https:\/\/pbnlitigation.ie\/ru\/#website","url":"https:\/\/pbnlitigation.ie\/ru\/","name":"PBN Litigation","description":"Your Legal Solution","publisher":{"@id":"https:\/\/pbnlitigation.ie\/ru\/#organization"},"potentialAction":[{"@type":"SearchAction","target":{"@type":"EntryPoint","urlTemplate":"https:\/\/pbnlitigation.ie\/ru\/?s={search_term_string}"},"query-input":{"@type":"PropertyValueSpecification","valueRequired":true,"valueName":"search_term_string"}}],"inLanguage":"es"},{"@type":"Organization","@id":"https:\/\/pbnlitigation.ie\/ru\/#organization","name":"PBN Litigation","url":"https:\/\/pbnlitigation.ie\/ru\/","logo":{"@type":"ImageObject","inLanguage":"es","@id":"https:\/\/pbnlitigation.ie\/ru\/#\/schema\/logo\/image\/","url":"https:\/\/pbnlitigation.ie\/wp-content\/uploads\/2023\/11\/PBN-litigation-logox2.png","contentUrl":"https:\/\/pbnlitigation.ie\/wp-content\/uploads\/2023\/11\/PBN-litigation-logox2.png","width":200,"height":200,"caption":"PBN Litigation"},"image":{"@id":"https:\/\/pbnlitigation.ie\/ru\/#\/schema\/logo\/image\/"}}]}},"_links":{"self":[{"href":"https:\/\/pbnlitigation.ie\/es\/wp-json\/wp\/v2\/pages\/1120","targetHints":{"allow":["GET"]}}],"collection":[{"href":"https:\/\/pbnlitigation.ie\/es\/wp-json\/wp\/v2\/pages"}],"about":[{"href":"https:\/\/pbnlitigation.ie\/es\/wp-json\/wp\/v2\/types\/page"}],"author":[{"embeddable":true,"href":"https:\/\/pbnlitigation.ie\/es\/wp-json\/wp\/v2\/users\/2"}],"replies":[{"embeddable":true,"href":"https:\/\/pbnlitigation.ie\/es\/wp-json\/wp\/v2\/comments?post=1120"}],"version-history":[{"count":3,"href":"https:\/\/pbnlitigation.ie\/es\/wp-json\/wp\/v2\/pages\/1120\/revisions"}],"predecessor-version":[{"id":1123,"href":"https:\/\/pbnlitigation.ie\/es\/wp-json\/wp\/v2\/pages\/1120\/revisions\/1123"}],"up":[{"embeddable":true,"href":"https:\/\/pbnlitigation.ie\/es\/wp-json\/wp\/v2\/pages\/1116"}],"wp:attachment":[{"href":"https:\/\/pbnlitigation.ie\/es\/wp-json\/wp\/v2\/media?parent=1120"}],"curies":[{"name":"wp","href":"https:\/\/api.w.org\/{rel}","templated":true}]}}